{"id":19,"date":"2024-05-28T15:42:18","date_gmt":"2024-05-28T15:42:18","guid":{"rendered":"https:\/\/arura.hu\/website2\/?page_id=19"},"modified":"2026-03-16T15:50:09","modified_gmt":"2026-03-16T15:50:09","slug":"altalanos-szerzodesi-feltetelek","status":"publish","type":"page","link":"https:\/\/arura.hu\/website2\/altalanos-szerzodesi-feltetelek\/","title":{"rendered":"\u00c1SZF"},"content":{"rendered":"\t\t<div data-elementor-type=\"wp-page\" data-elementor-id=\"19\" class=\"elementor elementor-19\">\n\t\t\t\t<div class=\"elementor-element elementor-element-39c9e64 e-flex e-con-boxed e-con e-parent\" data-id=\"39c9e64\" data-element_type=\"container\" data-e-type=\"container\">\n\t\t\t\t\t<div class=\"e-con-inner\">\n\t\t\t\t<div class=\"elementor-element elementor-element-25f117f elementor-align-center elementor-widget elementor-widget-button\" data-id=\"25f117f\" data-element_type=\"widget\" data-e-type=\"widget\" data-widget_type=\"button.default\">\n\t\t\t\t<div class=\"elementor-widget-container\">\n\t\t\t\t\t\t\t\t\t<div class=\"elementor-button-wrapper\">\n\t\t\t\t\t<a class=\"elementor-button elementor-button-link elementor-size-sm\" href=\"#adatk\">\n\t\t\t\t\t\t<span class=\"elementor-button-content-wrapper\">\n\t\t\t\t\t\t\t\t\t<span class=\"elementor-button-text\">adatkezel\u00e9si t\u00e1j\u00e9koztat\u00f3<\/span>\n\t\t\t\t\t<\/span>\n\t\t\t\t\t<\/a>\n\t\t\t\t<\/div>\n\t\t\t\t\t\t\t\t<\/div>\n\t\t\t\t<\/div>\n\t\t\t\t\t<\/div>\n\t\t\t\t<\/div>\n\t\t<div class=\"elementor-element elementor-element-e3aa8dd e-flex e-con-boxed e-con e-parent\" data-id=\"e3aa8dd\" data-element_type=\"container\" data-e-type=\"container\">\n\t\t\t\t\t<div class=\"e-con-inner\">\n\t\t\t\t<div class=\"elementor-element elementor-element-38f98b8d elementor-widget elementor-widget-text-editor\" data-id=\"38f98b8d\" data-element_type=\"widget\" data-e-type=\"widget\" data-widget_type=\"text-editor.default\">\n\t\t\t\t<div class=\"elementor-widget-container\">\n\t\t\t\t\t\t\t\t\t\n<div class=\"entry-header\">\n<p><b>\u00c1LTAL\u00c1NOS SZERZ\u0150D\u00c9SI FELT\u00c9TELEK<\/b><\/p>\n<p>Hat\u00e1lyos: 2024.09.15. napt\u00f3l<\/p>\n<p>K\u00e9rj\u00fck, amennyiben az ARURA Ill\u00f3olaj Manufakt\u00fara Kft. term\u00e9keit meg k\u00edv\u00e1nja v\u00e1s\u00e1rolni, figyelmesen olvassa el az \u00c1ltal\u00e1nos Szerz\u0151d\u00e9si Felt\u00e9teleinket \u00e9s kiz\u00e1r\u00f3lag abban az esetben vegye ig\u00e9nybe szolg\u00e1ltat\u00e1sainkat, amennyiben minden pontj\u00e1val egyet\u00e9rt, \u00e9s k\u00f6telez\u0151 \u00e9rv\u00e9ny\u0171nek tekinti mag\u00e1ra n\u00e9zve. Jelen dokumentum kiz\u00e1r\u00f3lag elektronikus form\u00e1ban ker\u00fcl megk\u00f6t\u00e9sre, magatart\u00e1si k\u00f3dexre nem utal.<span class=\"Apple-converted-space\">\u00a0<\/span><\/p>\n<p>A weboldalon bemutatott term\u00e9kekkel kapcsolatos inform\u00e1ci\u00f3kkal, a v\u00e1s\u00e1rl\u00e1s menet\u00e9vel, megrendel\u00e9ssel \u00e9s sz\u00e1ll\u00edt\u00e1si folyamattal kapcsolatosan felmer\u00fcl\u0151 k\u00e9rd\u00e9sek eset\u00e9n a megadott el\u00e9rhet\u0151s\u00e9geinken \u00e1llunk sz\u00edves rendelkez\u00e9s\u00e9re!<span class=\"Apple-converted-space\">\u00a0<\/span><\/p>\n<p><b>1. C\u00c9GINFORM\u00c1CI\u00d3K<span class=\"Apple-converted-space\">\u00a0<\/span><\/b><\/p>\n<p><b>\u00dczemeltet\u0151i adatok<span class=\"Apple-converted-space\">\u00a0<\/span><\/b><\/p>\n<p><b>C\u00e9gn\u00e9v: <\/b>ARURA Ill\u00f3olaj Manufakt\u00fara Kft.<span class=\"Apple-converted-space\">\u00a0<\/span><\/p>\n<p><b>Sz\u00e9khely: <\/b>7900 Szigetv\u00e1r, Sz\u00e9chenyi utca 98-104.<span class=\"Apple-converted-space\">\u00a0<\/span><\/p>\n<p><b>Ad\u00f3sz\u00e1m: <\/b>25489738-1-02<span class=\"Apple-converted-space\">\u00a0<\/span><\/p>\n<p><b>C\u00e9gjegyz\u00e9k sz\u00e1m: <\/b>02 09 082053<span class=\"Apple-converted-space\">\u00a0<\/span><\/p>\n<p><b>Nyilv\u00e1ntart\u00f3 c\u00e9gb\u00edr\u00f3s\u00e1g: <\/b>Baranya Megyei B\u00edr\u00f3s\u00e1g, mint C\u00e9gb\u00edr\u00f3s\u00e1g<span class=\"Apple-converted-space\">\u00a0<\/span><\/p>\n<p><b>Szerz\u0151d\u00e9s nyelve: <\/b>magyar<span class=\"Apple-converted-space\">\u00a0<\/span><\/p>\n<p><b>Sz\u00e1mlasz\u00e1m: <\/b>12072521-01553544-00100002<span class=\"Apple-converted-space\">\u00a0<\/span><\/p>\n<p><b>Elektronikus el\u00e9rhet\u0151s\u00e9g: <\/b><a href=\"mailto:info@arura.hu\">info@arura.hu<\/a><span class=\"Apple-converted-space\">\u00a0<\/span><\/p>\n<p><b>Telefon: <\/b>+36 70 882 7805 (nem emeltd\u00edjas sz\u00e1m; munkanapokon 9-16 \u00f3r\u00e1ig h\u00edvhat\u00f3)<span class=\"Apple-converted-space\">\u00a0<\/span><\/p>\n<p><b>2. FOGALMAK, \u00c9RTELMEZ\u0150 RENDELKEZ\u00c9SEK<\/b><\/p>\n<p><b>Felek:<\/b>\u00a0Elad\u00f3 \u00e9s Vev\u0151 egy\u00fcttesen<\/p>\n<p><b>Fogyaszt\u00f3:\u00a0<\/b>a szakm\u00e1ja, \u00f6n\u00e1ll\u00f3 foglalkoz\u00e1sa vagy \u00fczleti tev\u00e9kenys\u00e9ge k\u00f6r\u00e9n k\u00edv\u00fcl elj\u00e1r\u00f3 term\u00e9szetes szem\u00e9ly.<\/p>\n<p><b>Fogyaszt\u00f3i szerz\u0151d\u00e9s<\/b>:\u00a0olyan szerz\u0151d\u00e9s, melynek egyik alanya fogyaszt\u00f3nak min\u0151s\u00fcl<\/p>\n<p><b>Honlap<\/b>: a jelen weboldal, amely a szerz\u0151d\u00e9s megk\u00f6t\u00e9s\u00e9re szolg\u00e1l<\/p>\n<p><b>J\u00e1rul\u00e9kos szerz\u0151d\u00e9s:\u00a0<\/b>olyan fogyaszt\u00f3i szerz\u0151d\u00e9s, amely t\u00e1vollev\u0151k k\u00f6z\u00f6tt vagy \u00fczlethelyis\u00e9gen k\u00edv\u00fcl k\u00f6t\u00f6tt szerz\u0151d\u00e9shez kapcsol\u00f3d\u00f3 egy\u00e9b term\u00e9k \u00e9rt\u00e9kes\u00edt\u00e9s\u00e9re, vagy szolg\u00e1ltat\u00e1s ny\u00fajt\u00e1s\u00e1ra ir\u00e1nyul, amelyet a v\u00e1llalkoz\u00e1s vagy a v\u00e1llalkoz\u00e1ssal k\u00f6t\u00f6tt meg\u00e1llapod\u00e1s alapj\u00e1n harmadik szem\u00e9ly ny\u00fajt.<\/p>\n<p><b>J\u00f3t\u00e1ll\u00e1s:\u00a0<\/b>a Polg\u00e1ri T\u00f6rv\u00e9nyk\u00f6nyv szerinti, valamint k\u00fcl\u00f6n jogszab\u00e1lyban a fogyaszt\u00f3i szerz\u0151d\u00e9sekre meghat\u00e1rozott k\u00f6telez\u0151 j\u00f3t\u00e1ll\u00e1s.<\/p>\n<p><b>T\u00e1voll\u00e9v\u0151k k\u00f6z\u00f6tt k\u00f6t\u00f6tt szerz\u0151d\u00e9s:\u00a0<\/b>olyan fogyaszt\u00f3i szerz\u0151d\u00e9s, amelyet a szerz\u0151d\u00e9s szerinti term\u00e9k vagy szolg\u00e1ltat\u00e1s ny\u00fajt\u00e1s\u00e1ra szervezett t\u00e1v\u00e9rt\u00e9kes\u00edt\u00e9si rendszer keret\u00e9ben a felek egyidej\u0171 fizikai jelenl\u00e9te n\u00e9lk\u00fcl \u00fagy k\u00f6tnek meg, hogy a szerz\u0151d\u00e9s megk\u00f6t\u00e9se \u00e9rdek\u00e9ben a szerz\u0151d\u0151 felek kiz\u00e1r\u00f3lag t\u00e1voll\u00e9v\u0151k k\u00f6z\u00f6tti kommunik\u00e1ci\u00f3t lehet\u0151v\u00e9 t\u00e9v\u0151 eszk\u00f6zt alkalmaznak.<\/p>\n<p><b>T\u00e1voll\u00e9v\u0151k k\u00f6z\u00f6tti kommunik\u00e1ci\u00f3t lehet\u0151v\u00e9 t\u00e9v\u0151 eszk\u00f6z:\u00a0<\/b>olyan eszk\u00f6z, amely alkalmas a felek t\u00e1voll\u00e9t\u00e9ben \u2013 szerz\u0151d\u00e9s megk\u00f6t\u00e9se \u00e9rdek\u00e9ben \u2013 szerz\u0151d\u00e9si nyilatkozat megt\u00e9tel\u00e9re. Ilyen eszk\u00f6z k\u00fcl\u00f6n\u00f6sen a c\u00edmzett vagy a c\u00edmz\u00e9s n\u00e9lk\u00fcli nyomtatv\u00e1ny, a szabv\u00e1nylev\u00e9l, a sajt\u00f3term\u00e9kben k\u00f6zz\u00e9tett hirdet\u00e9s megrendel\u0151lappal, a katal\u00f3gus, a telefon, a telefax \u00e9s az internetes hozz\u00e1f\u00e9r\u00e9st biztos\u00edt\u00f3 eszk\u00f6z.<\/p>\n<p><b>Term\u00e9k:\u00a0<\/b>ing\u00f3 dolog, kiv\u00e9ve a v\u00e9grehajt\u00e1si elj\u00e1r\u00e1s vagy m\u00e1s hat\u00f3s\u00e1gi int\u00e9zked\u00e9s folyt\u00e1n eladott dolog.<\/p>\n<p><b>V\u00e1llalkoz\u00e1s:\u00a0<\/b>a szakm\u00e1ja, \u00f6n\u00e1ll\u00f3 foglalkoz\u00e1sa vagy \u00fczleti tev\u00e9kenys\u00e9ge k\u00f6r\u00e9ben elj\u00e1r\u00f3 szem\u00e9ly.<\/p>\n<p><b>V\u00e1s\u00e1rl\u00f3\/Vev\u0151<\/b>: Fogyaszt\u00f3 \u00e9s V\u00e1llalkoz\u00e1s \u00f6sszefoglal\u00f3 elnevez\u00e9se.<\/p>\n<p><b>Regisztr\u00e1lt v\u00e1s\u00e1rl\u00f3:<\/b> regisztr\u00e1lt fogyaszt\u00f3<\/p>\n<p><b>Vend\u00e9g: <\/b>nem regisztr\u00e1lt fogyaszt\u00f3<\/p>\n<p><b>3. \u00c1SZF C\u00c9LJA, TARTALMA<span class=\"Apple-converted-space\">\u00a0<\/span><\/b><\/p>\n<p>A jelen \u00c1SZF c\u00e9lja, hogy az Arura Ill\u00f3olaj Manufakt\u00fara Kft. (tov\u00e1bbiakban Arura Kft.\/Szolg\u00e1ltat\u00f3) online \u00e1ruh\u00e1zban t\u00f6rt\u00e9n\u0151 v\u00e1s\u00e1rl\u00e1sra vonatkoz\u00f3 rendelkez\u00e9seket meghat\u00e1rozza.<span class=\"Apple-converted-space\">\u00a0<\/span><\/p>\n<p>A megrendel\u00e9s Vev\u0151 \u00e1ltali elk\u00fcld\u00e9s\u00e9vel \u00e9s annak Elad\u00f3 r\u00e9sz\u00e9r\u0151l t\u00f6rt\u00e9n\u0151 visszaigazol\u00e1s\u00e1val szerz\u0151d\u00e9s j\u00f6n l\u00e9tre az ARURA Ill\u00f3olaj Manufakt\u00fara Kft, mint Elad\u00f3 \u00e9s a megrendel\u0151, mint Vev\u0151 k\u00f6z\u00f6tt. A szerz\u0151d\u00e9s nyelve a magyar. A l\u00e9trej\u00f6tt szerz\u0151d\u00e9s elektronikus \u00faton megk\u00f6t\u00f6tt szerz\u0151d\u00e9snek min\u0151s\u00fcl, amelyre az elektronikus kereskedelmi szolg\u00e1ltat\u00e1sok, valamint az inform\u00e1ci\u00f3s t\u00e1rsadalommal \u00f6sszef\u00fcgg\u0151 szolg\u00e1ltat\u00e1sok egyes k\u00e9rd\u00e9seir\u0151l sz\u00f3l\u00f3 rendeletek rendelkez\u00e9sei az ir\u00e1nyad\u00f3ak k\u00fcl\u00f6n\u00f6s tekintettel<\/p>\n<p>&#8211; AZ EUR\u00d3PAI PARLAMENT \u00c9S A TAN\u00c1CS (EU) 2018\/302 RENDELETE (2018. febru\u00e1r 28.) a bels\u0151 piacon bel\u00fcl a vev\u0151 \u00e1llampolg\u00e1rs\u00e1ga, lak\u00f3helye vagy leteleped\u00e9si helye alapj\u00e1n t\u00f6rt\u00e9n\u0151 indokolatlan ter\u00fcleti alap\u00fa tartalomkorl\u00e1toz\u00e1ssal \u00e9s a megk\u00fcl\u00f6nb\u00f6ztet\u00e9s egy\u00e9b form\u00e1ival szembeni fell\u00e9p\u00e9sr\u0151l, valamint a 2006\/2004\/EK \u00e9s az (EU) 2017\/2394 rendelet, tov\u00e1bb\u00e1 a 2009\/22\/EK ir\u00e1nyelv m\u00f3dos\u00edt\u00e1s\u00e1r\u00f3l,<\/p>\n<p>&#8211; a Polg\u00e1ri T\u00f6rv\u00e9nyk\u00f6nyvr\u0151l sz\u00f3l\u00f3 2013. \u00e9vi V. t\u00f6rv\u00e9nyre\u00a0(a tov\u00e1bbiakban: Ptk.),<\/p>\n<p>&#8211; a kereskedelemr\u0151l sz\u00f3l\u00f3 2005. \u00e9vi CLXIV. t\u00f6rv\u00e9nyre,<\/p>\n<p>&#8211; a fogyaszt\u00f3v\u00e9delemr\u0151l sz\u00f3l\u00f3 1997. \u00e9vi CLV. t\u00f6rv\u00e9nyre,<\/p>\n<p>&#8211; a fogyaszt\u00f3 \u00e9s a v\u00e1llalkoz\u00e1s k\u00f6z\u00f6tti szerz\u0151d\u00e9sek r\u00e9szletes szab\u00e1lyair\u00f3l sz\u00f3l\u00f3 45\/2014. (II. 26.) Korm. rendeletre,<\/p>\n<p>&#8211; az elektronikus kereskedelmi szolg\u00e1ltat\u00e1sok, valamint az inform\u00e1ci\u00f3s t\u00e1rsadalommal \u00f6sszef\u00fcgg\u0151 szolg\u00e1ltat\u00e1sok egyes k\u00e9rd\u00e9seir\u0151l sz\u00f3l\u00f3 2001. \u00e9vi CVIII. t\u00f6rv\u00e9nyre,<\/p>\n<p>&#8211; a gazdas\u00e1gi rekl\u00e1mtev\u00e9kenys\u00e9g alapvet\u0151 felt\u00e9teleir\u0151l \u00e9s egyes korl\u00e1tair\u00f3l sz\u00f3l\u00f3 2008. \u00e9vi XLVIII. t\u00f6rv\u00e9nyre,<\/p>\n<p>&#8211; a fogyaszt\u00f3 \u00e9s v\u00e1llalkoz\u00e1s k\u00f6z\u00f6tti szerz\u0151d\u00e9s keret\u00e9ben eladott dolgokra vonatkoz\u00f3 szavatoss\u00e1gi \u00e9s j\u00f3t\u00e1ll\u00e1si ig\u00e9nyek int\u00e9z\u00e9s\u00e9nek elj\u00e1r\u00e1si szab\u00e1lyair\u00f3l sz\u00f3l\u00f3 19\/2014. (IV. 29.) NGM rendeletre,<\/p>\n<p>&#8211; a fogyaszt\u00f3 \u00e9s v\u00e1llalkoz\u00e1s k\u00f6z\u00f6tti, az \u00e1ruk ad\u00e1sv\u00e9tel\u00e9re, valamint a digit\u00e1lis tartalom szolg\u00e1ltat\u00e1s\u00e1ra \u00e9s digit\u00e1lis szolg\u00e1ltat\u00e1sok ny\u00fajt\u00e1s\u00e1ra ir\u00e1nyul\u00f3 szerz\u0151d\u00e9sek r\u00e9szletes szab\u00e1lyair\u00f3l sz\u00f3l\u00f3 373\/2021. (VI. 30.) Korm. rendeletre<\/p>\n<p>Jelen \u00e1ltal\u00e1nos szerz\u0151d\u00e9si \u00e9s felhaszn\u00e1l\u00f3i felt\u00e9telekben (a tov\u00e1bbiakban: szerz\u0151d\u00e9si felt\u00e9telek vagy \u00c1SZF) eml\u00edtett id\u0151pontok, id\u0151intervallum megjel\u00f6l\u00e9sek a k\u00f6z\u00e9p-eur\u00f3pai id\u0151 (CET\/UTC+1) szerint \u00e9rtend\u0151k.<\/p>\n<p>A jelen szerz\u0151d\u00e9si felt\u00e9telekben eml\u00edtett munkanapok,\u00a0munkasz\u00fcneti- \u00e9s \u00fcnnepnapok alatt a magyar jog szerinti munkanapokat, munkasz\u00fcneti- \u00e9s \u00fcnnepnapokat\u00a0kell \u00e9rteni.<\/p>\n<p>A szerz\u0151d\u00e9s r\u00e1utal\u00f3 magatart\u00e1s \u00fatj\u00e1n ker\u00fcl megk\u00f6t\u00e9sre. Az elektronikus \u00faton l\u00e9trej\u00f6tt szerz\u0151d\u00e9s \u00edr\u00e1sbeli szerz\u0151d\u00e9snek min\u0151s\u00fcl, tartalma archiv\u00e1l\u00e1sra ker\u00fcl \u00e9s ut\u00f3lagosan hozz\u00e1f\u00e9rhet\u0151, a Vev\u0151 sz\u00e1m\u00e1ra is visszakereshet\u0151.<span class=\"Apple-converted-space\">\u00a0<\/span><\/p>\n<p>V\u00e1s\u00e1rl\u00f3ink el\u0151zetes t\u00e1j\u00e9koztat\u00e1sa mellett az ARURA Ill\u00f3olaj Manufakt\u00fara Kft. jogosult a jelen \u00c1SZF-et egyoldal\u00faan is m\u00f3dos\u00edtani. A m\u00f3dos\u00edtott rendelkez\u00e9sek a m\u00f3dos\u00edt\u00e1sokat k\u00f6vet\u0151 megrendel\u00e9sekre vonatkoz\u00f3an v\u00e1lnak hat\u00e1lyoss\u00e1. A honlapon v\u00e1s\u00e1rl\u00f3ink el\u0151zetes figyelmeztet\u00e9se n\u00e9lk\u00fcl jogosultak vagyunk b\u00e1rmikor, b\u00e1rmilyen tartalm\u00fa v\u00e1ltoztat\u00e1st vagy jav\u00edt\u00e1st eszk\u00f6z\u00f6lni, tov\u00e1bb\u00e1 fenntartjuk a jogot, hogy a honlapot \u2013 amennyiben lehets\u00e9ges, navig\u00e1ci\u00f3s link k\u00f6zbeiktat\u00e1s\u00e1val \u2013 m\u00e1s domainn\u00e9v al\u00e1 helyezz\u00fck \u00e1t. Az \u00c1SZF m\u00f3dos\u00edt\u00e1sr\u00f3l az Arura Kft. weboldalon kereszt\u00fcl \u00e9rtes\u00edti a V\u00e1s\u00e1rl\u00f3t.<\/p>\n<p>Az Elad\u00f3 k\u00f6teles a Vev\u0151 \u00e1ltal megrendelt \u00e9s az Elad\u00f3 \u00e1ltal visszaigazolt term\u00e9keket a megrendel\u0151lapon megjel\u00f6lt magyarorsz\u00e1gi sz\u00e1ll\u00edt\u00e1si c\u00edmre eljuttatni a megadott sz\u00e1ll\u00edt\u00e1si hat\u00e1rid\u0151n bel\u00fcl. Ha a megrendelt term\u00e9k nem \u00e1ll rendelkez\u00e9sre, az Elad\u00f3 a Vev\u0151t err\u0151l halad\u00e9ktalanul t\u00e1j\u00e9koztatja \u00e9s az esetlegesen el\u0151re kifizetett ellen\u00e9rt\u00e9ket visszautalja a Vev\u0151 r\u00e9sz\u00e9re, a t\u00e1j\u00e9koztat\u00e1st k\u00f6vet\u0151en legk\u00e9s\u0151bb 10 napon bel\u00fcl.<span class=\"Apple-converted-space\">\u00a0<\/span><\/p>\n<p>Elad\u00f3 a megrendel\u00e9s meg\u00e9rkez\u00e9s\u00e9t elektronikus \u00faton k\u00e9sedelem n\u00e9lk\u00fcl k\u00f6teles visszaigazolni. Ha a visszaigazol\u00e1s nem \u00e9rkezik meg Felhaszn\u00e1l\u00f3hoz 48 \u00f3r\u00e1n bel\u00fcl, akkor Felhaszn\u00e1l\u00f3 mentes\u00fcl az aj\u00e1nlati k\u00f6t\u00f6tts\u00e9g al\u00f3l.<\/p>\n<p>Felhaszn\u00e1l\u00f3 a megrendel\u00e9s elk\u00fcld\u00e9se el\u0151tt a megrendel\u00e9s l\u00e9p\u00e9sei sor\u00e1n t\u00e1j\u00e9koztat\u00e1st kap az aktu\u00e1lis fuvaroz\u00e1si d\u00edjakr\u00f3l \u00e9s esetleges fuvaroz\u00e1si korl\u00e1toz\u00e1sokr\u00f3l, valamint a lehets\u00e9ges fizet\u00e9si m\u00f3dokr\u00f3l.<\/p>\n<p>A\u00a0szerz\u0151d\u00e9si felt\u00e9teleket \u00e9s a jogszer\u0171 t\u00e1j\u00e9koztat\u00e1shoz sz\u00fcks\u00e9ges dokumentumokat Felhaszn\u00e1l\u00f3 a megrendel\u00e9s\u00e9nek e-mail \u00fatj\u00e1n t\u00f6rt\u00e9n\u0151 visszaigazol\u00e1s\u00e1hoz csatolt dokumentumk\u00e9nt megkapja, a megrendel\u00e9s\u00e9nek be\u00e9rkez\u00e9sekor aktu\u00e1lis tartalommal. Ezen fel\u00fcl a szerz\u0151d\u00e9si felt\u00e9teleket \u00e9s t\u00e1j\u00e9koztat\u00f3kat Felhaszn\u00e1l\u00f3 a webhelyr\u0151l menthet\u0151 form\u00e1tumban let\u00f6ltheti \u00e9s\/vagy kinyomtathatja, valamint az aktu\u00e1lis \u00e1llapot\u00e1ban mindig el\u00e9rhet\u0151 a webhelyen.<\/p>\n<p>Vev\u0151 k\u00f6teles az \u00e1ltala megjel\u00f6lt c\u00edmre kisz\u00e1ll\u00edtott term\u00e9keket \u00e1tvenni. Amennyiben a rendel\u00e9s ellen\u00e9rt\u00e9ke el\u0151re \u00e1tutal\u00e1s eset\u00e9n 10 napon bel\u00fcl nem \u00e9rkezik meg az Elad\u00f3 \u00e1ltal megadott sz\u00e1mlasz\u00e1mra, az Elad\u00f3 jogosult a megrendel\u00e9s t\u00f6rl\u00e9s\u00e9re.<span class=\"Apple-converted-space\">\u00a0<\/span><\/p>\n<p><b>4. MEGV\u00c1S\u00c1ROLHAT\u00d3 TERM\u00c9KEK, SZOLG\u00c1LTAT\u00c1SOK K\u00d6RE, FOGYASZT\u00d3I \u00c1RAK<span class=\"Apple-converted-space\">\u00a0<\/span><\/b><\/p>\n<p>Az ARURA Ill\u00f3olaj Manufakt\u00fara Kft., mint Elad\u00f3 megv\u00e1s\u00e1rolhat\u00f3 term\u00e9keit (aromater\u00e1pi\u00e1s alapanyagok: ill\u00f3olajok, hidrol\u00e1tumok valamint egy\u00e9b aromater\u00e1pi\u00e1s term\u00e9kek) \u00e9s azok l\u00e9nyeges tulajdons\u00e1gait a www.arura.hu weboldalon teszi k\u00f6zz\u00e9.<span class=\"Apple-converted-space\">\u00a0<\/span><\/p>\n<p>A term\u00e9kek adatlapj\u00e1n megjelen\u00edtett k\u00e9pek elt\u00e9rhetnek a val\u00f3s\u00e1gost\u00f3l, bizonyos esetekben illusztr\u00e1ci\u00f3k\u00e9nt szerepelnek.<span class=\"Apple-converted-space\">\u00a0<\/span><\/p>\n<p>Fontos tudnival\u00f3k a Vev\u0151 r\u00e9sz\u00e9re:<span class=\"Apple-converted-space\">\u00a0<\/span><\/p>\n<p>&#8211; A term\u00e9kek le\u00edr\u00e1s\u00e1ban felt\u00fcntetett v\u00e1s\u00e1rl\u00f3i t\u00e1j\u00e9koztat\u00f3t(Figyelmeztet\u00e9sek, Ellenjavallatok) haszn\u00e1lat el\u0151tt figyelmesen olvassa el!<span class=\"Apple-converted-space\">\u00a0<\/span><\/p>\n<p>&#8211; Az ill\u00f3olajok egyes \u00f6sszetev\u0151i az arra \u00e9rz\u00e9keny szem\u00e9lyekn\u00e9l allergi\u00e1s t\u00fcneteket v\u00e1lthatnak ki, ez\u00e9rt az els\u0151 haszn\u00e1lat el\u0151tt v\u00e9gezzen allergiatesztet a term\u00e9kekn\u00e9l felt\u00fcntetett t\u00e1j\u00e9koztat\u00f3 szerint!<span class=\"Apple-converted-space\">\u00a0<\/span><\/p>\n<p>&#8211; Az ill\u00f3olajat ne haszn\u00e1lja h\u00edg\u00edtatlanul a b\u0151r\u00e9n!<span class=\"Apple-converted-space\">\u00a0<\/span><\/p>\n<p>&#8211; V\u00e1rand\u00f3ss\u00e1g \u00e9s szoptat\u00e1s alatt, 3 \u00e9ves kor alatti kisgyermekekn\u00e9l, id\u0151s, legyeng\u00fclt szervezet\u0171ekn\u00e9l valamint v\u00e9rnyom\u00e1sprobl\u00e9m\u00e1k, b\u00e1rmilyen eg\u00e9szs\u00e9g\u00fcgyi rendelleness\u00e9g eset\u00e9ben t\u00f6rt\u00e9n\u0151 alkalmaz\u00e1s eset\u00e9n k\u00e9rje ki orvosa vagy szakk\u00e9pzett aromaterapeuta v\u00e9lem\u00e9ny\u00e9t!<span class=\"Apple-converted-space\">\u00a0<\/span><\/p>\n<p>&#8211; Gyermekek el\u0151l gondosan z\u00e1rja el az ill\u00f3olajokat, aromavizeket!<span class=\"Apple-converted-space\">\u00a0<\/span><\/p>\n<p>&#8211; Az ill\u00f3olajokat, aromavizeket t\u00e1rolja f\u00e9nyt\u0151l v\u00e9dett, h\u0171v\u00f6s helyen, eredeti csomagol\u00e1sban!<span class=\"Apple-converted-space\">\u00a0<\/span><\/p>\n<p>Fogyaszt\u00f3i \u00e1rak:<\/p>\n<p>A term\u00e9kek \u00e1ra forintban \u00e9rtend\u0151.<span class=\"Apple-converted-space\">\u00a0<\/span><\/p>\n<p>A term\u00e9kek \u00e1ra \u2013 ha nincs m\u00e1sk\u00e9nt jelezve \u2013 1 db-ra vonatkozik m\u00e9g akkor is, ha az illusztr\u00e1ci\u00f3ul szolg\u00e1l\u00f3 k\u00e9pen a term\u00e9kb\u0151l t\u00f6bb darab l\u00e1that\u00f3.<span class=\"Apple-converted-space\">\u00a0<\/span><\/p>\n<p>A term\u00e9kekre vonatkoz\u00f3an megjelen\u00edtett \u00e1rak nem tartalmaznak \u00e1f\u00e1t, mivel az Arura Kft. jelenleg alanyi ad\u00f3mentes ad\u00f3z\u00f3, \u00e9s nem tartalmazz\u00e1k a h\u00e1zhoz sz\u00e1ll\u00edt\u00e1s d\u00edj\u00e1t.<span class=\"Apple-converted-space\">\u00a0<\/span><\/p>\n<p>K\u00fcl\u00f6n csomagol\u00e1si k\u00f6lts\u00e9g nem ker\u00fcl felsz\u00e1m\u00edt\u00e1sra!<span class=\"Apple-converted-space\">\u00a0<\/span><\/p>\n<p>Mindenkor fenntartjuk a jogot arra, hogy a honlapon szerepl\u0151 megv\u00e1s\u00e1rolhat\u00f3 term\u00e9kek \u00e1r\u00e1t saj\u00e1t d\u00f6nt\u00e9s\u00fcnk alapj\u00e1n megv\u00e1ltoztassuk, m\u00f3dos\u00edtsuk, ez azonban nem \u00e9rinti a m\u00e1r leadott megrendel\u00e9sben szerepl\u0151 term\u00e9kek \u00e1r\u00e1t.<span class=\"Apple-converted-space\">\u00a0<\/span><\/p>\n<p>Amennyiben az Arura Kft. a t\u0151le elv\u00e1rhat\u00f3 gondos elj\u00e1r\u00e1s ellen\u00e9re is hib\u00e1s v\u00e9tel\u00e1rat t\u00fcntet fel, k\u00fcl\u00f6n\u00f6sen, ha az nyilv\u00e1nval\u00f3an t\u00e9ves, akkor Arura Kft. nem k\u00f6teles a term\u00e9ket a hib\u00e1san megjel\u00f6lt \u00e1ron \u00e9rt\u00e9kes\u00edteni.<span class=\"Apple-converted-space\">\u00a0<\/span><\/p>\n<p>Nyilv\u00e1nval\u00f3an hib\u00e1san felt\u00fcntetett \u00e1rnak min\u0151s\u00fcl:<\/p>\n<ul>\n<li>pl. 0 Ft-os \u00e1r,<\/li>\n<li>pl. a kedvezm\u00e9nnyel cs\u00f6kkentett, de a kedvezm\u00e9nyt t\u00e9vesen felt\u00fcntet\u0151 \u00e1r (pl.: 2000 Ft-os term\u00e9k eset\u00e9n a 20 %-os kedvezm\u00e9ny felt\u00fcntet\u00e9se mellett 500 Ft-\u00e9rt k\u00edn\u00e1lt term\u00e9k).<\/li>\n<\/ul>\n<p>Hib\u00e1s \u00e1r felt\u00fcntet\u00e9se eset\u00e9n Elad\u00f3 felaj\u00e1nlja a term\u00e9k val\u00f3s \u00e1ron t\u00f6rt\u00e9n\u0151 megv\u00e1s\u00e1rl\u00e1s\u00e1nak lehet\u0151s\u00e9g\u00e9t, mely inform\u00e1ci\u00f3 birtok\u00e1ban a V\u00e1s\u00e1rl\u00f3 eld\u00f6ntheti, hogy megrendeli val\u00f3s \u00e1ron a term\u00e9ket vagy minden h\u00e1tr\u00e1nyos jogk\u00f6vetkezm\u00e9ny n\u00e9lk\u00fcl lemondja a megrendel\u00e9st.<\/p>\n<p><b>5. RENDEL\u00c9SI INFORM\u00c1CI\u00d3K<span class=\"Apple-converted-space\">\u00a0<\/span><\/b><\/p>\n<p>A megrendel\u00e9sek feldolgoz\u00e1sa munkanapokon 8 \u00e9s 15 \u00f3ra k\u00f6z\u00f6tt t\u00f6rt\u00e9nik. Amennyiben a megrendel\u00e9s munkaid\u0151n t\u00fal \u00e9rkezik, \u00fagy a rendel\u00e9st az azt k\u00f6vet\u0151 munkanapon dolgozzuk fel.<span class=\"Apple-converted-space\">\u00a0<\/span><\/p>\n<p>Rendel\u00e9s lead\u00e1s\u00e1ra a nap 24 \u00f3r\u00e1j\u00e1ban lehet\u0151s\u00e9g van.<span class=\"Apple-converted-space\">\u00a0<\/span><\/p>\n<p>\u00c1ltal\u00e1nos teljes\u00edt\u00e9si hat\u00e1rid\u0151 a megrendel\u00e9st\u0151l, illetve el\u0151re \u00e1tutal\u00e1s eset\u00e9n a sz\u00e1mla ellen\u00e9rt\u00e9k\u00e9nek be\u00e9rkez\u00e9s\u00e9t\u0151l sz\u00e1m\u00edtott 3-5 munkanap. Minden esetben a lehet\u0151 leggyorsabb teljes\u00edt\u00e9sre t\u00f6reksz\u00fcnk.<span class=\"Apple-converted-space\">\u00a0<\/span><\/p>\n<p>Mivel a manufakt\u00far\u00e1nkban el\u0151\u00e1ll\u00edtott term\u00e9kek mennyis\u00e9ge a rendelkez\u00e9s\u00fcnkre \u00e1ll\u00f3 alapanyag mennyis\u00e9g\u00e9t\u0151l f\u00fcgg, el\u0151fordulhat, hogy egy-egy term\u00e9k id\u0151legesen elfogy. Ilyen esetekben fenntartjuk magunknak a jogot a megrendel\u00e9sek r\u00e9szben vagy teljes eg\u00e9szben t\u00f6rt\u00e9n\u0151 visszautas\u00edt\u00e1s\u00e1ra. R\u00e9szben t\u00f6rt\u00e9n\u0151 teljes\u00edt\u00e9sre kiz\u00e1r\u00f3lag a megrendel\u0151vel t\u00f6rt\u00e9n\u0151 el\u0151zetes egyeztet\u00e9st k\u00f6vet\u0151en ker\u00fclhet sor.<span class=\"Apple-converted-space\">\u00a0<\/span><\/p>\n<p><b>6. RENDEL\u00c9S MENETE<span class=\"Apple-converted-space\">\u00a0<\/span><\/b><\/p>\n<p>MEGRENDEL\u00c9S<\/p>\n<p>V\u00e1s\u00e1rl\u00f3 a web\u00e1ruh\u00e1z term\u00e9kek adatait tartalmaz\u00f3 oldalain ismerheti meg a term\u00e9kek l\u00e9nyeges tulajdons\u00e1gait.<span class=\"Apple-converted-space\">\u00a0<\/span><\/p>\n<p>Ha a megrendel\u00e9s el\u0151tt a term\u00e9kkel kapcsolatban k\u00e9rd\u00e9s mer\u00fclne fel, Szolg\u00e1ltat\u00f3 \u00fcgyf\u00e9lszolg\u00e1lata k\u00e9szs\u00e9ggel \u00e1ll Felhaszn\u00e1l\u00f3 rendelkez\u00e9s\u00e9re (el\u00e9rhet\u0151s\u00e9gek: fentebb).<\/p>\n<p>A megv\u00e1s\u00e1rolni k\u00edv\u00e1nt term\u00e9keket helyezze a kos\u00e1rba, ez a term\u00e9koldalon a kiszerel\u00e9s kiv\u00e1laszt\u00e1s\u00e1t k\u00f6vet\u0151en, a \u201eKos\u00e1rba teszem\u201d ikonra t\u00f6rt\u00e9n\u0151 kattint\u00e1ssal lehets\u00e9ges. Alap\u00e9rtelmez\u00e9sben a kiv\u00e1lasztott term\u00e9kb\u0151l 1 azaz egy darab ker\u00fcl a kos\u00e1rba. Ha enn\u00e9l t\u00f6bbet szeretne egy-egy term\u00e9kb\u0151l v\u00e1s\u00e1rolni, akkor a term\u00e9koldalon vagy a kos\u00e1ron bel\u00fcl a term\u00e9kn\u00e9l<span class=\"Apple-converted-space\">\u00a0 <\/span>\u00edrja \u00e1t a sz\u00e1mot a k\u00edv\u00e1nt mennyis\u00e9gre.<\/p>\n<p>Ha k\u00f6zben meggondolta mag\u00e1t vagy csak v\u00e9letlen\u00fcl tett be egy term\u00e9ket a kos\u00e1rba, ugyanitt lehet\u0151s\u00e9ge van a kos\u00e1rb\u00f3l val\u00f3 kiv\u00e9telre is, a term\u00e9k mellett tal\u00e1lhat\u00f3 \u201ex\u201d jelre t\u00f6rt\u00e9n\u0151 kattint\u00e1ssal.<\/p>\n<p>Ezt k\u00f6vet\u0151en a \u201etov\u00e1bb a p\u00e9nzt\u00e1rhoz\u201d felirat\u00fa gombra kattint\u00e1ssal a sz\u00e1ll\u00edt\u00e1si, valamint fizet\u00e9si m\u00f3d kiv\u00e1laszt\u00e1sa sz\u00fcks\u00e9ges.<\/p>\n<p>Amennyiben a sz\u00e1ll\u00edt\u00e1si c\u00edm elt\u00e9r a sz\u00e1ml\u00e1z\u00e1si c\u00edmt\u0151l, \u00faj c\u00edmet adhat meg. A sikeres k\u00e9zbes\u00edt\u00e9shez sz\u00fcks\u00e9ges, hogy a megadott post\u00e1z\u00e1si c\u00edmen pontosan beazonos\u00edthat\u00f3 legyen milyen n\u00e9ven kit kell keresnie a fut\u00e1rnak a csomaggal.<\/p>\n<p>A Rendel\u00e9s tartalm\u00e1nak \u00e1ttekint\u00e9sekor lehet\u0151s\u00e9ge van a sz\u00e1ll\u00edt\u00e1si m\u00f3d kiv\u00e1laszt\u00e1s\u00e1ra, megv\u00e1ltoztat\u00e1s\u00e1ra.<\/p>\n<p>K\u00f6vetkez\u0151 l\u00e9p\u00e9s a Fizet\u00e9s m\u00f3dj\u00e1nak kiv\u00e1laszt\u00e1sa, majd a \u201eMegrendel\u00e9s\u201d gombra kattintva a v\u00e1s\u00e1rl\u00e1s v\u00e9gleges\u00edt\u00e9se.<\/p>\n<p>A megrendel\u00e9s v\u00e9gleges\u00edt\u00e9se el\u0151tt nyilatkoznia kell az \u00c1ltal\u00e1nos Szerz\u0151d\u00e9si Felt\u00e9telek elfogad\u00e1s\u00e1r\u00f3l, mely a v\u00e1s\u00e1rl\u00e1s felt\u00e9tele. Amennyiben nem fogadja el az \u00c1SZF rendelkez\u00e9seit \u00e9s a megrendel\u00e9sb\u0151l ered\u0151 k\u00f6lts\u00e9geket, a szerz\u0151d\u00e9s nem j\u00f6n l\u00e9tre.<span class=\"Apple-converted-space\">\u00a0<\/span><\/p>\n<p>Megrendel\u00e9s\u00e9nek \u00f6sszegz\u00e9se ut\u00e1n az Arura Kft. minden esetben a V\u00e1s\u00e1rl\u00f3 \u00e1ltal megadott e-mail c\u00edmre visszaigazol\u00f3 e-mailt k\u00fcld.<span class=\"Apple-converted-space\">\u00a0<\/span><\/p>\n<p>A visszaigazol\u00f3 e-mail tartalmazza a megrendel\u00e9s sz\u00e1m\u00e1t, amely a k\u00e9s\u0151bbi \u00fcgyint\u00e9z\u00e9st seg\u00edtheti.<\/p>\n<p>Amennyiben a visszaigazol\u00e1s a V\u00e1s\u00e1rl\u00f3 megrendel\u00e9s\u00e9t\u0151l sz\u00e1m\u00edtott 3 (h\u00e1rom) munkanapon bel\u00fcl a V\u00e1s\u00e1rl\u00f3 r\u00e9sz\u00e9re nem \u00e9rkezik meg, \u00fagy a V\u00e1s\u00e1rl\u00f3 v\u00e1s\u00e1rl\u00e1si k\u00f6telezetts\u00e9ge minden tov\u00e1bbi felt\u00e9tel n\u00e9lk\u00fcl megsz\u0171nik.\u00a0<\/p>\n<p>Arura Kft.\u00a0a megrendel\u00e9s teljes\u00edt\u00e9s\u00e9re csak abban az esetben k\u00f6teles, ha a megrendel\u00e9st visszaigazolta. A szerz\u0151d\u00e9s, a visszaigazol\u00e1s V\u00e1s\u00e1rl\u00f3 r\u00e9sz\u00e9re t\u00f6rt\u00e9n\u0151 meg\u00e9rkez\u00e9s\u00e9vel j\u00f6n l\u00e9tre.\u00a0A V\u00e1s\u00e1rl\u00f3 r\u00e9sz\u00e9re a visszaigazol\u00e1s akkor tekintend\u0151 meg\u00e9rkezettnek, amikor a visszaigazol\u00e1st tartalmaz\u00f3 e-mail a V\u00e1s\u00e1rl\u00f3 sz\u00e1m\u00e1ra hozz\u00e1f\u00e9rhet\u0151v\u00e9 v\u00e1lik.\u00a0<\/p>\n<p>A szerz\u0151d\u00e9s l\u00e9trej\u00f6tt\u00e9vel az Arura Kft. k\u00f6teles a term\u00e9kek kisz\u00e1ll\u00edt\u00e1s\u00e1ra valamint a V\u00e1s\u00e1rl\u00f3 k\u00f6teles a term\u00e9kek v\u00e9tel\u00e1r\u00e1nak a megfizet\u00e9s\u00e9re.<\/p>\n<p>Ha Felhaszn\u00e1l\u00f3 a megrendel\u00e9s teljes\u00edt\u00e9s\u00e9hez sz\u00fcks\u00e9ges adatainak t\u00f6rl\u00e9s\u00e9t k\u00e9ri, vagy azok ilyen c\u00e9l\u00fa felhaszn\u00e1l\u00e1sa ellen tiltakozik, abban az esetben Szolg\u00e1ltat\u00f3 nyilatkoztatja a megrendel\u00e9st\u0151l val\u00f3 el\u00e1ll\u00e1si sz\u00e1nd\u00e9k\u00e1r\u00f3l.<\/p>\n<p>Fontos!<span class=\"Apple-converted-space\">\u00a0<\/span><\/p>\n<p>Amennyiben a visszaigazol\u00f3 e-mailben b\u00e1rmilyen hib\u00e1t (t\u00f6bb term\u00e9k rendel\u00e9se, hib\u00e1s sz\u00e1ll\u00edt\u00e1si c\u00edm, rossz term\u00e9k megrendel\u00e9s stb.) vesz \u00e9szre, k\u00e9rj\u00fck, hogy halad\u00e9ktalanul vegye fel vel\u00fcnk a kapcsolatot annak \u00e9rdek\u00e9ben, hogy ne ker\u00fclhessen sor nem k\u00edv\u00e1nt rendel\u00e9s teljes\u00edt\u00e9s\u00e9re!<span class=\"Apple-converted-space\">\u00a0<\/span><\/p>\n<p><b>7. FIZET\u00c9SI INFORM\u00c1CI\u00d3K<span class=\"Apple-converted-space\">\u00a0<\/span><\/b><\/p>\n<p>Lehets\u00e9ges fizet\u00e9si m\u00f3dok:<\/p>\n<p><b>7.1. Banki \u00e1tutal\u00e1ssal t\u00f6rt\u00e9n\u0151 el\u0151re fizet\u00e9s:<\/b><\/p>\n<p>A megrendel\u00e9s elk\u00fcld\u00e9s\u00e9nek folyamat\u00e1ban V\u00e1s\u00e1rl\u00f3 kiv\u00e1laszthatja ezt a fizet\u00e9si m\u00f3dot. Az \u00e1tutal\u00e1s teljes\u00edt\u00e9s\u00e9hez sz\u00fcks\u00e9ges adatokat a megrendel\u00e9s be\u00e9rkez\u00e9s\u00e9t visszaigazol\u00f3 e-mail tartalmazza.\u00a0<\/p>\n<p>Ez a fizet\u00e9si m\u00f3d a v\u00e1lasztott k\u00e9zbes\u00edt\u00e9si m\u00f3dt\u00f3l f\u00fcggetlen\u00fcl vehet\u0151 ig\u00e9nybe.<\/p>\n<p><b>7.2. Online bankk\u00e1rty\u00e1s el\u0151re fizet\u00e9s:<\/b><\/p>\n<p>A megrendel\u00e9s elk\u00fcld\u00e9s\u00e9nek folyamat\u00e1ban V\u00e1s\u00e1rl\u00f3 \u00e1ltal kiv\u00e1lasztott, online fizet\u00e9si szolg\u00e1ltat\u00f3 szolg\u00e1ltat\u00e1s\u00e1val t\u00f6rt\u00e9n\u0151 el\u0151re fizet\u00e9s.<\/p>\n<p>Az online bankk\u00e1rty\u00e1s \u00e9s egy\u00e9b fizet\u00e9si m\u00f3dok a Stripe rendszer\u00e9n kereszt\u00fcl val\u00f3sulnak meg. <br \/>A Stripe a\u00a0vil\u00e1g egyik vezet\u0151\u00a0fizet\u00e9si port\u00e1lja, egy technol\u00f3giai v\u00e1llalat, amely gazdas\u00e1gi infrastrukt\u00far\u00e1t \u00e9p\u00edt az internet sz\u00e1m\u00e1ra. Seg\u00edts\u00e9g\u00e9vel minden m\u00e9ret\u0171 v\u00e1llalkoz\u00e1s &#8211; az \u00fajonnan indul\u00f3 v\u00e1llalkoz\u00e1sokt\u00f3l az \u00e1llami v\u00e1llalatokig &#8211; fizet\u00e9seket fogadhatnak el, \u00e9s online ir\u00e1ny\u00edthatj\u00e1k v\u00e1llalkoz\u00e1saikat. A Stripe a\u00a0legmagasabb megfelel\u00e9si szabv\u00e1nyok szerint tan\u00fas\u00edtott, 99.99% feletti rendelkez\u00e9sre \u00e1ll\u00e1si id\u0151vel m\u0171k\u00f6dik.<span class=\"Apple-converted-space\">\u00a0<\/span><\/p>\n<p>Tov\u00e1bbi inform\u00e1ci\u00f3k a Stripe-r\u00f3l (angol nyelv\u0171 oldal):\u00a0\u00a0<a href=\"https:\/\/stripe.com\/en-hu\">stripe.com<\/a><br \/><a href=\"https:\/\/stripe.com\/en-hu\/privacy\">Stripe adatv\u00e9delem, nyilatkozatok, szab\u00e1lyzatok<\/a><\/p>\n<p><a href=\"https:\/\/stripe.com\/en-hu\/payments\/features#payment-options\">https:\/\/stripe.com\/en-hu\/payments\/features#payment-options<\/a><\/p>\n<p>A bankk\u00e1rty\u00e1val t\u00f6rt\u00e9n\u0151 fizet\u00e9s sor\u00e1n a fizet\u00e9shez haszn\u00e1lt bankk\u00e1rtya adatait Felhaszn\u00e1l\u00f3 k\u00f6zvetlen\u00fcl \u00e9s kiz\u00e1r\u00f3lag a fenti szolg\u00e1ltat\u00f3 r\u00e9sz\u00e9re adja meg, mivel a fizet\u00e9s folyamat\u00e1ban \u00e1tir\u00e1ny\u00edt\u00e1sra ker\u00fcl annak weboldal\u00e1ra. Az online bankk\u00e1rty\u00e1s fizet\u00e9st biztos\u00edt\u00f3 szolg\u00e1ltat\u00f3 nem osztja meg a bankk\u00e1rtya adatokat a Szolg\u00e1ltat\u00f3val.<\/p>\n<p>Az online fizet\u00e9s tov\u00e1bbi felt\u00e9teleir\u0151l a fizet\u00e9si szolg\u00e1ltat\u00f3 szerz\u0151d\u00e9si felt\u00e9telei rendelkeznek, melyeket megismerhet Felhaszn\u00e1l\u00f3 a kifizet\u00e9st megel\u0151z\u0151en a fizet\u00e9si szolg\u00e1ltat\u00f3 fel\u00fclet\u00e9n, ahov\u00e1 a megrendel\u00e9s folyamat\u00e1ban \u00e1tir\u00e1ny\u00edt\u00e1sra ker\u00fcl.<\/p>\n<p>Ez a fizet\u00e9si m\u00f3d a v\u00e1lasztott k\u00e9zbes\u00edt\u00e9si m\u00f3dt\u00f3l f\u00fcggetlen\u00fcl vehet\u0151 ig\u00e9nybe.<\/p>\n<p>Az\u00a0online bankk\u00e1rty\u00e1s fizet\u00e9s\u00a0opci\u00f3\u00a0d\u00edjtalan\u00a0a v\u00e1s\u00e1rl\u00f3k sz\u00e1m\u00e1ra..<span class=\"Apple-converted-space\">\u00a0<\/span><\/p>\n<p><b>7.3.<\/b>\u00a0<b>Online fizet\u00e9si szolg\u00e1ltat\u00e1ssal t\u00f6rt\u00e9n\u0151 el\u0151re fizet\u00e9s:<\/b><\/p>\n<p>A megrendel\u00e9s elk\u00fcld\u00e9s\u00e9nek folyamat\u00e1ban Felhaszn\u00e1l\u00f3 \u00e1ltal kiv\u00e1lasztott, online fizet\u00e9si szolg\u00e1ltat\u00f3 szolg\u00e1ltat\u00e1s\u00e1val t\u00f6rt\u00e9n\u0151 el\u0151re fizet\u00e9s.<\/p>\n<p>Az online bankk\u00e1rty\u00e1s \u00e9s egy\u00e9b fizet\u00e9si m\u00f3dok a Stripe rendszer\u00e9n kereszt\u00fcl val\u00f3sulnak meg. <br \/>A Stripe a\u00a0vil\u00e1g egyik vezet\u0151\u00a0fizet\u00e9si port\u00e1lja, egy technol\u00f3giai v\u00e1llalat, amely gazdas\u00e1gi infrastrukt\u00far\u00e1t \u00e9p\u00edt az internet sz\u00e1m\u00e1ra. Seg\u00edts\u00e9g\u00e9vel minden m\u00e9ret\u0171 v\u00e1llalkoz\u00e1s &#8211; az \u00fajonnan indul\u00f3 v\u00e1llalkoz\u00e1sokt\u00f3l az \u00e1llami v\u00e1llalatokig &#8211; fizet\u00e9seket fogadhatnak el, \u00e9s online ir\u00e1ny\u00edthatj\u00e1k v\u00e1llalkoz\u00e1saikat. A Stripe a\u00a0legmagasabb megfelel\u00e9si szabv\u00e1nyok szerint tan\u00fas\u00edtott, 99.99% feletti rendelkez\u00e9sre \u00e1ll\u00e1si id\u0151vel m\u0171k\u00f6dik.<span class=\"Apple-converted-space\">\u00a0<\/span><\/p>\n<p>Tov\u00e1bbi inform\u00e1ci\u00f3k a Stripe-r\u00f3l (angol nyelv\u0171 oldal):\u00a0\u00a0<a href=\"https:\/\/stripe.com\/en-hu\">stripe.com<\/a><br \/><a href=\"https:\/\/stripe.com\/en-hu\/privacy\">Stripe adatv\u00e9delem, nyilatkozatok, szab\u00e1lyzatok<\/a><\/p>\n<p><a href=\"https:\/\/stripe.com\/en-hu\/payments\/features#payment-options\">https:\/\/stripe.com\/en-hu\/payments\/features#payment-options<\/a><\/p>\n<p>Az online fizet\u00e9s sor\u00e1n a fizet\u00e9shez haszn\u00e1lt adatait, illetve a bankk\u00e1rtya adatait Felhaszn\u00e1l\u00f3 k\u00f6zvetlen\u00fcl \u00e9s kiz\u00e1r\u00f3lag a fenti szolg\u00e1ltat\u00f3 r\u00e9sz\u00e9re adja meg, mivel a fizet\u00e9s folyamat\u00e1ban \u00e1tir\u00e1ny\u00edt\u00e1sra ker\u00fcl annak weboldal\u00e1ra. Az online fizet\u00e9si szolg\u00e1ltat\u00f3 nem osztja meg az adatokat a Szolg\u00e1ltat\u00f3val.<\/p>\n<p>Az online fizet\u00e9s tov\u00e1bbi felt\u00e9teleir\u0151l a fizet\u00e9si szolg\u00e1ltat\u00f3 szerz\u0151d\u00e9si felt\u00e9telei rendelkeznek, melyeket megismerhet Felhaszn\u00e1l\u00f3 a kifizet\u00e9st megel\u0151z\u0151en a fizet\u00e9si szolg\u00e1ltat\u00f3 fel\u00fclet\u00e9n, ahov\u00e1 a megrendel\u00e9s folyamat\u00e1ban \u00e1tir\u00e1ny\u00edt\u00e1sra ker\u00fcl.<\/p>\n<p>Ez a fizet\u00e9si m\u00f3d a v\u00e1lasztott k\u00e9zbes\u00edt\u00e9si m\u00f3dt\u00f3l f\u00fcggetlen\u00fcl vehet\u0151 ig\u00e9nybe.<\/p>\n<p>\u00a0<\/p>\n<p><b>7.4.<\/b>\u00a0<b>Ut\u00e1nv\u00e9tel kisz\u00e1ll\u00edt\u00e1s eset\u00e9n:<\/b><\/p>\n<p>A megrendel\u00e9s elk\u00fcld\u00e9s\u00e9nek folyamat\u00e1ban a Felhaszn\u00e1l\u00f3 \u00e1ltal kisz\u00e1ll\u00edt\u00e1ssal t\u00f6rt\u00e9n\u0151 k\u00e9zbes\u00edt\u00e9si m\u00f3d eset\u00e9n kiv\u00e1lasztott, ut\u00e1nv\u00e9tellel t\u00f6rt\u00e9n\u0151 fizet\u00e9s. Felhaszn\u00e1l\u00f3 a k\u00e9zbes\u00edt\u00e9skor a fut\u00e1rszolg\u00e1lat munkat\u00e1rs\u00e1n\u00e1l\u00a0<b>k\u00e9szp\u00e9nzzel<\/b>\u00a0vagy\u00a0<b>bankk\u00e1rty\u00e1val<\/b>\u00a0fizethet.<\/p>\n<p>A fut\u00e1rszolg\u00e1latn\u00e1l t\u00f6rt\u00e9n\u0151 fizet\u00e9s tov\u00e1bbi felt\u00e9teleir\u0151l a(z) Magyar Posta Zrt. szerz\u0151d\u00e9si felt\u00e9telei rendelkeznek, melyeket megismerhet Felhaszn\u00e1l\u00f3 a c\u00e9g online fel\u00fclet\u00e9n (lentebb r\u00e9szletezve).<\/p>\n<p>Az ut\u00e1nv\u00e9t egy\u00a0<b>extra d\u00edjas szolg\u00e1ltat\u00e1s<\/b>, melynek d\u00edja\u00a0<b>500 Ft<\/b>.<\/p>\n<p>Lehet\u0151s\u00e9g van h\u00e1zhoz sz\u00e1ll\u00edt\u00e1sra a DPD Hungary Kft. szolg\u00e1ltat\u00f3val is, viszont ebben az esetben kiz\u00e1r\u00f3lag banki el\u0151re utal\u00e1s ut\u00e1n.<\/p>\n<p>\u00a0<\/p>\n<p><b>7.5.\u00a0Ut\u00e1nv\u00e9tel \u00e1tv\u00e9teli pont eset\u00e9n:<\/b><\/p>\n<p>A megrendel\u00e9s elk\u00fcld\u00e9s\u00e9nek folyamat\u00e1ban Felhaszn\u00e1l\u00f3 \u00e1ltal kiv\u00e1lasztott a(z) Magyar Posta Zrt. \u00e1tv\u00e9teli pontra t\u00f6rt\u00e9n\u0151 k\u00e9zbes\u00edt\u00e9ssel, ut\u00e1nv\u00e9tellel t\u00f6rt\u00e9n\u0151 fizet\u00e9s.<\/p>\n<p>Felhaszn\u00e1l\u00f3 a k\u00e9zbes\u00edt\u00e9skor az \u00e1tv\u00e9teli pontn\u00e1l\u00a0<b>k\u00e9szp\u00e9nzzel<\/b>\u00a0vagy a\u00a0<b>kiv\u00e1lasztott \u00fczlett\u0151l f\u00fcgg\u0151en\u00a0bankk\u00e1rty\u00e1val<\/b>\u00a0fizethet.<\/p>\n<p>Az \u00e1tv\u00e9teli pontn\u00e1l t\u00f6rt\u00e9n\u0151 fizet\u00e9s tov\u00e1bbi felt\u00e9teleir\u0151l az \u00e1tv\u00e9teli pontot biztos\u00edt\u00f3 v\u00e1llalkoz\u00e1s szerz\u0151d\u00e9si felt\u00e9telei rendelkeznek, melyeket megismerhet Felhaszn\u00e1l\u00f3 a fent megjel\u00f6lt v\u00e1llalkoz\u00e1s online fel\u00fclet\u00e9n.<\/p>\n<p>Az ut\u00e1nv\u00e9t egy\u00a0<b>extra d\u00edjas szolg\u00e1ltat\u00e1s<\/b>, melynek d\u00edja\u00a0<b>500 Ft<\/b>.<\/p>\n<p><b>7.6.<\/b>\u00a0<b>Ut\u00e1nv\u00e9tel<\/b>\u00a0<b>csomagautomata eset\u00e9n:<\/b>\u00a0<\/p>\n<p>A megrendel\u00e9s elk\u00fcld\u00e9s\u00e9nek folyamat\u00e1ban Felhaszn\u00e1l\u00f3 \u00e1ltal kiv\u00e1lasztott csomagautomat\u00e1ba k\u00e9zbes\u00edt\u00e9ssel, ut\u00e1nv\u00e9tellel t\u00f6rt\u00e9n\u0151 fizet\u00e9s.<\/p>\n<p>\u00a0<\/p>\n<p>Felhaszn\u00e1l\u00f3 a k\u00e9zbes\u00edt\u00e9skor a csomagautomat\u00e1n\u00e1l\u00a0<b>bankk\u00e1rty\u00e1val<\/b>\u00a0fizethet.<\/p>\n<p>A csomagautomat\u00e1n\u00e1l t\u00f6rt\u00e9n\u0151 fizet\u00e9s tov\u00e1bbi felt\u00e9teleir\u0151l a(z) Magyar Posta Zrt. szerz\u0151d\u00e9si felt\u00e9telei rendelkeznek, melyeket megismerhet Felhaszn\u00e1l\u00f3 a v\u00e1llalkoz\u00e1s online fel\u00fclet\u00e9n.<\/p>\n<p>Az ut\u00e1nv\u00e9t egy\u00a0<b>extra d\u00edjas szolg\u00e1ltat\u00e1s<\/b>, melynek d\u00edja\u00a0<b>500 Ft<\/b>.<\/p>\n<p>Amennyiben Szolg\u00e1ltat\u00f3 a m\u00e1r kifizetett megrendel\u00e9st a saj\u00e1t \u00e9rdekk\u00f6r\u00e9ben felmer\u00fclt okn\u00e1l fogva m\u00e9gsem tudja teljes\u00edteni, az akad\u00e1ly felmer\u00fcl\u00e9s\u00e9t\u0151l sz\u00e1m\u00edtott 14 napon bel\u00fcl a Felhaszn\u00e1l\u00f3 r\u00e9sz\u00e9re az \u00e1ltala a megrendel\u00e9ssel kapcsolatban fizetett teljes \u00f6sszeget visszat\u00e9r\u00edti.<\/p>\n<p>Felh\u00edvjuk V\u00e1s\u00e1rl\u00f3ink figyelm\u00e9t, hogy az <b>ut\u00e1nv\u00e9tes sz\u00e1ll\u00edt\u00e1s d\u00edja<\/b> <b>minden esetben 500 Ft, mely minden ut\u00e1nv\u00e9tes v\u00e1s\u00e1rl\u00e1s eset\u00e9ben (az ingyenes sz\u00e1ll\u00edt\u00e1s eset\u00e9ben is) kifizetend\u0151<\/b>!<\/p>\n<p><b>8. SZ\u00c1LL\u00cdT\u00c1SI INFORM\u00c1CI\u00d3K<\/b><\/p>\n<p>A megrendelt term\u00e9ket Szolg\u00e1ltat\u00f3 a megrendel\u00e9s elfogad\u00e1s\u00e1r\u00f3l sz\u00f3l\u00f3 visszaigazol\u00e1sban szerepl\u0151 hat\u00e1rid\u0151n bel\u00fcl sz\u00e1ll\u00edttatja ki a Felhaszn\u00e1l\u00f3 \u00e1ltal a megrendel\u00e9s sor\u00e1n megadott sz\u00e1ll\u00edt\u00e1si c\u00edmre.<\/p>\n<p>A megrendelt term\u00e9k a megrendel\u00e9s be\u00e9rkez\u00e9s\u00e9nek napj\u00e1t k\u00f6vet\u0151 3-5 munkanapon bel\u00fcl ker\u00fcl \u00e1tad\u00e1sra a fuvaroz\u00f3nak, aki ezt k\u00f6vet\u0151en a lentebb jelzett hat\u00e1rid\u0151n bel\u00fcl k\u00e9zbes\u00edti azt.<\/p>\n<p>Amennyiben Szolg\u00e1ltat\u00f3 nem tudja teljes\u00edteni a fentiek szerinti hat\u00e1rid\u0151n bel\u00fcl a megrendel\u00e9st, akkor a teljes\u00edt\u00e9si akad\u00e1ly be\u00e1ll\u00e1s\u00e1r\u00f3l annak felmer\u00fcl\u00e9s\u00e9t k\u00f6vet\u0151en halad\u00e9ktalanul \u00e9rtes\u00edti Felhaszn\u00e1l\u00f3t.<\/p>\n<p><b>Fuvaroz\u00f3k:<\/b><\/p>\n<p><b>1.Magyar Posta Zrt.<\/b><\/p>\n<p>C\u00e9gjegyz\u00e9ksz\u00e1m:\u00a001 10 042463<\/p>\n<p>Ad\u00f3sz\u00e1m:\u00a010901232-4-44<\/p>\n<p>Sz\u00e9khely:\u00a01138 Budapest, Dunavir\u00e1g utca 2-6.<\/p>\n<p>Telefon:\u00a006-1-767-8282<\/p>\n<p>\u00a0<\/p>\n<p><b>2. DPD Hungary Kft.<\/b><\/p>\n<p>C\u00e9gjegyz\u00e9ksz\u00e1m: 01 09 888141<\/p>\n<p>Ad\u00f3sz\u00e1m:\u00a013034283-2-44<\/p>\n<p>Sz\u00e9khely:\u00a01134 Budapest, V\u00e1ci \u00fat 33. 2. em.<\/p>\n<p>Telefon:\u00a0+36 1 501 6200<\/p>\n<p>E-mail: dpd@dpd.hu<\/p>\n<p>\u00a0<\/p>\n<p>A sz\u00e1ll\u00edt\u00e1ssal kapcsolatos inform\u00e1ci\u00f3kat a Fuvaroz\u00f3 honlapj\u00e1n el\u00e9rhet\u0151 \u201e\u00c1ltal\u00e1nos \u00fczleti felt\u00e9telek\u201d dokumentum tartalmazza.<\/p>\n<p><b>3. \u00c1tv\u00e9teli pontra k\u00e9zbes\u00edt\u0151:<\/b><\/p>\n<p><b>Magyar Posta Zrt.<\/b><\/p>\n<p>C\u00e9gjegyz\u00e9ksz\u00e1m:\u00a001 10 042463<\/p>\n<p>Ad\u00f3sz\u00e1m:\u00a010901232-4-44<\/p>\n<p>Sz\u00e9khely:\u00a01138 Budapest, Dunavir\u00e1g utca 2-6.<\/p>\n<p>Telefon:\u00a006-1-767-8282<\/p>\n<p><b>\u00a0<\/b><\/p>\n<p>(a tov\u00e1bbiakban: Fuvaroz\u00f3).<\/p>\n<p>\u00a0<\/p>\n<p>A sz\u00e1ll\u00edt\u00e1ssal kapcsolatos inform\u00e1ci\u00f3kat a Fuvaroz\u00f3(k) honlapj\u00e1n el\u00e9rhet\u0151 \u201e\u00c1ltal\u00e1nos szerz\u0151d\u00e9si felt\u00e9telek\u201d dokumentum tartalmazza.<\/p>\n<p><b>4. Csomagautomat\u00e1ba k\u00e9zbes\u00edt\u0151:<\/b><\/p>\n<p><b>Magyar Posta Zrt.<\/b><\/p>\n<p>C\u00e9gjegyz\u00e9ksz\u00e1m:\u00a001 10 042463<\/p>\n<p>Ad\u00f3sz\u00e1m:\u00a010901232-4-44<\/p>\n<p>Sz\u00e9khely:\u00a01138 Budapest, Dunavir\u00e1g utca 2-6.<\/p>\n<p>Telefon:\u00a006-1-767-8282<\/p>\n<p>\u00a0<\/p>\n<p>gazdas\u00e1gi t\u00e1rsas\u00e1g (a tov\u00e1bbiakban: Fuvaroz\u00f3).<\/p>\n<p>A sz\u00e1ll\u00edt\u00e1ssal kapcsolatos inform\u00e1ci\u00f3kat a Fuvaroz\u00f3 honlapj\u00e1n el\u00e9rhet\u0151 \u201e\u00c1ltal\u00e1nos szerz\u0151d\u00e9si felt\u00e9telek\u201d dokumentum tartalmazza.<\/p>\n<p><b>A sz\u00e1ll\u00edt\u00e1s d\u00edja<\/b><\/p>\n<p>A kisz\u00e1ll\u00edt\u00e1s d\u00edj\u00e1r\u00f3l a Felhaszn\u00e1l\u00f3 a megrendel\u00e9s elk\u00fcld\u00e9s\u00e9nek folyamata sor\u00e1n kap t\u00e1j\u00e9koztat\u00e1st.<\/p>\n<p>A 40\u00a0000 Ft f\u00f6l\u00f6tti megrendel\u00e9sek sz\u00e1ll\u00edt\u00e1si d\u00edj\u00e1t az Arura Kft. \u00e1tv\u00e1llalja.<\/p>\n<p>Csomagol\u00e1si k\u00f6lts\u00e9get nem sz\u00e1m\u00edtunk fel.<span class=\"Apple-converted-space\">\u00a0<\/span><\/p>\n<p>Amennyiben megrendel\u00e9s\u00e9t k\u00fclf\u00f6ldre szeretn\u00e9 sz\u00e1ll\u00edttatni, k\u00e9rj\u00fck vegye fel vel\u00fcnk a kapcsolatot az al\u00e1bbi c\u00edmen: info@arura.hu.<span class=\"Apple-converted-space\">\u00a0<\/span><\/p>\n<p>A sz\u00e1ml\u00e1t a csomag tartalmazza.<span class=\"Apple-converted-space\">\u00a0<\/span><\/p>\n<p><b>A term\u00e9k \u00e1tv\u00e9tele<\/b><\/p>\n<p>Amennyiben Felhaszn\u00e1l\u00f3 az \u00e1ltala megrendelt term\u00e9ket indok n\u00e9lk\u00fcl nem veszi \u00e1t a k\u00e9zbes\u00edt\u00e9s id\u0151pontj\u00e1ban \u2013 ide\u00e9rtve azt is, mikor Felhaszn\u00e1l\u00f3 a Fuvaroz\u00f3 k\u00e9zbes\u00edt\u00e9sre ir\u00e1nyul\u00f3 t\u00f6bbsz\u00f6ri k\u00eds\u00e9rlete ellen\u00e9re sem el\u00e9rhet\u0151, \u00edgy meghi\u00fasul a k\u00e9zbes\u00edt\u00e9s, illetve \u00e1tv\u00e9teli pont vagy csomagautomata k\u00e9zbes\u00edt\u00e9si m\u00f3d kiv\u00e1laszt\u00e1sa eset\u00e9n, a megrendelt term\u00e9ket a kiv\u00e1lasztott \u00e1tv\u00e9teli pontn\u00e1l vagy csomagautomat\u00e1n\u00e1l nem veszi \u00e1t az \u00e1tv\u00e9telre biztos\u00edtott id\u0151n bel\u00fcl \u2013 a Szolg\u00e1ltat\u00f3 jogosult a megrendelt \u00e1rut harmadik szem\u00e9ly sz\u00e1m\u00e1ra \u00e9rt\u00e9kes\u00edteni. Ez esetben, amennyiben Szolg\u00e1ltat\u00f3hoz vissza\u00e9rkezik a term\u00e9k \u00e9s Felhaszn\u00e1l\u00f3 el\u0151re fizette a megrendelt term\u00e9k v\u00e9tel\u00e1r\u00e1t, a v\u00e9tel\u00e1rat Szolg\u00e1ltat\u00f3 \u2013 a tranzakci\u00f3 k\u00f6lts\u00e9g\u00e9nek levon\u00e1s\u00e1t k\u00f6vet\u0151en \u2013 visszafizeti. A sz\u00e1ll\u00edt\u00e1s d\u00edja nem sz\u00e1m\u00edt bele a v\u00e9tel\u00e1rba, az ilyen esetben \u2013 mely eset nem min\u0151s\u00fcl az el\u00e1ll\u00e1si jog gyakorl\u00e1s\u00e1nak \u2013 nem ker\u00fcl visszafizet\u00e9sre.<\/p>\n<p>A megrendelt term\u00e9k(ek) mennyis\u00e9g\u00e9t, \u00e9ps\u00e9g\u00e9t \u00e9s sz\u00fcks\u00e9ges dokumentumok (sz\u00e1mla) megl\u00e9t\u00e9t m\u00e9g a k\u00e9zbes\u00edt\u00e9s hely\u00e9n \u00e9s idej\u00e9n, az \u00e1tv\u00e9telkor ellen\u0151rzi a Felhaszn\u00e1l\u00f3, az esetleges k\u00e1rt, hi\u00e1nyt, egy\u00e9b elt\u00e9r\u00e9st m\u00e9g akkor jelzi Fuvaroz\u00f3 fel\u00e9. Amennyiben a Felhaszn\u00e1l\u00f3 k\u00e9zbes\u00edt\u00e9skor b\u00e1rmilyen s\u00e9r\u00fcl\u00e9st, elt\u00e9r\u00e9st tapasztal a k\u00e9zbes\u00edtett term\u00e9ken, Fuvaroz\u00f3 a Felhaszn\u00e1l\u00f3 k\u00e9r\u00e9s\u00e9re k\u00f6teles t\u00e9telesen \u00e1tadni az \u00e1rut \u00e9s err\u0151l, valamint a term\u00e9ken tapasztalt elt\u00e9r\u00e9sekr\u0151l, s\u00e9r\u00fcl\u00e9sekr\u0151l a helysz\u00ednen jegyz\u0151k\u00f6nyvet felvenni. A sz\u00e1ll\u00edt\u00e1s k\u00f6zben a term\u00e9kben keletkezett k\u00e1rok\u00e9rt els\u0151sorban a Fuvaroz\u00f3t terheli a felel\u0151ss\u00e9g, ugyanakkor a Felhaszn\u00e1l\u00f3 fel\u00e9 a term\u00e9k Felhaszn\u00e1l\u00f3 r\u00e9sz\u00e9re t\u00f6rt\u00e9n\u0151 \u00e1tad\u00e1s\u00e1nak id\u0151pontj\u00e1ig Szolg\u00e1ltat\u00f3 viseli az ezzel kapcsolatos kock\u00e1zatot. Az \u00e1tv\u00e9telkor elv\u00e9gzend\u0151 ellen\u0151rz\u00e9s Felhaszn\u00e1l\u00f3 \u00e1ltali elmulaszt\u00e1sa ugyanakkor nem befoly\u00e1solja Felhaszn\u00e1l\u00f3 szavatoss\u00e1gi jogait \u00e9s az indokol\u00e1s n\u00e9lk\u00fcli el\u00e1ll\u00e1si jog\u00e1t sem, azokat ez esetben is ugyan\u00fagy gyakorolhatja<\/p>\n<p><b>9. T\u00c1J\u00c9KOZTAT\u00c1S A FOGYASZT\u00d3T\/V\u00c1S\u00c1RL\u00d3T MEGILLET\u0150 JOG\u00c9RV\u00c9NYES\u00cdT\u00c9S FELT\u00c9TELEIR\u0150L<span class=\"Apple-converted-space\">\u00a0<\/span><\/b><\/p>\n<p><b>Szavatoss\u00e1g, j\u00f3t\u00e1ll\u00e1s<\/b><\/p>\n<p><b><span class=\"Apple-converted-space\">\u00a0<\/span><\/b><\/p>\n<p>Az \u00d6n \u00e1ltal megrendelt term\u00e9kekre kell\u00e9kszavatoss\u00e1got v\u00e1llalunk.<span class=\"Apple-converted-space\">\u00a0<\/span><\/p>\n<p>A szavatoss\u00e1gi jog alapj\u00e1n c\u00e9g\u00fcnk felel\u0151ss\u00e9get v\u00e1llal az\u00e9rt, hogy teljes\u00edt\u00e9skor \u2013 mind mennyis\u00e9gileg, mind min\u0151s\u00e9gileg \u2013 hib\u00e1tlan term\u00e9ket ad \u00e1t \u00d6nnek, mint Fogyaszt\u00f3nak\/V\u00e1s\u00e1rl\u00f3nak.<\/p>\n<p>A term\u00e9k akkor hib\u00e1s, ha az nem felel meg a forgalomba hozatalakor hat\u00e1lyos min\u0151s\u00e9gi k\u00f6vetelm\u00e9nyeknek, vagy ha nem rendelkezik a gy\u00e1rt\u00f3 \u00e1ltal adott le\u00edr\u00e1sban szerepl\u0151 tulajdons\u00e1gokkal.<\/p>\n<p>Ha a kisz\u00e1ll\u00edtott \u00e1ru mennyis\u00e9ge nem egyezik a rendel\u00e9sben foglaltakkal, vagy a megrendelt \u00e1ru hib\u00e1s vagy a sz\u00e1ll\u00edt\u00e1s sor\u00e1n csomagol\u00e1si hib\u00e1b\u00f3l ered\u0151en megs\u00e9r\u00fclt, k\u00e9rj\u00fck, hogy ezt halad\u00e9ktalanul (lehet\u0151leg 3 napon bel\u00fcl) jelezze, vegye fel vel\u00fcnk a kapcsolatot! Amennyiben a megrendelt \u00e1rucikk hib\u00e1s, azt d\u00edjmentesen kicser\u00e9lj\u00fck. Ha a csere lehet\u0151s\u00e9g\u00e9t nem k\u00edv\u00e1nja ig\u00e9nybe venni, az \u00e1ru v\u00e9tel\u00e1r\u00e1t visszat\u00e9r\u00edtj\u00fck \u00d6nnek.<span class=\"Apple-converted-space\">\u00a0<\/span><\/p>\n<p>K\u00e9rj\u00fck a csomagot k\u00e9zbes\u00edt\u00e9skor a fut\u00e1r el\u0151tt sz\u00edveskedj\u00e9k megvizsg\u00e1lni, \u00e9s esetlegesen a csomagol\u00e1son ill. a term\u00e9keken \u00e9szlelt s\u00e9r\u00fcl\u00e9s (nagyobb szakad\u00e1s, \u00e1z\u00e1s, stb.) eset\u00e9n k\u00e9rje jegyz\u0151k\u00f6nyv felv\u00e9tel\u00e9t \u00e9s ne vegye \u00e1t a csomagot. Reklam\u00e1ci\u00f3j\u00e1t \u00edgy tudjuk \u00e9rdemben kezelni.<span class=\"Apple-converted-space\">\u00a0<\/span><\/p>\n<p>Az ill\u00f3olajok \u00e9s hidrol\u00e1tumok (azaz aromavizek), valamint az aromater\u00e1pi\u00e1s kever\u00e9kek lej\u00e1rati hat\u00e1rideje bontatlan csomagol\u00e1sra vonatkozik.<span class=\"Apple-converted-space\">\u00a0<\/span><\/p>\n<p>Az ill\u00f3olajokat valamint az aromavizeket t\u00e1rolja eredeti, z\u00e1rt csomagol\u00e1sban, h\u0171v\u00f6s, sz\u00e1raz, f\u00e9nyt\u0151l v\u00e9dett helyen! Az aromavizeket felbont\u00e1suk ut\u00e1n t\u00e1rolja lehet\u0151leg h\u0171t\u0151szekr\u00e9nyben \u00e9s a felbont\u00e1st\u00f3l sz\u00e1m\u00edtott 6 h\u00f3napon bel\u00fcl (vagy a c\u00edmk\u00e9n jelzett id\u0151pontig, amennyiben az 6 h\u00f3napn\u00e1l kor\u00e1bbi lej\u00e1ratot jelez) haszn\u00e1lja fel!<span class=\"Apple-converted-space\">\u00a0<\/span><\/p>\n<p><b>El\u00e1ll\u00e1si jog gyakorl\u00e1sa<span class=\"Apple-converted-space\">\u00a0<\/span><\/b><\/p>\n<p>T\u00e1j\u00e9koztatjuk, hogy a Fogyaszt\u00f3 \u00e9s a V\u00e1llalkoz\u00e1s k\u00f6z\u00f6tti szerz\u0151d\u00e9sek r\u00e9szletes szab\u00e1lyair\u00f3l sz\u00f3l\u00f3 45\/2014. (II. 26.) Korm. rendelet \u00e9rtelm\u00e9ben a V\u00e1s\u00e1rl\u00f3 a term\u00e9k k\u00e9zhezv\u00e9tel\u00e9t\u0151l sz\u00e1m\u00edtott 14 napon bel\u00fcl indokl\u00e1s n\u00e9lk\u00fcl el\u00e1llhat a v\u00e1s\u00e1rl\u00e1si sz\u00e1nd\u00e9k\u00e1t\u00f3l.<span class=\"Apple-converted-space\">\u00a0<\/span><\/p>\n<p>Az el\u00e1ll\u00e1si hat\u00e1rid\u0151 att\u00f3l a napt\u00e1ri napt\u00f3l sz\u00e1m\u00edtott 14 nap eltelt\u00e9vel j\u00e1r le, amelyen \u00d6n vagy az \u00d6n \u00e1ltal megjel\u00f6lt, a fuvaroz\u00f3t\u00f3l elt\u00e9r\u0151 harmadik szem\u00e9ly a term\u00e9ket \u00e1tveszi.<span class=\"Apple-converted-space\">\u00a0<\/span><\/p>\n<p>Ha \u00d6n el\u00e1ll\u00e1si jog\u00e1val \u00e9lni k\u00edv\u00e1n, el\u00e1ll\u00e1si sz\u00e1nd\u00e9k\u00e1t tartalmaz\u00f3 egy\u00e9rtelm\u0171 nyilatkozat\u00e1t k\u00f6teles eljuttatni (post\u00e1n vagy elektronikus \u00faton k\u00fcld\u00f6tt lev\u00e9l \u00fatj\u00e1n) az al\u00e1bbi c\u00edmre: (ARURA Ill\u00f3olaj Manufakt\u00fara Kft. 7900 Szigetv\u00e1r, Sz\u00e9chenyi utca 98-104. vagy e-mail: info@arura.hu). Ebb\u0151l a c\u00e9lb\u00f3l haszn\u00e1lhatja az al\u00e1bbi El\u00e1ll\u00e1si nyilatkozat mint\u00e1t.<span class=\"Apple-converted-space\">\u00a0<\/span><\/p>\n<p>\u00d6n hat\u00e1rid\u0151ben gyakorolja el\u00e1ll\u00e1si jog\u00e1t, ha a fent megjel\u00f6lt hat\u00e1rid\u0151 lej\u00e1rta el\u0151tt elk\u00fcldi el\u00e1ll\u00e1si nyilatkozat\u00e1t.<span class=\"Apple-converted-space\">\u00a0<\/span><\/p>\n<p>C\u00edmzett: ARURA Kft., 7900 Szigetv\u00e1r, Sz\u00e9chenyi utca 988-104., email: info@arura.hu<span class=\"Apple-converted-space\">\u00a0<\/span><\/p>\n<p><b>El\u00e1ll\u00e1si\/felmond\u00e1si nyilatkozatminta<\/b><\/p>\n<p>(csak a szerz\u0151d\u00e9st\u0151l val\u00f3 el\u00e1ll\u00e1si\/felmond\u00e1si sz\u00e1nd\u00e9k eset\u00e9n t\u00f6ltse ki \u00e9s juttassa vissza)<\/p>\n<p>\u00a0<\/p>\n<p>C\u00edmzett:<br \/>Postac\u00edm:<br \/>E-mail:\u00a0<\/p>\n<p>\u00a0<\/p>\n<p>Alul\u00edrott \u2026\u2026\u2026\u2026\u2026\u2026\u2026\u2026\u2026\u2026\u2026\u2026\u2026\u2026\u2026\u2026\u2026\u2026\u2026\u2026\u2026\u2026\u2026\u2026\u2026\u2026 kijelentem, hogy gyakorlom el\u00e1ll\u00e1si\/felmond\u00e1si jogomat az al\u00e1bbi term\u00e9k\/ek ad\u00e1sv\u00e9tel\u00e9re vagy az al\u00e1bbi szolg\u00e1ltat\u00e1s\/ok ny\u00fajt\u00e1s\u00e1ra ir\u00e1nyul\u00f3 szerz\u0151d\u00e9s tekintet\u00e9ben:<\/p>\n<p>\u00a0<\/p>\n<p>Szerz\u0151d\u00e9sk\u00f6t\u00e9s \/ term\u00e9k \u00e1tv\u00e9tel\u00e9nek id\u0151pontja:<\/p>\n<p>A fogyaszt\u00f3 neve:<\/p>\n<p>A fogyaszt\u00f3 c\u00edme:<\/p>\n<p>A fogyaszt\u00f3 al\u00e1\u00edr\u00e1sa\u00a0(kiz\u00e1r\u00f3lag pap\u00edron tett nyilatkozat eset\u00e9n):<\/p>\n<p>Kelt:<\/p>\n<p><img decoding=\"async\" src=\"blob:https:\/\/arura.hu\/a1712162-7ff6-42fb-9a25-436de21f560b\" alt=\"pastedGraphic.png\" \/><\/p>\n<p>\u00a0<\/p>\n<p>Felhaszn\u00e1l\u00f3 hat\u00e1rid\u0151ben gyakorolja el\u00e1ll\u00e1si\/felmond\u00e1si jog\u00e1t, ha a fent megjel\u00f6lt hat\u00e1rid\u0151 lej\u00e1rta el\u0151tt elk\u00fcldi \u00edr\u00e1sbeli el\u00e1ll\u00e1si\/felmond\u00e1si nyilatkozat\u00e1t, vagy\u00a0a\u00a0hat\u00e1rid\u0151 utols\u00f3 napj\u00e1n sz\u00f3ban bejelenti azt. Fogyaszt\u00f3t terheli annak bizony\u00edt\u00e1sa, hogy az el\u00e1ll\u00e1si\/felmond\u00e1si jog\u00e1t az itt \u00edrtaknak megfelel\u0151 m\u00f3don \u00e9s hat\u00e1rid\u0151ben gyakorolta.<\/p>\n<p>A term\u00e9k visszak\u00fcld\u00e9s\u00e9nek megszervez\u00e9se \u00e9s a visszak\u00fcld\u00e9s k\u00f6lts\u00e9ge Felhaszn\u00e1l\u00f3t terheli. Az \u00e1ru visszajuttat\u00e1sa t\u00f6rt\u00e9nhet szem\u00e9lyesen is, az \u00fcgyf\u00e9lszolg\u00e1lattal t\u00f6rt\u00e9n\u0151 el\u0151zetes id\u0151pont egyeztet\u00e9s ut\u00e1n.<\/p>\n<p>Az el\u00e1ll\u00e1s\/felmond\u00e1s elfogad\u00e1sa \u00e9s az \u00e1ru visszav\u00e9tele ut\u00e1n az elsz\u00e1mol\u00e1s megt\u00f6rt\u00e9nik, legfeljebb az el\u00e1ll\u00e1s\/felmond\u00e1s elfogad\u00e1s\u00e1t\u00f3l sz\u00e1m\u00edtott 14 napon bel\u00fcl. Term\u00e9kre vonatkoz\u00f3 el\u00e1ll\u00e1s eset\u00e9n Szolg\u00e1ltat\u00f3 az el\u00e1ll\u00e1ssal \u00e9rintett term\u00e9k v\u00e9tel\u00e1r\u00e1t \u00e9s a kisz\u00e1ll\u00edt\u00e1s\u00a0k\u00f6lts\u00e9g\u00e9t is, szolg\u00e1ltat\u00e1sra vonatkoz\u00f3 el\u00e1ll\u00e1s eset\u00e9n az el\u00e1ll\u00e1ssal \u00e9rintett szolg\u00e1ltat\u00e1s v\u00e9tel\u00e1r\u00e1t k\u00f6teles visszat\u00e9r\u00edteni Felhaszn\u00e1l\u00f3 r\u00e9sz\u00e9re.<\/p>\n<p>Felhaszn\u00e1l\u00f3 nem gyakorolhatja el\u00e1ll\u00e1si jog\u00e1t:<\/p>\n<ul>\n<li>a szolg\u00e1ltat\u00e1s ny\u00fajt\u00e1s\u00e1ra ir\u00e1nyul\u00f3 szerz\u0151d\u00e9s eset\u00e9ben a szolg\u00e1ltat\u00e1s eg\u00e9sz\u00e9nek teljes\u00edt\u00e9s\u00e9t k\u00f6vet\u0151en, ha a v\u00e1llalkoz\u00e1s a teljes\u00edt\u00e9st a fogyaszt\u00f3 kifejezett, el\u0151zetes beleegyez\u00e9s\u00e9vel kezdte meg, \u00e9s a fogyaszt\u00f3 tudom\u00e1sul vette, hogy a szolg\u00e1ltat\u00e1s eg\u00e9sz\u00e9nek teljes\u00edt\u00e9s\u00e9t k\u00f6vet\u0151en felmond\u00e1si jog\u00e1t elvesz\u00edti;<\/li>\n<li>olyan term\u00e9k vagy szolg\u00e1ltat\u00e1s tekintet\u00e9ben, amelynek \u00e1ra, illetve d\u00edja a p\u00e9nzpiac v\u00e1llalkoz\u00e1s \u00e1ltal nem befoly\u00e1solhat\u00f3, az el\u00e1ll\u00e1si hat\u00e1rideje alatt is lehets\u00e9ges ingadoz\u00e1s\u00e1t\u00f3l f\u00fcgg;<\/li>\n<li>olyan nem el\u0151re gy\u00e1rtott term\u00e9k eset\u00e9ben, amelyet a Felhaszn\u00e1l\u00f3 utas\u00edt\u00e1sa alapj\u00e1n vagy kifejezett k\u00e9r\u00e9s\u00e9re \u00e1ll\u00edtottak el\u0151, vagy olyan term\u00e9k eset\u00e9ben, amelyet egy\u00e9rtelm\u0171en a Felhaszn\u00e1l\u00f3 szem\u00e9ly\u00e9re szabtak;<\/li>\n<li>romland\u00f3 vagy min\u0151s\u00e9g\u00e9t r\u00f6vid ideig meg\u0151rz\u0151 term\u00e9k tekintet\u00e9ben;<\/li>\n<li>olyan z\u00e1rt csomagol\u00e1s\u00fa term\u00e9k tekintet\u00e9ben, amely eg\u00e9szs\u00e9gv\u00e9delmi vagy higi\u00e9niai okokb\u00f3l az \u00e1tad\u00e1st k\u00f6vet\u0151 felbont\u00e1sa ut\u00e1n nem k\u00fcldhet\u0151 vissza;<\/li>\n<li>olyan term\u00e9k tekintet\u00e9ben, amely jelleg\u00e9n\u00e9l fogva az \u00e1tad\u00e1st k\u00f6vet\u0151en elv\u00e1laszthatatlanul vegy\u00fcl m\u00e1s term\u00e9kkel;<\/li>\n<li>olyan alkoholtartalm\u00fa ital tekintet\u00e9ben, amelynek t\u00e9nyleges \u00e9rt\u00e9ke a v\u00e1llalkoz\u00e1s \u00e1ltal nem befoly\u00e1solhat\u00f3 m\u00f3don a piaci ingadoz\u00e1sokt\u00f3l f\u00fcgg, \u00e9s amelynek \u00e1r\u00e1r\u00f3l a felek az ad\u00e1sv\u00e9teli szerz\u0151d\u00e9s megk\u00f6t\u00e9sekor \u00e1llapodtak meg, azonban a szerz\u0151d\u00e9s teljes\u00edt\u00e9s\u00e9re csak a megk\u00f6t\u00e9st\u0151l sz\u00e1m\u00edtott harmincadik napot k\u00f6vet\u0151en ker\u00fcl sor;<\/li>\n<li>olyan v\u00e1llalkoz\u00e1si szerz\u0151d\u00e9s eset\u00e9ben, amelyn\u00e9l a v\u00e1llalkoz\u00e1s a fogyaszt\u00f3 kifejezett k\u00e9r\u00e9s\u00e9re keresi fel a fogyaszt\u00f3t s\u00fcrg\u0151s jav\u00edt\u00e1si vagy karbantart\u00e1si munk\u00e1latok elv\u00e9gz\u00e9se c\u00e9lj\u00e1b\u00f3l, kiv\u00e9ve, ha a fogyaszt\u00f3 \u00e1ltal kifejezetten k\u00e9rt szolg\u00e1ltat\u00e1sokon \u00e9s a karbantart\u00e1s vagy a jav\u00edt\u00e1s elv\u00e9gz\u00e9s\u00e9hez felhaszn\u00e1lt cserealkatr\u00e9szeken fel\u00fcl k\u00edn\u00e1lt szolg\u00e1ltat\u00e1sokra vagy term\u00e9kekre vonatkoz\u00f3an;<\/li>\n<li>lez\u00e1rt csomagol\u00e1s\u00fa hang-, illetve k\u00e9pfelv\u00e9tel, valamint sz\u00e1m\u00edt\u00f3g\u00e9pes szoftver p\u00e9ld\u00e1ny\u00e1nak ad\u00e1sv\u00e9tele tekintet\u00e9ben, ha az \u00e1tad\u00e1st k\u00f6vet\u0151en a fogyaszt\u00f3 a csomagol\u00e1st felbontotta;<\/li>\n<li>h\u00edrlap, foly\u00f3irat \u00e9s id\u0151szaki lap tekintet\u00e9ben, az el\u0151fizet\u00e9ses szerz\u0151d\u00e9sek kiv\u00e9tel\u00e9vel;<\/li>\n<li>nyilv\u00e1nos \u00e1rver\u00e9sen megk\u00f6t\u00f6tt szerz\u0151d\u00e9sek eset\u00e9ben;<\/li>\n<li>lak\u00e1sc\u00e9l\u00fa szolg\u00e1ltat\u00e1s kiv\u00e9tel\u00e9vel sz\u00e1ll\u00e1sny\u00fajt\u00e1sra ir\u00e1nyul\u00f3 szerz\u0151d\u00e9s, fuvaroz\u00e1s, szem\u00e9lyg\u00e9pj\u00e1rm\u0171-k\u00f6lcs\u00f6nz\u00e9s, \u00e9tkeztet\u00e9s vagy szabadid\u0151s tev\u00e9kenys\u00e9gekhez kapcsol\u00f3d\u00f3 szolg\u00e1ltat\u00e1sra ir\u00e1nyul\u00f3 szerz\u0151d\u00e9s eset\u00e9ben, ha a szerz\u0151d\u00e9sben meghat\u00e1rozott teljes\u00edt\u00e9si hat\u00e1rnapot vagy hat\u00e1rid\u0151t k\u00f6t\u00f6ttek ki;<\/li>\n<li>a nem t\u00e1rgyi adathordoz\u00f3n ny\u00fajtott digit\u00e1lis adattartalom tekintet\u00e9ben, ha a v\u00e1llalkoz\u00e1s a fogyaszt\u00f3 kifejezett, el\u0151zetes beleegyez\u00e9s\u00e9vel kezdte meg a teljes\u00edt\u00e9st, \u00e9s a fogyaszt\u00f3 e beleegyez\u00e9s\u00e9vel egyidej\u0171leg nyilatkozott annak tudom\u00e1sul v\u00e9tel\u00e9r\u0151l, hogy a teljes\u00edt\u00e9s megkezd\u00e9s\u00e9t k\u00f6vet\u0151en elvesz\u00edti az el\u00e1ll\u00e1si jog\u00e1t.<\/li>\n<\/ul>\n<p><b>Az el\u00e1ll\u00e1s joghat\u00e1sai<span class=\"Apple-converted-space\">\u00a0<\/span><\/b><\/p>\n<p>Ha \u00d6n el\u00e1ll ett\u0151l a szerz\u0151d\u00e9st\u0151l, halad\u00e9ktalanul, de legk\u00e9s\u0151bb az \u00d6n El\u00e1ll\u00e1si nyilatkozat\u00e1nak k\u00e9zhezv\u00e9tel\u00e9t\u0151l sz\u00e1m\u00edtott 14 napon bel\u00fcl visszat\u00e9r\u00edtj\u00fck az \u00d6n \u00e1ltal teljes\u00edtett valamennyi ellenszolg\u00e1ltat\u00e1st, ide\u00e9rtve a sz\u00e1ll\u00edt\u00e1si k\u00f6lts\u00e9get is (kiv\u00e9ve azokat a t\u00f6bbletk\u00f6lts\u00e9geket, amelyek amiatt mer\u00fcltek fel, hogy \u00d6n az \u00e1ltalunk felk\u00edn\u00e1lt, legolcs\u00f3bb szok\u00e1sos sz\u00e1ll\u00edt\u00e1si m\u00f3dt\u00f3l elt\u00e9r\u0151 sz\u00e1ll\u00edt\u00e1si m\u00f3dot v\u00e1lasztott.) A visszat\u00e9r\u00edt\u00e9s sor\u00e1n az eredeti \u00fcgylet sor\u00e1n alkalmazott fizet\u00e9si m\u00f3ddal egyez\u0151 fizet\u00e9si m\u00f3dot alkalmazunk, kiv\u00e9ve, ha \u00d6n m\u00e1s fizet\u00e9si m\u00f3d ig\u00e9nybev\u00e9tel\u00e9hez kifejezetten a hozz\u00e1j\u00e1rul\u00e1s\u00e1t adja; e visszat\u00e9r\u00edt\u00e9si m\u00f3d alkalmaz\u00e1s\u00e1b\u00f3l kifoly\u00f3lag \u00d6nt semmilyen t\u00f6bbletk\u00f6lts\u00e9g nem terheli. A visszat\u00e9r\u00edt\u00e9st mindaddig visszatarthatjuk, am\u00edg vissza nem kaptuk a term\u00e9ket, vagy \u00d6n nem igazolta, hogy azt visszak\u00fcldte: a kett\u0151 k\u00f6z\u00fcl a kor\u00e1bbi id\u0151pontot kell figyelembe venni.<span class=\"Apple-converted-space\">\u00a0<\/span><\/p>\n<p>\u00d6n k\u00f6teles sz\u00e1munkra a term\u00e9ket indokolatlan k\u00e9sedelem n\u00e9lk\u00fcl, de legk\u00e9s\u0151bb El\u00e1ll\u00e1si nyilatkozat\u00e1nak k\u00f6zl\u00e9s\u00e9t\u0151l sz\u00e1m\u00edtott 14 napon bel\u00fcl visszak\u00fcldeni vagy \u00e1tadni. A hat\u00e1rid\u0151 betartottnak min\u0151s\u00fcl, ha a 14 napos hat\u00e1rid\u0151 letelte el\u0151tt elk\u00fcldi a term\u00e9ket.<span class=\"Apple-converted-space\">\u00a0<\/span><\/p>\n<p>A term\u00e9k visszak\u00fcld\u00e9s\u00e9nek k\u00f6zvetlen k\u00f6lts\u00e9g\u00e9t \u00d6n viseli.<span class=\"Apple-converted-space\">\u00a0<\/span><\/p>\n<p>\u00d6n kiz\u00e1r\u00f3lag akkor vonhat\u00f3 felel\u0151ss\u00e9gre a term\u00e9kben bek\u00f6vetkezett \u00e9rt\u00e9kcs\u00f6kken\u00e9s\u00e9rt, ha az a term\u00e9k jelleg\u00e9nek, tulajdons\u00e1gainak \u00e9s m\u0171k\u00f6d\u00e9s\u00e9nek meg\u00e1llap\u00edt\u00e1s\u00e1hoz sz\u00fcks\u00e9ges haszn\u00e1latot meghalad\u00f3 haszn\u00e1lat miatt k\u00f6vetkezett be.<span class=\"Apple-converted-space\">\u00a0<\/span><\/p>\n<p>Aromater\u00e1pi\u00e1s alapanyagokat (illolaj, aromav\u00edz), tov\u00e1bb\u00e1 aromater\u00e1pi\u00e1s kever\u00e9keket kiz\u00e1r\u00f3lag bontatlan csomagol\u00e1sban \u00e1ll m\u00f3dunkban visszavenni. (45\/2014. (II. 26.) Korm. rendelet 29 \u00a7 e) pontja \u00e9rtelm\u00e9ben).<span class=\"Apple-converted-space\">\u00a0<\/span><\/p>\n<p><b>9. FELEL\u0150SS\u00c9G<\/b><\/p>\n<p>Arura Kft. nem felel\u0151s semmilyen k\u00e1r\u00e9rt vagy k\u00f6lts\u00e9g\u00e9rt, amely az Arura online \u00e1ruh\u00e1z-hoz val\u00f3 csatlakoz\u00e1s miatt k\u00f6vetkezett be. A V\u00e1s\u00e1rl\u00f3 felel\u0151ss\u00e9ge felm\u00e9rni, hogy hogyan v\u00e9dheti meg a sz\u00e1m\u00edt\u00f3g\u00e9p\u00e9n t\u00e1rolt adatait a behatol\u00f3kt\u00f3l. Egyed\u00fcl a V\u00e1s\u00e1rl\u00f3 felel\u0151s az Arura online \u00e1ruh\u00e1z-hoz val\u00f3 kapcsol\u00f3d\u00e1s\u00e1\u00e9rt \u00e9s az arura.hu weboldal\u00e1n t\u00f6rt\u00e9n\u0151 v\u00e1s\u00e1rl\u00e1s\u00e9rt.<\/p>\n<p>Arura Kft. nem felel\u0151s semmilyen k\u00e1r\u00e9rt, amelyet a V\u00e1s\u00e1rl\u00f3 egy\u00e9ni \u00e9rz\u00e9kenys\u00e9ge vagy allergi\u00e1ja okozott a term\u00e9k haszn\u00e1latakor vagy azt k\u00f6vet\u0151en.<span class=\"Apple-converted-space\">\u00a0<\/span><\/p>\n<p>A term\u00e9kek a haszn\u00e1lati \u00fatmutat\u00f3ban foglaltak betart\u00e1s\u00e1val, a szavatoss\u00e1gi id\u0151 lej\u00e1rt\u00e1ig haszn\u00e1lhat\u00f3ak.<\/p>\n<p><b>10. PANASZKEZEL\u00c9S M\u00d3DJA, FOGYASZT\u00d3V\u00c9DELEM<\/b><\/p>\n<p>Arura Kft. betartja a mindenkor hat\u00e1lyos fogyaszt\u00f3v\u00e9delmi rendelkez\u00e9seket, k\u00fcl\u00f6n\u00f6s tekintettel a fogyaszt\u00f3v\u00e9delemr\u0151l sz\u00f3l\u00f3 1997. \u00e9vi CLV. t\u00f6rv\u00e9ny rendelkez\u00e9seire.<\/p>\n<p>Fogyaszt\u00f3v\u00e9delmi panaszokat vagy kifog\u00e1sokat Fogyaszt\u00f3 az Arura Kft. al\u00e1bbi el\u00e9rhet\u0151s\u00e9gein \u00edr\u00e1sban vagy telefonon kereszt\u00fcl jelezheti:<\/p>\n<p>Postac\u00edm: \u00a0\u00a0\u00a0\u00a0\u00a0\u00a0 Arura Ill\u00f3olaj Manufakt\u00fara Kft.<\/p>\n<p>7900 Szigetv\u00e1r, Sz\u00e9chenyi utca 98-104<br \/>E-mail:\u00a0\u00a0\u00a0\u00a0\u00a0\u00a0\u00a0\u00a0\u00a0\u00a0\u00a0 info@arura.hu<\/p>\n<p>Tel:\u00a0\u00a0\u00a0\u00a0\u00a0 \u00a0\u00a0\u00a0\u00a0\u00a0\u00a0\u00a0\u00a0\u00a0\u00a0\u00a0 +3670 882 7805<\/p>\n<p>Arura Kft. az \u00edr\u00e1sbeli panaszokat a hat\u00e1lyos jogszab\u00e1lyi el\u0151\u00edr\u00e1soknak megfelel\u0151en k\u00f6teles 30 napon bel\u00fcl \u00edr\u00e1sban \u00e9rdemben megv\u00e1laszolni. Elutas\u00edt\u00f3 v\u00e1lasz eset\u00e9n v\u00e1lasz\u00e1t indokolja \u00e9s a vonatkoz\u00f3 jogszab\u00e1lyokban meghat\u00e1rozott ideig meg\u0151rzi.<\/p>\n<p>A panasz elutas\u00edt\u00e1sa eset\u00e9n Arura Kft. k\u00f6teles \u00edr\u00e1sban t\u00e1j\u00e9koztatja a Fogyaszt\u00f3t arr\u00f3l, hogy panasz\u00e1val melyik hat\u00f3s\u00e1g vagy b\u00e9k\u00e9ltet\u0151 test\u00fclet elj\u00e1r\u00e1s\u00e1t kezdem\u00e9nyezheti. A t\u00e1j\u00e9koztat\u00e1snak tartalmaznia kell tov\u00e1bb\u00e1 az illet\u00e9kes hat\u00f3s\u00e1g, illetve a fogyaszt\u00f3 lak\u00f3helye vagy tart\u00f3zkod\u00e1si helye szerinti b\u00e9k\u00e9ltet\u0151 test\u00fclet sz\u00e9khely\u00e9t, telefonos \u00e9s internetes el\u00e9rhet\u0151s\u00e9g\u00e9t, valamint levelez\u00e9si c\u00edm\u00e9t. A t\u00e1j\u00e9koztat\u00e1snak arra is ki kell terjednie, hogy a v\u00e1llalkoz\u00e1s a fogyaszt\u00f3i jogvita rendez\u00e9se \u00e9rdek\u00e9ben ig\u00e9nybe veszi-e a b\u00e9k\u00e9ltet\u0151 test\u00fcleti elj\u00e1r\u00e1st. <span class=\"Apple-converted-space\">\u00a0<\/span><\/p>\n<p>Ha a fogyaszt\u00f3 panasz\u00e1t vagy kifog\u00e1s\u00e1t sz\u00f3ban teszi meg, akkor a sz\u00f3beli panaszt Arura Kft. k\u00f6teles azonnal megvizsg\u00e1lni \u00e9s sz\u00fcks\u00e9g szerint orvosolni. Ha a fogyaszt\u00f3 a panasz kezel\u00e9s\u00e9vel nem \u00e9rt egyet, vagy a panasz azonnali kivizsg\u00e1l\u00e1sa nem lehets\u00e9ges, a v\u00e1llalkoz\u00e1s a panaszr\u00f3l \u00e9s az azzal kapcsolatos \u00e1ll\u00e1spontj\u00e1r\u00f3l halad\u00e9ktalanul k\u00f6teles jegyz\u0151k\u00f6nyvet felvenni \u00e9s annak egy m\u00e1solati p\u00e9ld\u00e1ny\u00e1t szem\u00e9lyesen k\u00f6z\u00f6lt sz\u00f3beli panasz eset\u00e9n helyben a fogyaszt\u00f3nak \u00e1tadni.<\/p>\n<p>Amennyiben az Elad\u00f3 \u00e9s a Fogyaszt\u00f3 k\u00f6z\u00f6tt esetlegesen fenn\u00e1ll\u00f3 fogyaszt\u00f3i jogvita a t\u00e1rgyal\u00e1sok sor\u00e1n nem rendez\u0151dik, az al\u00e1bbi jog\u00e9rv\u00e9nyes\u00edt\u00e9si lehet\u0151s\u00e9gek \u00e1llnak a Fogyaszt\u00f3 rendelkez\u00e9s\u00e9re:<\/p>\n<p><br \/><b>&#8211; Panaszt\u00e9tel a<\/b> <b>fogyaszt\u00f3v\u00e9delmi hat\u00f3s\u00e1gokn\u00e1l<\/b><\/p>\n<p>Amennyiben a fogyaszt\u00f3 fogyaszt\u00f3i jogainak megs\u00e9rt\u00e9s\u00e9t \u00e9szleli, jogosult panasszal fordulni a lak\u00f3helye szerint illet\u00e9kes fogyaszt\u00f3v\u00e9delmi hat\u00f3s\u00e1ghoz. A panasz elb\u00edr\u00e1l\u00e1s\u00e1t k\u00f6vet\u0151en a hat\u00f3s\u00e1g d\u00f6nt a fogyaszt\u00f3v\u00e9delmi elj\u00e1r\u00e1s lefolytat\u00e1s\u00e1r\u00f3l. A fogyaszt\u00f3v\u00e9delmi els\u0151fok\u00fa hat\u00f3s\u00e1gi feladatokat a fogyaszt\u00f3 lak\u00f3helye szerint illet\u00e9kes j\u00e1r\u00e1si hivatalok l\u00e1tj\u00e1k el, ezek list\u00e1ja itt tal\u00e1lhat\u00f3: <a href=\"https:\/\/jarasinfo.gov.hu\/jarasok-lista\">http:\/\/jarasinfo.gov.hu\/<\/a><\/p>\n<p><b>-B\u00edr\u00f3s\u00e1gi elj\u00e1r\u00e1s<\/b><\/p>\n<p>Panasztev\u0151 jogosult a fogyaszt\u00f3i jogvit\u00e1b\u00f3l sz\u00e1rmaz\u00f3 k\u00f6vetel\u00e9s\u00e9nek b\u00edr\u00f3s\u00e1g el\u0151tti \u00e9rv\u00e9nyes\u00edt\u00e9s\u00e9re polg\u00e1ri elj\u00e1r\u00e1s keret\u00e9ben a Polg\u00e1ri T\u00f6rv\u00e9nyk\u00f6nyvr\u0151l sz\u00f3l\u00f3 2013. \u00e9vi V. t\u00f6rv\u00e9ny, valamint a Polg\u00e1ri Perrendtart\u00e1sr\u00f3l sz\u00f3l\u00f3 2016. \u00e9vi CXXX. t\u00f6rv\u00e9ny rendelkez\u00e9sei szerint.<\/p>\n<p>A szerz\u0151d\u0151 felek k\u00f6lcs\u00f6n\u00f6sen egy\u00fcttm\u0171k\u00f6dnek annak \u00e9rdek\u00e9ben, hogy az esetleges vit\u00e1s k\u00e9rd\u00e9seket peren k\u00edv\u00fcl, t\u00e1rgyal\u00e1sos \u00faton a legr\u00f6videbb id\u0151 alatt \u00e9s a legkevesebb k\u00f6lts\u00e9ggel rendezz\u00e9k. Amennyiben ez nem vezet eredm\u00e9nyre, Felhaszn\u00e1l\u00f3 a lakhelye vagy tart\u00f3zkod\u00e1si helye szerinti j\u00e1r\u00e1sb\u00edr\u00f3s\u00e1gon ind\u00edthatja meg a pert.<\/p>\n<p>Ha Felhaszn\u00e1l\u00f3 az Eur\u00f3pai Uni\u00f3ban \u00e9l, az interneten v\u00e1s\u00e1rolt term\u00e9kre, szolg\u00e1ltat\u00e1sra vonatkoz\u00f3 panasz\u00e1val kapcsolatban ig\u00e9nybe veheti az Eur\u00f3pai Bizotts\u00e1g al\u00e1bbi online vitarendez\u00e9si eszk\u00f6z\u00e9t.<\/p>\n<p><b>Az Eur\u00f3pai Bizotts\u00e1g online vitarendez\u00e9si platformja<\/b><\/p>\n<p>Webhely:\u00a0\u00a0https:\/\/ec.europa.eu\/consumers\/odr\/main\/index.cfm?event=main.home2.show&amp;lng=HU<\/p>\n<p>Ezt az internetalap\u00fa platformot az EU azoknak a fogyaszt\u00f3knak hozta l\u00e9tre, akik panasszal k\u00edv\u00e1nnak \u00e9lni az \u00e1ltaluk online v\u00e1s\u00e1rolt term\u00e9kekkel vagy szolg\u00e1ltat\u00e1sokkal kapcsolatban, \u00e9s fel szeretn\u00e9nek k\u00e9rni egy semleges harmadik felet (vitarendez\u00e9si test\u00fcletet) a panasz kezel\u00e9s\u00e9re.<\/p>\n<p>\u00a0<\/p>\n<p>Az online vitarendez\u00e9si platformr\u00f3l \u00e9s haszn\u00e1lat\u00e1r\u00f3l, a vitarendez\u00e9s m\u00f3dj\u00e1r\u00f3l tov\u00e1bbi inform\u00e1ci\u00f3kat a fenti link haszn\u00e1lat\u00e1val el\u00e9rhet\u0151 webhelyen tal\u00e1l.<\/p>\n<p>18.2.2 Felhaszn\u00e1l\u00f3 az \u00e1ru min\u0151s\u00e9g\u00e9re vonatkoz\u00f3 panasz\u00e1val, Szolg\u00e1ltat\u00f3 (tagj\u00e1nak, alkalmazottj\u00e1nak) vagy az \u00e9rdek\u00e9ben vagy jav\u00e1ra elj\u00e1r\u00f3 szem\u00e9lynek a magatart\u00e1s\u00e1ra, tev\u00e9kenys\u00e9g\u00e9re vagy mulaszt\u00e1s\u00e1ra, a szolg\u00e1ltat\u00e1s min\u0151s\u00e9g\u00e9re, felel\u0151ss\u00e9gi szab\u00e1lyok alkalmaz\u00e1s\u00e1ra vonatkoz\u00f3 hat\u00e1ron \u00e1tny\u00fal\u00f3 panasz\u00e1val az Eur\u00f3pai Fogyaszt\u00f3i K\u00f6zponthoz fordulhat.<\/p>\n<p><b>Innov\u00e1ci\u00f3s \u00e9s Technol\u00f3giai Miniszt\u00e9rium \u2013 Eur\u00f3pai Fogyaszt\u00f3i K\u00f6zpont<\/b><\/p>\n<p>\u00a0<\/p>\n<p>Postac\u00edm:\u00a01440 Budapest Pf. 1.<br \/>Telefon: +36 1\u00a0896 7747<\/p>\n<p>Fax: +36 1 210 2538<br \/>E-mail: info@magyarefk.hu<br \/>Webhely:\u00a0<a href=\"https:\/\/www.magyarefk.hu\/hu\/elerhetosegek.html\">https:\/\/www.magyarefk.hu\/hu\/elerhetosegek.html<\/a>\u00a0<\/p>\n<p><b>-B\u00e9k\u00e9ltet\u0151 elj\u00e1r\u00e1s<\/b><\/p>\n<p>B\u00e9k\u00e9ltet\u0151 test\u00fclethez fordul\u00e1s lehet\u0151s\u00e9ge<\/p>\n<p>Felhaszn\u00e1l\u00f3 (fogyaszt\u00f3)\u00a0a term\u00e9k min\u0151s\u00e9g\u00e9vel, biztons\u00e1goss\u00e1g\u00e1val, a term\u00e9kfelel\u0151ss\u00e9gi szab\u00e1lyok alkalmaz\u00e1s\u00e1val, a szolg\u00e1ltat\u00e1s min\u0151s\u00e9g\u00e9vel, tov\u00e1bb\u00e1 a felek k\u00f6z\u00f6tti szerz\u0151d\u00e9s megk\u00f6t\u00e9s\u00e9vel \u00e9s teljes\u00edt\u00e9s\u00e9vel kapcsolatban b\u00e9k\u00e9ltet\u0151 test\u00fclet d\u00edjmentes elj\u00e1r\u00e1s\u00e1t is k\u00e9rheti.<\/p>\n<p>Ha Fogyaszt\u00f3 magyarorsz\u00e1gi lak\u00f3hellyel vagy tart\u00f3zkod\u00e1si hellyel rendelkezik, akkor ezen lak\u00f3hely vagy tart\u00f3zkod\u00e1si hely szerinti megyei (f\u0151v\u00e1rosi) kereskedelmi \u00e9s iparkamar\u00e1k mellett m\u0171k\u00f6d\u0151 b\u00e9k\u00e9ltet\u0151 test\u00fclet illet\u00e9kes. A b\u00e9k\u00e9ltet\u0151 test\u00fcletek el\u00e9rhet\u0151s\u00e9gei megtal\u00e1lhat\u00f3ak a\u00a0<a href=\"https:\/\/www.bekeltetes.hu\/index.php?id=testuletek\">https:\/\/www.bekeltetes.hu\/index.php?id=testuletek<\/a>\u00a0oldalon.<\/p>\n<p>A fogyaszt\u00f3 erre ir\u00e1nyul\u00f3 k\u00e9relm\u00e9ben a fentiekt\u0151l elt\u00e9r\u0151, m\u00e1sik b\u00e9k\u00e9ltet\u0151 test\u00fcletet jel\u00f6lhet meg.<\/p>\n<p>Magyarorsz\u00e1gon a Budapesti Kereskedelmi \u00e9s Iparkamara mellett m\u0171k\u00f6d\u0151\u00a0Budapesti B\u00e9k\u00e9ltet\u0151 Test\u00fclet jogosult elj\u00e1rni az online ad\u00e1sv\u00e9teli vagy szolg\u00e1ltat\u00e1si szerz\u0151d\u00e9sekhez kapcsol\u00f3d\u00f3 hat\u00e1ron \u00e1tny\u00fal\u00f3 fogyaszt\u00f3 \u00e9s keresked\u0151 k\u00f6z\u00f6tti jogvit\u00e1kban. A Budapesti Kereskedelmi \u00e9s Iparkamara mellett m\u0171k\u00f6d\u0151\u00a0Budapesti B\u00e9k\u00e9ltet\u0151 Test\u00fclet el\u00e9rhet\u0151s\u00e9gei megtal\u00e1lhat\u00f3k a<br \/><a href=\"https:\/\/www.bekeltetes.hu\/index.php?id=testuletek&amp;pid=1&amp;mid=1\">https:\/\/www.bekeltetes.hu\/index.php?id=testuletek&amp;pid=1&amp;mid=1<\/a>\u00a0oldalon, valamint itt olvashat\u00f3k:<\/p>\n<p><b>Budapesti Kereskedelmi \u00e9s Iparkamara\u00a0mellett m\u0171k\u00f6d\u0151 Budapesti B\u00e9k\u00e9ltet\u0151 Test\u00fclet<\/b><\/p>\n<p>C\u00edm:\u00a01016 Budapest, Krisztina krt. 99. III. em. 310.<br \/>Telefon: +36 1 488 2131<br \/>E-mail: bekelteto.testulet@bkik.hu<br \/>Webhely:\u00a0\u00a0https:\/\/bekeltet.bkik.hu\/<\/p>\n<p><b>Szolg\u00e1ltat\u00f3t a b\u00e9k\u00e9ltet\u0151 test\u00fcleti elj\u00e1r\u00e1sban egy\u00fcttm\u0171k\u00f6d\u00e9si k\u00f6telezetts\u00e9g terheli<\/b>.<\/p>\n<p>A b\u00e9k\u00e9ltet\u0151 test\u00fclet a megyei (f\u0151v\u00e1rosi) kereskedelmi \u00e9s iparkamar\u00e1k mellett m\u0171k\u00f6d\u0151 f\u00fcggetlen test\u00fclet. Hat\u00e1sk\u00f6r\u00e9be tartozik a fent megjel\u00f6lt t\u00e9m\u00e1j\u00fa fogyaszt\u00f3i jogvit\u00e1k b\u00edr\u00f3s\u00e1gi elj\u00e1r\u00e1son k\u00edv\u00fcli rendez\u00e9se: e c\u00e9lb\u00f3l egyezs\u00e9g l\u00e9trehoz\u00e1s\u00e1nak megk\u00eds\u00e9rl\u00e9se, ennek eredm\u00e9nytelens\u00e9ge eset\u00e9n pedig az \u00fcgyben d\u00f6nt\u00e9s hozatala a fogyaszt\u00f3i jogok egyszer\u0171, gyors, hat\u00e9kony \u00e9s k\u00f6lts\u00e9gk\u00edm\u00e9l\u0151 \u00e9rv\u00e9nyes\u00edt\u00e9s\u00e9nek biztos\u00edt\u00e1sa \u00e9rdek\u00e9ben.<\/p>\n<p>A b\u00e9k\u00e9ltet\u0151 test\u00fclet a fogyaszt\u00f3 vagy a v\u00e1llalkoz\u00e1s k\u00e9r\u00e9s\u00e9re tan\u00e1csot ad a fogyaszt\u00f3t megillet\u0151 jogokr\u00f3l \u00e9s k\u00f6telezetts\u00e9gekr\u0151l.<\/p>\n<\/div>\n<div>\n<p>\u00a0<\/p>\n<\/div>\n\t\t\t\t\t\t\t\t<\/div>\n\t\t\t\t<\/div>\n\t\t\t\t\t<\/div>\n\t\t\t\t<\/div>\n\t\t<div class=\"elementor-element elementor-element-0f75f7d e-flex e-con-boxed e-con e-parent\" data-id=\"0f75f7d\" data-element_type=\"container\" data-e-type=\"container\" id=\"adatk\">\n\t\t\t\t\t<div class=\"e-con-inner\">\n\t\t\t\t<div class=\"elementor-element elementor-element-b5b46a4 elementor-widget elementor-widget-heading\" data-id=\"b5b46a4\" data-element_type=\"widget\" data-e-type=\"widget\" data-widget_type=\"heading.default\">\n\t\t\t\t<div class=\"elementor-widget-container\">\n\t\t\t\t\t<h2 class=\"elementor-heading-title elementor-size-default\">ADATKEZEL\u00c9SI T\u00c1J\u00c9KOZTAT\u00d3<\/h2>\t\t\t\t<\/div>\n\t\t\t\t<\/div>\n\t\t\t\t<div class=\"elementor-element elementor-element-c7bdf53 elementor-widget elementor-widget-text-editor\" data-id=\"c7bdf53\" data-element_type=\"widget\" data-e-type=\"widget\" data-widget_type=\"text-editor.default\">\n\t\t\t\t<div class=\"elementor-widget-container\">\n\t\t\t\t\t\t\t\t\t<p>\u00a0<\/p>\n<p><b>1. Adatkezel\u0151 azonos\u00edt\u00e1sa<\/b><\/p>\n<p>A\u00a0<i>https:\/\/arura.hu\u00a0<\/i>internet c\u00edmen el\u00e9rhet\u0151 web\u00e1ruh\u00e1zat a(z)<\/p>\n<p><span class=\"Apple-converted-space\">\u00a0<\/span>(a tov\u00e1bbiakban: Adatkezel\u0151) \u00fczemelteti.<\/p>\n<p>C\u00e9gn\u00e9v: ARURA Ill\u00f3olaj Manufakt\u00fara Kft.<span class=\"Apple-converted-space\">\u00a0<\/span><\/p>\n<p>Sz\u00e9khely: 7900 Szigetv\u00e1r, Sz\u00e9chenyi utca 98-104.<span class=\"Apple-converted-space\">\u00a0<\/span><\/p>\n<p>Telephely: 7900 Szigetv\u00e1r, Sz\u00e9chenyi utca 98-104.<\/p>\n<p>\u00dczleti tev\u00e9kenys\u00e9g helye: 7900 Szigetv\u00e1r, Sz\u00e9chenyi utca 98-104.<\/p>\n<p>Ad\u00f3sz\u00e1m: 25489738-1-02<span class=\"Apple-converted-space\">\u00a0<\/span><\/p>\n<p>C\u00e9gjegyz\u00e9k sz\u00e1m: 02 09 082053<span class=\"Apple-converted-space\">\u00a0<\/span><\/p>\n<p>Elektronikus el\u00e9rhet\u0151s\u00e9g: <a href=\"mailto:info@arura.hu\">info@arura.hu<\/a><span class=\"Apple-converted-space\">\u00a0<\/span><\/p>\n<p>Telefon:<span style=\"color: #000000;\"> <a style=\"color: #000000;\" href=\"tel:+36708827805\">+36 30 530 9511<\/a><span class=\"Apple-converted-space\">\u00a0<\/span><\/span><\/p>\n<p><b>2. Az adatkezel\u00e9sre vonatkoz\u00f3 jogszab\u00e1lyok, a t\u00e1j\u00e9koztat\u00f3 hat\u00e1lya<\/b><\/p>\n<p>2.1. Adatkezel\u0151 a Felhaszn\u00e1l\u00f3k adatait els\u0151sorban<\/p>\n<ul>\n<li>AZ EUR\u00d3PAI PARLAMENT \u00c9S A TAN\u00c1CS (EU) 2016\/679 RENDELETE (2016. \u00e1prilis 27.) a term\u00e9szetes szem\u00e9lyeknek a szem\u00e9lyes adatok kezel\u00e9se tekintet\u00e9ben t\u00f6rt\u00e9n\u0151 v\u00e9delm\u00e9r\u0151l \u00e9s az ilyen adatok szabad \u00e1raml\u00e1s\u00e1r\u00f3l, valamint a 95\/46\/EK ir\u00e1nyelv hat\u00e1lyon k\u00edv\u00fcl helyez\u00e9s\u00e9r\u0151l (\u00e1ltal\u00e1nos adatv\u00e9delmi rendelet); (The EU General Data Protection Regulation &#8211; Az Eur\u00f3pai Uni\u00f3 \u00c1ltal\u00e1nos Adatv\u00e9delmi Rendelete), (a tov\u00e1bbiakban: GDPR),<\/li>\n<li>a gazdas\u00e1gi rekl\u00e1mtev\u00e9kenys\u00e9g alapvet\u0151 felt\u00e9teleir\u0151l \u00e9s egyes korl\u00e1tair\u00f3l sz\u00f3l\u00f3 2008. \u00e9vi XLVIII. t\u00f6rv\u00e9ny,<\/li>\n<li>az elektronikus kereskedelmi szolg\u00e1ltat\u00e1sok, valamint az inform\u00e1ci\u00f3s t\u00e1rsadalommal \u00f6sszef\u00fcgg\u0151 szolg\u00e1ltat\u00e1sok egyes k\u00e9rd\u00e9seir\u0151l sz\u00f3l\u00f3 2001. \u00e9vi CVIII. t\u00f6rv\u00e9ny (Ekertv.)<\/li>\n<\/ul>\n<p>rendelkez\u00e9sei alapj\u00e1n kezeli.<\/p>\n<p>2.2. Jelen t\u00e1j\u00e9koztat\u00f3 hat\u00e1lya a fent megjel\u00f6lt internetc\u00edmen el\u00e9rhet\u0151 webhely (a tov\u00e1bbiakban: webhely) haszn\u00e1lata, az ott el\u00e9rhet\u0151 szolg\u00e1ltat\u00e1sok ig\u00e9nybev\u00e9tele \u00e9s a web\u00e1ruh\u00e1zban leadott megrendel\u00e9sek teljes\u00edt\u00e9se sor\u00e1n megval\u00f3sul\u00f3 adatkezel\u00e9sre vonatkozik. \u00a0<\/p>\n<p>2.3. Jelen t\u00e1j\u00e9koztat\u00f3 \u00e9rtelm\u00e9ben Felhaszn\u00e1l\u00f3: a webhelyet b\u00f6ng\u00e9sz\u0151, a webhely szolg\u00e1ltat\u00e1sait haszn\u00e1l\u00f3, valamint Adatkezel\u0151t\u0151l term\u00e9ket megrendel\u0151 term\u00e9szetes szem\u00e9lyek.<\/p>\n<p><b>3. Az adatkezel\u00e9s jogalapja\u00a0<\/b><\/p>\n<p>\u00a03.1. Az Adatkezel\u0151 \u00e1ltal v\u00e9gzett adatkezel\u00e9s jogalapja egyes adatkezel\u00e9seket illet\u0151en a GDPR 6. cikk (1) bekezd\u00e9s\u00e9nek a) pontja szerint a Felhaszn\u00e1l\u00f3 hozz\u00e1j\u00e1rul\u00e1sa, a megrendel\u00e9ssel kapcsolatos adatkezel\u00e9seket illet\u0151en a\u00a0GDPR 6. cikk (1) bekezd\u00e9s\u00e9nek b) pontja, miszerint az adatkezel\u00e9s olyan szerz\u0151d\u00e9s teljes\u00edt\u00e9s\u00e9hez sz\u00fcks\u00e9ges, amelyben a Felhaszn\u00e1l\u00f3 az egyik f\u00e9l.<\/p>\n<p>\u00a03.2. A hozz\u00e1j\u00e1rul\u00e1s alapj\u00e1n v\u00e9gzett adatkezel\u00e9sek eset\u00e9ben Felhaszn\u00e1l\u00f3 a hozz\u00e1j\u00e1rul\u00e1s\u00e1t a vonatkoz\u00f3 helyeken elhelyezett\u00a0adatkezel\u00e9si nyilatkozat el\u0151tti jel\u00f6l\u0151n\u00e9gyzet bejel\u00f6l\u00e9s\u00e9vel adja meg. Az adatkezel\u00e9si t\u00e1j\u00e9koztat\u00f3t Felhaszn\u00e1l\u00f3 b\u00e1rmikor, a honlap minden oldal\u00e1nak alj\u00e1n megjelen\u0151 \u201eAdatkezel\u00e9si t\u00e1j\u00e9koztat\u00f3\u201d feliratra kattintva, illetve az e pontban eml\u00edtett adatkezel\u00e9si nyilatkozatban olvashat\u00f3 \u201eAdatkezel\u00e9si t\u00e1j\u00e9koztat\u00f3\u201d sz\u00f6vegr\u00e9sszel jel\u00f6lt linkre kattintva elolvashatja, mellyel Adatkezel\u0151 biztos\u00edtja a Felhaszn\u00e1l\u00f3 egy\u00e9rtelm\u0171 \u00e9s r\u00e9szletes el\u0151zetes t\u00e1j\u00e9koztat\u00e1s\u00e1t. Az adatkezel\u00e9si nyilatkozat el\u0151tti jel\u00f6l\u0151n\u00e9gyzet bejel\u00f6l\u00e9s\u00e9vel Felhaszn\u00e1l\u00f3 kijelenti, hogy elolvasta az adatkezel\u00e9si t\u00e1j\u00e9koztat\u00f3t, \u00e9s annak tartalma ismeret\u00e9ben hozz\u00e1j\u00e1rul az adatai jelen t\u00e1j\u00e9koztat\u00f3ban \u00edrtak szerinti kezel\u00e9s\u00e9hez.<\/p>\n<p>3.3. Egyes esetekben jogszab\u00e1ly k\u00f6telezi Adatkezel\u0151t bizonyos adatkezel\u00e9si m\u0171veletek v\u00e9grehajt\u00e1s\u00e1ra, illetve jogos \u00e9rdeke is lehet jogalap az adatok kezel\u00e9s\u00e9re. Ezekr\u0151l r\u00e9szletesebben lentebb, az egyes adatkezel\u00e9sekr\u0151l sz\u00f3l\u00f3 fejezetekben olvashat Felhaszn\u00e1l\u00f3.<\/p>\n<p><b>4. Inform\u00e1ci\u00f3technol\u00f3giai szolg\u00e1ltat\u00e1s m\u0171k\u00f6d\u00e9s\u00e9nek biztos\u00edt\u00e1s\u00e1hoz kapcsol\u00f3d\u00f3 adatkezel\u00e9s<\/b><\/p>\n<p>4.1. Adatkezel\u0151 a webhely \u00fczemeltet\u00e9s\u00e9hez \u00e9s a weboldal l\u00e1togat\u00f3ira vonatkoz\u00f3 technikai adatok gy\u0171jt\u00e9s\u00e9hez s\u00fctiket alkalmaz.<\/p>\n<p>4.2. Adatkezel\u0151 a s\u00fctik \u00e1ltal megval\u00f3s\u00edtott adatkezel\u00e9sr\u0151l k\u00fcl\u00f6n t\u00e1j\u00e9koztat\u00f3t bocs\u00e1t rendelkez\u00e9sre: Adatkezel\u00e9si t\u00e1j\u00e9koztat\u00f3 a s\u00fctik alkalmaz\u00e1s\u00e1r\u00f3l.<\/p>\n<p>\u00a0<\/p>\n<p><b>5. \u00dczenet fogad\u00e1s\u00e1hoz \u00e9s megv\u00e1laszol\u00e1s\u00e1hoz kapcsol\u00f3d\u00f3 adatkezel\u00e9s<\/b><\/p>\n<p>5.1. Az adatkezel\u00e9ssel \u00e9rintettek k\u00f6re: A webhely \u201eKapcsolat\u201d men\u00fcpontj\u00e1b\u00f3l el\u00e9rhet\u0151 \u00fczenetk\u00fcld\u0151 fel\u00fclet\u00e9nek haszn\u00e1lat\u00e1val, vagy e-mail \u00fatj\u00e1n a webhelyen felt\u00fcntetett e-mail c\u00edm(ek) haszn\u00e1lat\u00e1val Adatkezel\u0151nek \u00fczenetet k\u00fcld\u0151 Felhaszn\u00e1l\u00f3k.<\/p>\n<p>5.2.Az adatkezel\u00e9s jogalapja: a GDPR\u00a06. cikk\u00a0(1) bekezd\u00e9s\u00e9nek a) pontja alapj\u00e1n a Felhaszn\u00e1l\u00f3 hozz\u00e1j\u00e1rul\u00e1sa.<\/p>\n<p>5.3. Kezelt adatok k\u00f6r\u00e9nek meghat\u00e1roz\u00e1sa:<\/p>\n<p>Az \u00fczenetet k\u00fcld\u0151 Felhaszn\u00e1l\u00f3:<\/p>\n<ul>\n<li>neve,<\/li>\n<li>e-mail c\u00edme,<\/li>\n<li>a Felhaszn\u00e1l\u00f3 \u00e1ltal az \u00fczenetben esetlegesen k\u00f6z\u00f6lt tov\u00e1bbi adatai.<\/li>\n<\/ul>\n<p>A Felhaszn\u00e1l\u00f3 \u00e1ltal az \u00fczenetben esetlegesen k\u00f6z\u00f6lt tov\u00e1bbi adatai tekintet\u00e9ben Adatkezel\u0151 csak az elk\u00fcld\u00f6tt \u00fczenet tartalma kapcs\u00e1n sz\u00fcks\u00e9gszer\u0171en v\u00e9gez adatkezel\u00e9st annak fogad\u00e1sakor, azonban az ott esetlegesen k\u00f6z\u00f6lt szem\u00e9lyes adatok megad\u00e1s\u00e1t Adatkezel\u0151 nem k\u00e9ri Felhaszn\u00e1l\u00f3t\u00f3l. Ilyen nem v\u00e1rt szem\u00e9lyes adat k\u00f6zl\u00e9sekor a nem v\u00e1rt szem\u00e9lyes adatot Adatkezel\u0151 nem t\u00e1rolja el, azt halad\u00e9ktalanul t\u00f6rli az informatikai rendszer\u00e9b\u0151l.<\/p>\n<p>5.4. Az adatkezel\u00e9s c\u00e9lja: Adatkezel\u0151vel t\u00f6rt\u00e9n\u0151 \u00fczenetv\u00e1lt\u00e1s lehet\u0151v\u00e9 t\u00e9tele a Felhaszn\u00e1l\u00f3 sz\u00e1m\u00e1ra.<\/p>\n<p>Az ezzel kapcsolatos szolg\u00e1ltat\u00e1sok:<\/p>\n<ul>\n<li>\u00fczenet \u00edr\u00e1sa a weboldalon,<\/li>\n<li>e-mail \u00fatj\u00e1n k\u00fcld\u00f6tt \u00fczenet fogad\u00e1sa (a webhelyen felt\u00fcntetett e-mail c\u00edm(ek) haszn\u00e1lat\u00e1val),<\/li>\n<li>a fenti m\u00f3dokon Adatkezel\u0151h\u00f6z \u00e9rkez\u0151 \u00fczenetek megv\u00e1laszol\u00e1sa, amit Adatkezel\u0151\u00a02 munkanapon bel\u00fcl teljes\u00edt.<\/li>\n<\/ul>\n<p>5.5. Az adatkezel\u00e9s id\u0151tartama: Az \u00fczenet megv\u00e1laszol\u00e1s\u00e1ig, illetve a Felhaszn\u00e1l\u00f3 ig\u00e9ny\u00e9nek teljes\u00edt\u00e9s\u00e9ig tart. Adatkezel\u0151 az \u00fczenet megv\u00e1laszol\u00e1s\u00e1t\/ig\u00e9ny teljes\u00edt\u00e9s\u00e9t k\u00f6vet\u0151en t\u00f6rli az e c\u00e9lb\u00f3l kezelt adatokat. Amennyiben az inform\u00e1ci\u00f3cser\u00e9re t\u00f6bb, kapcsol\u00f3d\u00f3 t\u00e9m\u00e1j\u00fa \u00fczenetv\u00e1lt\u00e1ssal ker\u00fcl sor, abban az esetben az inform\u00e1ci\u00f3csere befejezt\u00e9vel, illetve az ig\u00e9ny teljes\u00edt\u00e9s\u00e9t k\u00f6vet\u0151en\u00a0t\u00f6rli Adatkezel\u0151 az adatokat.<\/p>\n<p>Amennyiben az \u00fczenetv\u00e1lt\u00e1s nyom\u00e1n szerz\u0151d\u00e9sk\u00f6t\u00e9s j\u00f6n l\u00e9tre, \u00e9s az \u00fczenetek tartalma a szerz\u0151d\u00e9s szempontj\u00e1b\u00f3l l\u00e9nyeges, abban az esetben az adatkezel\u00e9s jogalapja \u00e9s id\u0151tartama a \u201eMegrendel\u00e9shez kapcsol\u00f3d\u00f3 adatkezel\u00e9s\u201d fejezetben \u00edrtak szerint alakul (megrendel\u00e9shez kapcsol\u00f3d\u00f3 adatkezel\u00e9s).<\/p>\n<p>5.6. Az adatok t\u00e1rol\u00e1s\u00e1nak m\u00f3dja: Adatkezel\u0151 informatikai rendszer\u00e9ben elk\u00fcl\u00f6n\u00fcl\u0151 adatkezel\u00e9si list\u00e1n.<\/p>\n<p><b>6. H\u00edrlev\u00e9l k\u00fcld\u00e9shez kapcsol\u00f3d\u00f3 adatkezel\u00e9s<\/b><\/p>\n<p>\u00a0<\/p>\n<p>6.1. Az adatkezel\u00e9ssel \u00e9rintett: az a Felhaszn\u00e1l\u00f3, aki a webhelyen a h\u00edrlev\u00e9l feliratkoz\u00e1sra szolg\u00e1l\u00f3 mez\u0151k kit\u00f6lt\u00e9s\u00e9vel \u00e9s a hozz\u00e1j\u00e1rul\u00f3 nyilatkozat bejel\u00f6l\u00e9s\u00e9vel a h\u00edrlev\u00e9lre.<\/p>\n<p>6.2. Az adatkezel\u00e9s jogalapja: a\u00a0GDPR 6. cikk (1) bekezd\u00e9s\u00e9nek a) pontja \u00e9s a Grt. 6. \u00a7 (1) \u00e9s (2) bekezd\u00e9sei alapj\u00e1n a Felhaszn\u00e1l\u00f3 hozz\u00e1j\u00e1rul\u00e1sa. Az \u00f6nk\u00e9ntes hozz\u00e1j\u00e1rul\u00e1st Felhaszn\u00e1l\u00f3 jelen adatkezel\u00e9si t\u00e1j\u00e9koztat\u00f3 megismer\u00e9s\u00e9vel \u00e9s a h\u00edrlev\u00e9l feliratkoz\u00e1sra szolg\u00e1l\u00f3 mez\u0151k kit\u00f6lt\u00e9s\u00e9vel, az ott tal\u00e1lhat\u00f3 hozz\u00e1j\u00e1rul\u00f3 nyilatkozat bejel\u00f6l\u00e9s\u00e9vel adja meg. Ezzel Felhaszn\u00e1l\u00f3 kijelenti, hogy hozz\u00e1j\u00e1rul adatainak az adatkezel\u00e9si t\u00e1j\u00e9koztat\u00f3ban meghat\u00e1rozottak szerinti kezel\u00e9s\u00e9hez, \u00e9s a h\u00edrlevelek k\u00fcld\u00e9s\u00e9hez.<\/p>\n<p>A h\u00edrlev\u00e9l szolg\u00e1ltat\u00e1s a hasznos inform\u00e1ci\u00f3k k\u00fcld\u00e9se mellett az Adatkezel\u0151 \u00e1ltali\u00a0<b>k\u00f6zvetlen \u00fczletszerz\u00e9st is c\u00e9lozza<\/b>. E szolg\u00e1ltat\u00e1sra a t\u00f6bbi szolg\u00e1ltat\u00e1s ig\u00e9nybev\u00e9tel\u00e9t\u0151l f\u00fcggetlen\u00fcl iratkozhat fel Felhaszn\u00e1l\u00f3. E szolg\u00e1ltat\u00e1s ig\u00e9nybev\u00e9tele \u00f6nk\u00e9ntes, Felhaszn\u00e1l\u00f3 megfelel\u0151 t\u00e1j\u00e9koztat\u00e1s\u00e1t k\u00f6vet\u0151en meghozott d\u00f6nt\u00e9s\u00e9n alapul. Amennyiben Felhaszn\u00e1l\u00f3 nem veszi ig\u00e9nybe a h\u00edrlev\u00e9l szolg\u00e1ltat\u00e1st, az nem j\u00e1r r\u00e1 n\u00e9zve h\u00e1tr\u00e1nnyal a webhely haszn\u00e1lat\u00e1t \u00e9s tov\u00e1bbi szolg\u00e1ltat\u00e1sainak ig\u00e9nybev\u00e9tel\u00e9t tekintve. Adatkezel\u0151 a k\u00f6zvetlen \u00fczletszerz\u00e9st c\u00e9lz\u00f3 szolg\u00e1ltat\u00e1s\u00e1nak ig\u00e9nybev\u00e9tel\u00e9t nem szabja felt\u00e9telk\u00e9nt b\u00e1rmely m\u00e1s szolg\u00e1ltat\u00e1s\u00e1nak ig\u00e9nybev\u00e9tel\u00e9hez.<\/p>\n<p>6.3. Kezelt adatok k\u00f6r\u00e9nek meghat\u00e1roz\u00e1sa:<\/p>\n<ul>\n<li>n\u00e9v,<\/li>\n<li>e-mail c\u00edm.<\/li>\n<\/ul>\n<p>6.4. Az adatkezel\u00e9s c\u00e9lja: h\u00edrlevelek k\u00fcld\u00e9se Adatkezel\u0151 \u00e1ltal Felhaszn\u00e1l\u00f3 r\u00e9sz\u00e9re, e-mail \u00fatj\u00e1n. A h\u00edrlevelek k\u00fcld\u00e9se Adatkezel\u0151 szolg\u00e1ltat\u00e1s\u00e1r\u00f3l, \u00fajdons\u00e1gokr\u00f3l \u00e9s aktualit\u00e1sokr\u00f3l sz\u00f3l\u00f3 inform\u00e1ci\u00f3k, figyelemfelh\u00edv\u00f3 aj\u00e1nlatok, rekl\u00e1mc\u00e9l\u00fa \u00e9s elad\u00e1s\u00f6szt\u00f6nz\u0151 tartalmak k\u00fcld\u00e9s\u00e9t jelenti.<\/p>\n<p>6.6. Az adatkezel\u00e9s id\u0151tartama: Adatkezel\u0151 a h\u00edrlev\u00e9l k\u00fcld\u00e9se c\u00e9lj\u00e1b\u00f3l kezelt adatokat Felhaszn\u00e1l\u00f3 erre vonatkoz\u00f3 hozz\u00e1j\u00e1rul\u00e1s\u00e1nak visszavon\u00e1s\u00e1ig (leiratkoz\u00e1sig), illetve az adatok Felhaszn\u00e1l\u00f3 k\u00e9r\u00e9s\u00e9re t\u00f6rt\u00e9n\u0151 t\u00f6rl\u00e9s\u00e9ig kezeli.<\/p>\n<p>6.7. Az adatok t\u00e1rol\u00e1s\u00e1nak m\u00f3dja: Adatkezel\u0151 informatikai rendszer\u00e9ben elk\u00fcl\u00f6n\u00fcl\u0151 adatkezel\u00e9si list\u00e1n.<\/p>\n<p>\u00a0<\/p>\n<p><b>7. Regisztr\u00e1ci\u00f3hoz kapcsol\u00f3d\u00f3 adatkezel\u00e9s<\/b><\/p>\n<p><b>\u00a0<\/b><\/p>\n<p>7.1. Az adatkezel\u00e9ssel \u00e9rintettek k\u00f6re: a webhelyen regisztr\u00e1l\u00f3 Felhaszn\u00e1l\u00f3k.<\/p>\n<p>7.2. Az adatkezel\u00e9s jogalapja: a GDPR\u00a06. cikk\u00a0(1) bekezd\u00e9s\u00e9nek a) pontja alapj\u00e1n a Felhaszn\u00e1l\u00f3 hozz\u00e1j\u00e1rul\u00e1sa. Az \u00f6nk\u00e9ntes hozz\u00e1j\u00e1rul\u00e1st Felhaszn\u00e1l\u00f3 a regisztr\u00e1ci\u00f3 sor\u00e1n megjelen\u0151 adatlap kit\u00f6lt\u00e9s\u00e9vel \u00e9s az adatkezel\u00e9si nyilatkozat el\u0151tti jel\u00f6l\u0151n\u00e9gyzet bejel\u00f6l\u00e9s\u00e9vel, v\u00e9g\u00fcl a regisztr\u00e1ci\u00f3 v\u00e9gleges\u00edt\u00e9s\u00e9hez sz\u00fcks\u00e9ges gombra kattint\u00e1ssal adja meg.<\/p>\n<p>7.3. Kezelt adatok k\u00f6r\u00e9nek meghat\u00e1roz\u00e1sa: Regisztr\u00e1l\u00f3 felhaszn\u00e1l\u00f3k eset\u00e9ben az adatkezel\u00e9s a fent hivatkozott regisztr\u00e1ci\u00f3s adatlapon felt\u00fcntetett, kit\u00f6ltend\u0151 szem\u00e9lyes adatok \u00e9s el\u00e9rhet\u0151s\u00e9gek k\u00f6r\u00e9t \u00e9rinti.<\/p>\n<p>Az adatok k\u00f6re:<\/p>\n<ul>\n<li>vezet\u00e9kn\u00e9v,<\/li>\n<li>keresztn\u00e9v,<\/li>\n<li>e-mail c\u00edm,<\/li>\n<li>jelsz\u00f3.<\/li>\n<\/ul>\n<p><br \/>Az adatkezel\u00e9s c\u00e9lja: a webhelyen t\u00f6rt\u00e9n\u0151 regisztr\u00e1ci\u00f3, a rendszeres v\u00e1s\u00e1rl\u00e1s megk\u00f6nny\u00edt\u00e9se.<\/p>\n<p>Az ezzel kapcsolatos szolg\u00e1ltat\u00e1sok:<\/p>\n<ul>\n<li>szem\u00e9lyes fi\u00f3k l\u00e9trehoz\u00e1sa a Felhaszn\u00e1l\u00f3 sz\u00e1m\u00e1ra,<\/li>\n<li>term\u00e9k online megrendel\u00e9s\u00e9nek megk\u00f6nny\u00edt\u00e9se a megrendel\u00e9s teljes\u00edt\u00e9s\u00e9hez sz\u00fcks\u00e9ges adatok elt\u00e1rol\u00e1s\u00e1val, illetve ezen adatok \u00f6n\u00e1ll\u00f3 m\u00f3dos\u00edt\u00e1s\u00e1nak lehet\u0151v\u00e9 t\u00e9tele a Felhaszn\u00e1l\u00f3 sz\u00e1m\u00e1ra,<\/li>\n<li>a kor\u00e1bbi megrendel\u00e9sek elt\u00e1rol\u00e1sa \u00e9s hozz\u00e1f\u00e9rhet\u0151v\u00e9 t\u00e9tele a Felhaszn\u00e1l\u00f3 sz\u00e1m\u00e1ra a felhaszn\u00e1l\u00f3i fi\u00f3kban.<\/li>\n<\/ul>\n<p>7.4. Az adatkezel\u00e9s id\u0151tartama: A regisztr\u00e1lt Felhaszn\u00e1l\u00f3k eset\u00e9ben az adatkezel\u00e9s id\u0151tartama a regisztr\u00e1lt Felhaszn\u00e1l\u00f3 k\u00e9relm\u00e9re t\u00f6rt\u00e9n\u0151 t\u00f6rl\u00e9sig tart. Az adatkezel\u00e9s megsz\u0171nhet tov\u00e1bb\u00e1 a regisztr\u00e1ci\u00f3 Felhaszn\u00e1l\u00f3 \u00e1ltali t\u00f6rl\u00e9s\u00e9vel, illetve a Felhaszn\u00e1l\u00f3 regisztr\u00e1ci\u00f3j\u00e1nak Adatkezel\u0151 \u00e1ltali t\u00f6rl\u00e9s\u00e9vel is. Felhaszn\u00e1l\u00f3 b\u00e1rmikor t\u00f6r\u00f6lheti regisztr\u00e1ci\u00f3j\u00e1t, illetve k\u00e9rheti annak t\u00f6rl\u00e9s\u00e9t Adatkezel\u0151t\u0151l, mely k\u00e9relmet Adatkezel\u0151 halad\u00e9ktalanul, de legk\u00e9s\u0151bb a k\u00e9relem be\u00e9rkez\u00e9s\u00e9t k\u00f6vet\u0151 10 munkanapon bel\u00fcl v\u00e9grehajt.<\/p>\n<p>7.5. Az adatok t\u00e1rol\u00e1s\u00e1nak m\u00f3dja: Adatkezel\u0151 informatikai rendszer\u00e9ben elk\u00fcl\u00f6n\u00fcl\u0151 adatkezel\u00e9si list\u00e1n.<\/p>\n<p>\u00a0<\/p>\n<p><b>8. Megrendel\u00e9shez kapcsol\u00f3d\u00f3 adatkezel\u00e9s<\/b><\/p>\n<p>\u00a0<\/p>\n<p>8.1. Az adatkezel\u00e9ssel \u00e9rintettek k\u00f6re: a webhelyen megrendel\u00e9st lead\u00f3 Felhaszn\u00e1l\u00f3k.<\/p>\n<p>8.2. Az adatkezel\u00e9s jogalapja: a GDPR 6. cikk (1) bekezd\u00e9s\u00e9nek b) pontja, miszerint az adatkezel\u00e9s olyan szerz\u0151d\u00e9s teljes\u00edt\u00e9s\u00e9hez sz\u00fcks\u00e9ges, amelyben a Felhaszn\u00e1l\u00f3 az egyik f\u00e9l.<\/p>\n<p>8.3. Kezelt adatok k\u00f6r\u00e9nek meghat\u00e1roz\u00e1sa: az adatkezel\u00e9s az al\u00e1bbi szem\u00e9lyes adatok \u00e9s el\u00e9rhet\u0151s\u00e9gek k\u00f6r\u00e9t \u00e9rinti.<\/p>\n<p>A Felhaszn\u00e1l\u00f3<\/p>\n<ul>\n<li>vezet\u00e9kneve<\/li>\n<li>keresztneve<\/li>\n<li>sz\u00e1ml\u00e1z\u00e1si c\u00edm<\/li>\n<li>telefonsz\u00e1ma<\/li>\n<li>e-mail c\u00edme<\/li>\n<li>sz\u00e1ll\u00edt\u00e1si c\u00edm<\/li>\n<li>megrendelt term\u00e9k(ek) megjel\u00f6l\u00e9se<\/li>\n<li>megrendelt term\u00e9k(ek) v\u00e9tel\u00e1ra<\/li>\n<li>\u00e1tv\u00e9tel\/k\u00e9zbes\u00edt\u00e9s m\u00f3dja<\/li>\n<li>fizet\u00e9si m\u00f3d<\/li>\n<li>megrendel\u00e9skor Felhaszn\u00e1l\u00f3 \u00e1ltal esetlegesen megadott egy\u00e9b, a megrendel\u00e9s teljes\u00edt\u00e9s\u00e9hez sz\u00fcks\u00e9ges\u00a0inform\u00e1ci\u00f3k<\/li>\n<li>megrendel\u00e9s id\u0151pontja<\/li>\n<li>fizet\u00e9s id\u0151pontja<\/li>\n<\/ul>\n<p>8.4. Az adatkezel\u00e9s c\u00e9lja: a megrendel\u00e9s nyom\u00e1n l\u00e9trej\u00f6v\u0151 szerz\u0151d\u00e9s megk\u00f6t\u00e9se \u00e9s teljes\u00edt\u00e9se.<\/p>\n<p>8.5. Az adatkezel\u00e9s id\u0151tartama:\u00a0a megrendel\u00e9s teljes\u00edt\u00e9s\u00e9hez kezelt fenti adatokat\u00a0az Adatkezel\u0151 a sz\u00e1mviteli t\u00f6rv\u00e9nyb\u0151l fakad\u00f3 bizonylat-meg\u0151rz\u00e9si k\u00f6telezetts\u00e9g\u00a0teljes\u00edt\u00e9s\u00e9hez sz\u00fcks\u00e9ges ideig kezeli. Ez az id\u0151 a sz\u00e1mviteli t\u00f6rv\u00e9ny \u00e9rtelm\u00e9ben a sz\u00e1mla ki\u00e1ll\u00edt\u00e1s\u00e1t\u00f3l sz\u00e1m\u00edtott legal\u00e1bb 8 \u00e9v, melynek eltelt\u00e9t k\u00f6vet\u0151en az adatokat Adatkezel\u0151 egy \u00e9ven bel\u00fcl t\u00f6rli.<\/p>\n<p>A megrendel\u00e9s teljes\u00edt\u00e9s\u00e9hez sz\u00fcks\u00e9ges kisz\u00e1ll\u00edt\u00e1s sor\u00e1n az ehhez sz\u00fcks\u00e9ges adatok (n\u00e9v, sz\u00e1ll\u00edt\u00e1si c\u00edm, telefonsz\u00e1m) e c\u00e9lb\u00f3l t\u00f6rt\u00e9n\u0151 kezel\u00e9se a kisz\u00e1ll\u00edt\u00e1s teljes\u00edt\u00e9s\u00e9ig tart. Adatkezel\u0151 a sz\u00e1ll\u00edt\u00e1s teljes\u00edt\u00e9s\u00e9hez sz\u00fcks\u00e9ges adatok sz\u00e1ll\u00edt\u00e1st v\u00e9gz\u0151nek t\u00f6rt\u00e9n\u0151 tov\u00e1bb\u00edt\u00e1sakor adatkezel\u00e9si korl\u00e1toz\u00e1ssal \u00e9l, miszerint sz\u00e1ll\u00edt\u00e1st v\u00e9gz\u0151 a tov\u00e1bb\u00edtott adatokat csak a sz\u00e1ll\u00edt\u00e1s teljes\u00edt\u00e9s\u00e9hez sz\u00fcks\u00e9ges m\u00e9rt\u00e9kben \u00e9s ideig kezelheti.<\/p>\n<p>A sz\u00e1ll\u00edt\u00e1st v\u00e9gz\u0151 v\u00e1llalat jogos \u00e9rdeke lehet azonban az esetleges panaszok, reklam\u00e1ci\u00f3k, polg\u00e1ri jogi vit\u00e1k felmer\u00fcl\u00e9se eset\u00e9re a fenti adatok vagy azok egy r\u00e9sz\u00e9nek bizonyos ideig t\u00f6rt\u00e9n\u0151 meg\u0151rz\u00e9se. Ezt azonban m\u00e1r mint \u00f6n\u00e1ll\u00f3 Adatkezel\u0151 v\u00e9gzi, err\u0151l b\u0151vebb felvil\u00e1gos\u00edt\u00e1st az adott szolg\u00e1ltat\u00f3 adatkezel\u00e9si t\u00e1j\u00e9koztat\u00f3j\u00e1ban olvashat Felhaszn\u00e1l\u00f3. Adatkezel\u0151 \u00e1ltal ig\u00e9nybe vett ilyen szolg\u00e1ltat\u00f3k jelen t\u00e1j\u00e9koztat\u00f3 \u201eAdatfeldolgoz\u00f3 ig\u00e9nybev\u00e9tele\u201d c\u00edm\u0171 fejezetben tal\u00e1lhat\u00f3k, ahol az adatkezel\u00e9si t\u00e1j\u00e9koztat\u00f3jukat tartalmaz\u00f3 webhely\u00fck el\u00e9rhet\u0151s\u00e9ge is megjel\u00f6l\u00e9sre ker\u00fclt.<\/p>\n<p>A megrendel\u00e9s sor\u00e1n kezelt esetleges tov\u00e1bbi adatokat \u2013 pl. a Felhaszn\u00e1l\u00f3 \u00e9s Adatkezel\u0151 megrendel\u00e9ssel kapcsolatos l\u00e9nyeges tartalm\u00fa \u00fczenetei \u2013 Adatkezel\u0151 a szerz\u0151d\u00e9sk\u00f6t\u00e9st\u0151l sz\u00e1m\u00edtott 5 \u00e9v \u2013 a polg\u00e1ri jogi k\u00f6vetel\u00e9sekre alkalmazand\u00f3 \u00e1ltal\u00e1nos el\u00e9v\u00fcl\u00e9si id\u0151 \u2013 eltelt\u00e9ig kezeli.<\/p>\n<p>8.6. Az adatok t\u00e1rol\u00e1s\u00e1nak m\u00f3dja: Adatkezel\u0151 informatikai rendszer\u00e9ben elk\u00fcl\u00f6n\u00fcl\u0151 adatkezel\u00e9si list\u00e1n, illetve a szab\u00e1lyos sz\u00e1mvitelhez sz\u00fcks\u00e9ges adatok a sz\u00e1mvitelr\u0151l sz\u00f3l\u00f3 t\u00f6rv\u00e9ny \u00e1ltal el\u0151\u00edrt bizonylat-meg\u0151rz\u00e9si k\u00f6telezetts\u00e9g teljes\u00edt\u00e9se \u00e9rdek\u00e9ben sz\u00e1mviteli bizonylatokon.<\/p>\n<p>\u00a0<\/p>\n<p><b>9. Adattov\u00e1bb\u00edt\u00e1s<\/b><\/p>\n<p>9.1. Az adattov\u00e1bb\u00edt\u00e1ssal \u00e9rintettek k\u00f6re: a webhelyen a megrendel\u00e9s sor\u00e1n online fizet\u00e9si m\u00f3dot v\u00e1laszt\u00f3 Felhaszn\u00e1l\u00f3k a webhely \u00e1ltal biztos\u00edtott egy\u00e9b szolg\u00e1ltat\u00e1sok ig\u00e9nybev\u00e9tel\u00e9t\u0151l f\u00fcggetlen\u00fcl.<\/p>\n<p>9.2. Az adattov\u00e1bb\u00edt\u00e1s c\u00edmzettje:<\/p>\n<p>N\u00e9v: Stripe Technology Europe, Limited (&#8222;STEL&#8221;)<span class=\"Apple-converted-space\">\u00a0<\/span><\/p>\n<p>C\u00e9gb\u00edr\u00f3s\u00e1gi\/b\u00edr\u00f3s\u00e1gi nyilv\u00e1ntart\u00e1si sz\u00e1m: C187865<\/p>\n<p>Sz\u00e9khely: The One Building, 1, Lower Grand Canal Street, Dublin 2, \u00cdrorsz\u00e1g (&#8222;STEL&#8221;)<\/p>\n<p>Weboldal: <a href=\"https:\/\/stripe.com\/en-hu\">https:\/\/stripe.com\/en-hu<\/a><\/p>\n<p>gazdas\u00e1gi t\u00e1rsas\u00e1g, mint az Adatkezel\u0151 webhely\u00e9n ig\u00e9nybe vehet\u0151 online fizet\u00e9si szolg\u00e1ltat\u00e1s szolg\u00e1ltat\u00f3ja.<\/p>\n<p>Az online bankk\u00e1rty\u00e1s \u00e9s egy\u00e9b fizet\u00e9si m\u00f3dok a Stripe rendszer\u00e9n kereszt\u00fcl val\u00f3sulnak meg. <br \/>Tov\u00e1bbi inform\u00e1ci\u00f3k a Stripe-r\u00f3l (angol nyelv\u0171 oldal):\u00a0\u00a0<a href=\"https:\/\/stripe.com\/en-hu\">stripe.com<\/a><br \/>Stripe adatv\u00e9delem, nyilatkozatok, szab\u00e1lyzatok\u00a0<\/p>\n<p>9.3. Adattov\u00e1bb\u00edt\u00e1s jogalapja: a GDPR 6. cikk (1) bekezd\u00e9s\u00e9nek f) pontja alapj\u00e1n a C\u00edmzett jogos \u00e9rdeke.<\/p>\n<p>C\u00edmzett a r\u00e1 vonatkoz\u00f3 jogszab\u00e1lyok alapj\u00e1n csal\u00e1smegel\u0151z\u0151 \u00e9s \u2013felder\u00edt\u0151 rendszer \u00fczemeltet\u00e9s\u00e9re k\u00f6teles a fizet\u00e9si szolg\u00e1ltat\u00e1s ny\u00fajt\u00e1s\u00e1val kapcsolatban, \u00e9s az ehhez sz\u00fcks\u00e9ges szem\u00e9lyes adatokat jogosult kezelni. C\u00edmzett kialak\u00edtotta a jogszab\u00e1lyi k\u00f6telezetts\u00e9g\u00e9nek megfelel\u0151 rendszert, melynek m\u0171k\u00f6dtet\u00e9s\u00e9hez az Adatkezel\u0151 \u00e1ltali adattov\u00e1bb\u00edt\u00e1s sz\u00fcks\u00e9ges. Ennek megfelel\u0151en a C\u00edmzett jogos \u00e9rdeke, hogy a jogszab\u00e1lyi k\u00f6telezetts\u00e9g\u00e9nek teljes\u00edt\u00e9se \u00e9rdek\u00e9ben a csal\u00e1smegel\u0151z\u0151 \u00e9s \u2013felder\u00edt\u0151 rendszert \u00fczemeltetni tudja.<\/p>\n<p>Adatkezel\u0151 \u00e9s a C\u00edmzett jogos \u00e9rdeke a csal\u00e1smegel\u0151z\u00e9s, az online fizet\u00e9sek megfelel\u0151 m\u0171k\u00f6d\u00e9s\u00e9nek biztos\u00edt\u00e1sa. Mindk\u00e9t szervezet f\u0151 bev\u00e9teli forr\u00e1s\u00e1hoz kapcsol\u00f3dik a fizet\u00e9si szolg\u00e1ltat\u00e1s megfelel\u0151 m\u0171k\u00f6d\u00e9se. Mindemellett Felhaszn\u00e1l\u00f3 \u00e9rdeke is mindez, k\u00fcl\u00f6n\u00f6sen a bankk\u00e1rtya adatokkal val\u00f3 vissza\u00e9l\u00e9s elker\u00fcl\u00e9se.<\/p>\n<p>Az adattov\u00e1bb\u00edt\u00e1s lehet\u0151v\u00e9 teszi a csal\u00e1sok kisz\u0171r\u00e9s\u00e9t, felder\u00edt\u00e9s\u00e9t \u00e9s a fizet\u00e9si folyamat sor\u00e1n esetlegesen felmer\u00fcl\u0151 akad\u00e1lyok elh\u00e1r\u00edt\u00e1s\u00e1t.<\/p>\n<p>Felhaszn\u00e1l\u00f3 foglal\u00e1s\/megrendel\u00e9s sor\u00e1n kezelt adatainak k\u00f6r\u00e9b\u0151l ker\u00fclnek tov\u00e1bb\u00edt\u00e1sra az adatok titkos\u00edtott adatforgalmat biztos\u00edt\u00f3 elektronikus csatorn\u00e1n kereszt\u00fcl, kiz\u00e1r\u00f3lag a C\u00edmzett r\u00e9sz\u00e9re \u00e9s csak az online bankk\u00e1rty\u00e1s fizet\u00e9s megt\u00f6rt\u00e9nte eset\u00e9n, melyeket a C\u00edmzett m\u00e1s c\u00e9lra nem haszn\u00e1l fel. Mindebb\u0151l k\u00f6vetkezik, hogy az adattov\u00e1bb\u00edt\u00e1s Felhaszn\u00e1l\u00f3ra n\u00e9zve jelent\u0151s kock\u00e1zattal nem j\u00e1r, tov\u00e1bbi \u00e9rz\u00e9kelhet\u0151 hat\u00e1st nem gyakorol r\u00e1.<\/p>\n<p>Az adatok tov\u00e1bb\u00edt\u00e1sa sz\u00fcks\u00e9ges az itt \u00edrt c\u00e9lok el\u00e9r\u00e9s\u00e9hez, \u00e9s alkalmas is a fizet\u00e9si szolg\u00e1ltat\u00e1s biztons\u00e1gosabb\u00e1 t\u00e9tel\u00e9re.<\/p>\n<p>Figyelembe v\u00e9ve a fentieket, illetve a be\u00e9p\u00edtett garanci\u00e1lis int\u00e9zked\u00e9seket, az adattov\u00e1bb\u00edt\u00e1s nem jelent indokolatlan m\u00e9rt\u00e9k\u0171 beavatkoz\u00e1st a Felhaszn\u00e1l\u00f3k mag\u00e1n\u00e9let\u00e9be, ez\u00e9rt az adatok tov\u00e1bb\u00edt\u00e1sa sz\u00fcks\u00e9ges \u00e9s ar\u00e1nyos adatkezel\u00e9si m\u0171velet.<\/p>\n<p>9.4. A tov\u00e1bb\u00edtott adatok k\u00f6re:<\/p>\n<ul>\n<li>a v\u00e1s\u00e1rl\u00e1s sor\u00e1n kos\u00e1rba helyezett term\u00e9kek \u00e9s a kos\u00e1rban megjelen\u0151 v\u00e1s\u00e1rl\u00e1si adatok (\u00e1rak, k\u00f6lts\u00e9gek),<\/li>\n<li>n\u00e9v,<\/li>\n<li>telefonsz\u00e1m,<\/li>\n<li>e-mail c\u00edm,<\/li>\n<li>c\u00edm.<\/li>\n<\/ul>\n<p>A fizet\u00e9s sor\u00e1n megadott bankk\u00e1rtya adatokat Felhaszn\u00e1l\u00f3 k\u00f6zvetlen\u00fcl a fizet\u00e9si szolg\u00e1ltat\u00f3nak adja meg, \u00edgy azok nem ker\u00fclnek Adatkezel\u0151 birtok\u00e1ba.<\/p>\n<p>9.5. Az adattov\u00e1bb\u00edt\u00e1s c\u00e9lja: A fizet\u00e9si szolg\u00e1ltat\u00e1s megfelel\u0151 m\u0171k\u00f6dtet\u00e9se \u00e9s a fizet\u00e9s technikai \u00e9rtelemben vett lebonyol\u00edt\u00e1sa, a tranzakci\u00f3k visszaigazol\u00e1sa, a felhaszn\u00e1l\u00f3k \u00e9rdekei v\u00e9delme \u00e9rdek\u00e9ben v\u00e9gzett fraud-monitoring \u2013 az elektronikus \u00faton kezdem\u00e9nyezett banki tranzakci\u00f3k kontrollj\u00e1t t\u00e1mogat\u00f3 csal\u00e1sfelder\u00edt\u0151 rendszer \u2013 m\u0171k\u00f6dtet\u00e9se, valamint a Felhaszn\u00e1l\u00f3 r\u00e9sz\u00e9re t\u00f6rt\u00e9n\u0151 \u00fcgyf\u00e9lszolg\u00e1lati seg\u00edts\u00e9gny\u00fajt\u00e1s.<\/p>\n<p>9.6. Az online fizet\u00e9si szolg\u00e1ltat\u00e1st biztos\u00edt\u00f3 v\u00e1llalkoz\u00e1s \u00e1ltal megval\u00f3s\u00edtott adatkezel\u00e9sr\u0151l, az adatkezel\u00e9s tov\u00e1bbi k\u00f6r\u00fclm\u00e9nyeir\u0151l \u2013 a t\u00f6bbi k\u00f6z\u00f6tt a jogalapj\u00e1r\u00f3l, c\u00e9lj\u00e1r\u00f3l, kezelt adatok pontos k\u00f6r\u00e9r\u0151l, adatkezel\u00e9s id\u0151tartam\u00e1r\u00f3l \u2013 a Felhaszn\u00e1l\u00f3 b\u0151vebben t\u00e1j\u00e9koz\u00f3dhat a v\u00e1llalkoz\u00e1s weboldal\u00e1n.<\/p>\n<p>9.7. Adatkezel\u0151 \u00fczleti vagy marketing c\u00e9llal nem tov\u00e1bb\u00edt adatokat harmadik szem\u00e9lyeknek.<\/p>\n<p>9.8. Adatkezel\u0151 a fenti eseten k\u00edv\u00fcl kiz\u00e1r\u00f3lag t\u00f6rv\u00e9nyes k\u00f6telezetts\u00e9g eset\u00e9n, hat\u00f3s\u00e1goknak tov\u00e1bb\u00edt adatokat.<\/p>\n<p>\u00a0<\/p>\n<p><b>10. Adatfeldolgoz\u00f3 ig\u00e9nybev\u00e9tele<\/b><\/p>\n<p>Adatkezel\u0151 adatfeldolgoz\u00f3k\u00e9nt veszi ig\u00e9nybe az al\u00e1bbi gazd\u00e1lkod\u00f3 szervezeteket.<\/p>\n<p>10.1. T\u00e1rhelyszolg\u00e1ltat\u00f3<\/p>\n<p>10.1.1. Az adatfeldolgoz\u00e1ssal \u00e9rintettek k\u00f6re: a webhelyet megl\u00e1togat\u00f3 Felhaszn\u00e1l\u00f3k a webhely \u00e1ltal biztos\u00edtott szolg\u00e1ltat\u00e1sok ig\u00e9nybev\u00e9tel\u00e9t\u0151l f\u00fcggetlen\u00fcl.<\/p>\n<p>10.1.2. Adatkezel\u0151 adatfeldolgoz\u00f3k\u00e9nt veszi ig\u00e9nybe a(z)<\/p>\n<p>Sybell Informatika Kft.<\/p>\n<p>C\u00e9gjegyz\u00e9ksz\u00e1m:\u00a0\u00a001-09-293034<\/p>\n<p>Ad\u00f3sz\u00e1m:\u00a025859502-2-42<\/p>\n<p>Sz\u00e9khely:\u00a01158 Budapest, K\u00e9sm\u00e1rk u. 7\/B 2. em. 206.<\/p>\n<p>Telephely:\u00a01158 Budapest, K\u00e9sm\u00e1rk u. 7\/B 2. em. 206.<\/p>\n<p>\u00dczleti tev\u00e9kenys\u00e9g helye:\u00a01158 Budapest, K\u00e9sm\u00e1rk u. 7\/B 2. em. 206.<\/p>\n<p>Telefon:\u00a0+36 1 707 67 26<\/p>\n<p>E-mail c\u00edm:\u00a0<a href=\"mailto:hello@sybell.hu\">hello@sybell.hu<\/a><\/p>\n<p>gazdas\u00e1gi t\u00e1rsas\u00e1got, mint webt\u00e1rhely szolg\u00e1ltat\u00f3t (a tov\u00e1bbiakban: Adatfeldolgoz\u00f3).<\/p>\n<p>10.1.3. Az adatfeldolgoz\u00e1ssal \u00e9rintett adatok k\u00f6r\u00e9nek meghat\u00e1roz\u00e1sa: az adatfeldolgoz\u00e1s a jelen t\u00e1j\u00e9koztat\u00f3ban megjel\u00f6lt \u00f6sszes adatot \u00e9rinti.<\/p>\n<p>10.1.4. Az adatfeldolgoz\u00e1s c\u00e9lja: a webhely inform\u00e1ci\u00f3technol\u00f3giai \u00e9rtelemben vett m\u0171k\u00f6d\u00e9s\u00e9nek biztos\u00edt\u00e1sa.<\/p>\n<p>10.1.5. Az adatfeldolgoz\u00e1s id\u0151tartama: megegyezik a jelen t\u00e1j\u00e9koztat\u00f3ban az egyes adatk\u00f6r\u00f6ket \u00e9rint\u0151 adatkezel\u00e9si c\u00e9lok szerint szab\u00e1lyozott adatkezel\u00e9sekn\u00e9l jelzett adatkezel\u00e9si id\u0151tartamokkal.<\/p>\n<p>10.1.6. Az adatok feldolgoz\u00e1sa kiz\u00e1r\u00f3lag a webhely informatikai \u00e9rtelemben vett \u00fczemeltet\u00e9s\u00e9hez sz\u00fcks\u00e9ges t\u00e1rhely biztos\u00edt\u00e1s\u00e1t jelent.<\/p>\n<p>10.3. H\u00edrlev\u00e9lk\u00fcld\u00e9ssel kapcsolatos adatfeldolgoz\u00e1s.<\/p>\n<p>10.3.1. Az adatfeldolgoz\u00e1ssal \u00e9rintettek k\u00f6re: a webhelyen h\u00edrlev\u00e9lre feliratkoz\u00f3 Felhaszn\u00e1l\u00f3k a webhely \u00e1ltal biztos\u00edtott egy\u00e9b szolg\u00e1ltat\u00e1sok ig\u00e9nybev\u00e9tel\u00e9t\u0151l f\u00fcggetlen\u00fcl.<\/p>\n<p>10.3.2. Adatkezel\u0151 adatfeldolgoz\u00f3k\u00e9nt veszi ig\u00e9nybe a(z)<\/p>\n<p>C\u00e9gn\u00e9v: ARURA Ill\u00f3olaj Manufakt\u00fara Kft.<span class=\"Apple-converted-space\">\u00a0<\/span><\/p>\n<p>Sz\u00e9khely: 7900 Szigetv\u00e1r, Sz\u00e9chenyi utca 98-104.<span class=\"Apple-converted-space\">\u00a0<\/span><\/p>\n<p>Telephely: 7900 Szigetv\u00e1r, Sz\u00e9chenyi utca 98-104.<\/p>\n<p>\u00dczleti tev\u00e9kenys\u00e9g helye: 7900 Szigetv\u00e1r, Sz\u00e9chenyi utca 98-104.<\/p>\n<p>Ad\u00f3sz\u00e1m: 25489738-1-02<span class=\"Apple-converted-space\">\u00a0<\/span><\/p>\n<p>C\u00e9gjegyz\u00e9k sz\u00e1m: 02 09 082053<span class=\"Apple-converted-space\">\u00a0<\/span><\/p>\n<p>Elektronikus el\u00e9rhet\u0151s\u00e9g: <a href=\"mailto:info@arura.hu\">info@arura.hu<\/a><span class=\"Apple-converted-space\">\u00a0<\/span><\/p>\n<p>Telefon: +36 70 882 7805<span class=\"Apple-converted-space\">\u00a0<\/span><\/p>\n<p>mint az Adatkezel\u0151 \u00e1ltal haszn\u00e1lt h\u00edrlev\u00e9lk\u00fcld\u0151 szoftver fejleszt\u0151j\u00e9t \u00e9s karbantart\u00f3j\u00e1t (a tov\u00e1bbiakban: Adatfeldolgoz\u00f3).<\/p>\n<p>\u00a0<\/p>\n<p>10.3.3. Az adatfeldolgoz\u00e1ssal \u00e9rintett adatok k\u00f6r\u00e9nek meghat\u00e1roz\u00e1sa: az adatfeldolgoz\u00e1s a h\u00edrlev\u00e9lre feliratkoz\u00f3 Felhaszn\u00e1l\u00f3 nev\u00e9t \u00e9s e-mail c\u00edm\u00e9t \u00e9rinti.<\/p>\n<p>10.3.4. Az adatfeldolgoz\u00e1s c\u00e9lja: az Adatkezel\u0151 \u00e1ltal h\u00edrlev\u00e9l k\u00fcld\u00e9shez haszn\u00e1lt szoftver inform\u00e1ci\u00f3technol\u00f3giai \u00e9rtelemben vett m\u0171k\u00f6d\u00e9s\u00e9nek biztos\u00edt\u00e1sa, a szoftver biztons\u00e1gos m\u0171k\u00f6dtet\u00e9s\u00e9hez sz\u00fcks\u00e9ges technikai m\u0171veletekben megnyilv\u00e1nul\u00f3 adatkezel\u00e9s \u00fatj\u00e1n.<\/p>\n<p>10.3.5. Az adatfeldolgoz\u00e1s id\u0151tartama: Felhaszn\u00e1l\u00f3 h\u00edrlev\u00e9l k\u00fcld\u00e9sre vonatkoz\u00f3 hozz\u00e1j\u00e1rul\u00e1s\u00e1nak visszavon\u00e1s\u00e1ig (leiratkoz\u00e1sig), illetve az adatok Felhaszn\u00e1l\u00f3 k\u00e9r\u00e9s\u00e9re t\u00f6rt\u00e9n\u0151 t\u00f6rl\u00e9s\u00e9ig.<\/p>\n<p>10.3.6. Az adatok feldolgoz\u00e1sa kiz\u00e1r\u00f3lag a h\u00edrlev\u00e9l k\u00fcld\u0151 szoftver informatikai \u00e9rtelemben vett \u00fczemeltet\u00e9s\u00e9hez sz\u00fcks\u00e9ges technikai m\u0171veleteket jelenti.<\/p>\n<p>\u00a0<\/p>\n<p>10.4. Term\u00e9k kisz\u00e1ll\u00edt\u00e1s\u00e1val kapcsolatos adatfeldolgoz\u00e1s.<\/p>\n<p>10.4.1. Az adatfeldolgoz\u00e1ssal \u00e9rintettek k\u00f6re: azok a Felhaszn\u00e1l\u00f3k, akik a term\u00e9ket az \u00e1ltaluk megjel\u00f6lt c\u00edmre sz\u00e1ll\u00edt\u00e1ssal rendelik meg.<\/p>\n<p>10.4.2. Adatkezel\u0151 adatfeldolgoz\u00f3k\u00e9nt veszi ig\u00e9nybe a(z)<\/p>\n<p>Magyar Posta Zrt.<\/p>\n<p>C\u00e9gjegyz\u00e9ksz\u00e1m:\u00a001-10-042463<\/p>\n<p>Ad\u00f3sz\u00e1m:\u00a010901232-4-44<\/p>\n<p>Sz\u00e9khely:\u00a01138 Budapest, Dunavir\u00e1g utca 2-6.<\/p>\n<p>Telephely:\u00a01138 Budapest, Dunavir\u00e1g utca 2-6.<\/p>\n<p>\u00dczleti tev\u00e9kenys\u00e9g helye:\u00a01138 Budapest, Dunavir\u00e1g utca 2-6.<\/p>\n<p>Telefon: 06-1-767-8282<\/p>\n<p>E-mail c\u00edm: ugyfelszolgalat@posta.hu<\/p>\n<p>\u00a0<\/p>\n<p>DPD Hungary Kft.<\/p>\n<p>C\u00e9gjegyz\u00e9ksz\u00e1m:\u00a001-09-888141<\/p>\n<p>Ad\u00f3sz\u00e1m:\u00a013034283-2-44<\/p>\n<p>Sz\u00e9khely:\u00a01134 Budapest\u00a0V\u00e1ci \u00fat 33., A \u00e9p\u00fclet II. emelet<\/p>\n<p>Telephely:\u00a01134 Budapest\u00a0V\u00e1ci \u00fat 33., A \u00e9p\u00fclet II. emelet<\/p>\n<p>\u00dczleti tev\u00e9kenys\u00e9g helye:\u00a01134 Budapest\u00a0V\u00e1ci \u00fat 33., A \u00e9p\u00fclet II. emelet<\/p>\n<p>Telefon:\u00a0+36 1 501 6200<\/p>\n<p>E-mail c\u00edm:\u00a0dpd@dpd.hu<\/p>\n<p>\u00a0<\/p>\n<p>mint a term\u00e9keket kisz\u00e1ll\u00edt\u00f3 szolg\u00e1ltat\u00f3t (a tov\u00e1bbiakban: Adatfeldolgoz\u00f3),<\/p>\n<p>\u00a0<\/p>\n<p>C\u00e9gn\u00e9v: ARURA Ill\u00f3olaj Manufakt\u00fara Kft.<span class=\"Apple-converted-space\">\u00a0<\/span><\/p>\n<p>Sz\u00e9khely: 7900 Szigetv\u00e1r, Sz\u00e9chenyi utca 98-104.<span class=\"Apple-converted-space\">\u00a0<\/span><\/p>\n<p>Telephely: 7900 Szigetv\u00e1r, Sz\u00e9chenyi utca 98-104.<\/p>\n<p>\u00dczleti tev\u00e9kenys\u00e9g helye: 7900 Szigetv\u00e1r, Sz\u00e9chenyi utca 98-104.<\/p>\n<p>Ad\u00f3sz\u00e1m: 25489738-1-02<span class=\"Apple-converted-space\">\u00a0<\/span><\/p>\n<p>C\u00e9gjegyz\u00e9k sz\u00e1m: 02 09 082053<span class=\"Apple-converted-space\">\u00a0<\/span><\/p>\n<p>Elektronikus el\u00e9rhet\u0151s\u00e9g: <a href=\"mailto:info@arura.hu\">info@arura.hu<\/a><span class=\"Apple-converted-space\">\u00a0<\/span><\/p>\n<p>Telefon: +36 70 882 7805<span class=\"Apple-converted-space\">\u00a0<\/span><\/p>\n<p>\u00a0<\/p>\n<p>mint a term\u00e9keket \u00e1tv\u00e9teli pontra kisz\u00e1ll\u00edt\u00f3 szolg\u00e1ltat\u00f3t (a tov\u00e1bbiakban: Adatfeldolgoz\u00f3),<\/p>\n<p>\u00a0<\/p>\n<p>Magyar Posta Zrt. (csomagautomata)<\/p>\n<p>C\u00e9gjegyz\u00e9ksz\u00e1m:\u00a001-10-042463<\/p>\n<p>Ad\u00f3sz\u00e1m:\u00a010901232-4-44<\/p>\n<p>Sz\u00e9khely:\u00a01138 Budapest, Dunavir\u00e1g utca 2-6.<\/p>\n<p>Telephely:\u00a01138 Budapest, Dunavir\u00e1g utca 2-6.<\/p>\n<p>\u00dczleti tev\u00e9kenys\u00e9g helye:\u00a01138 Budapest, Dunavir\u00e1g utca 2-6.<\/p>\n<p>Telefon: 06-1-767-8282<\/p>\n<p>E-mail c\u00edm: ugyfelszolgalat@posta.hu<\/p>\n<p>\u00a0<\/p>\n<p>mint a term\u00e9keket \u00e1tv\u00e9teli pontra kisz\u00e1ll\u00edt\u00f3 szolg\u00e1ltat\u00f3t (a tov\u00e1bbiakban: Adatfeldolgoz\u00f3).<\/p>\n<p>\u00a0<\/p>\n<p>10.4.3. Az adatfeldolgoz\u00e1ssal \u00e9rintett adatok k\u00f6r\u00e9nek meghat\u00e1roz\u00e1sa: az adatfeldolgoz\u00e1s a Felhaszn\u00e1l\u00f3 megrendel\u00e9se nyom\u00e1n l\u00e9trej\u00f6v\u0151 szerz\u0151d\u00e9s teljes\u00edt\u00e9se (kisz\u00e1ll\u00edt\u00e1s v\u00e9grehajt\u00e1sa) \u00e9rdek\u00e9ben Felhaszn\u00e1l\u00f3 al\u00e1bbi adatait \u00e9rinti:<\/p>\n<ul>\n<li>vezet\u00e9kn\u00e9v,<\/li>\n<li>keresztn\u00e9v,<\/li>\n<li>telefonsz\u00e1m,<\/li>\n<li>sz\u00e1ll\u00edt\u00e1si c\u00edm.<\/li>\n<\/ul>\n<p>10.4.4. Az adatfeldolgoz\u00e1s c\u00e9lja: a Felhaszn\u00e1l\u00f3 megrendel\u00e9se nyom\u00e1n l\u00e9trej\u00f6v\u0151 szerz\u0151d\u00e9s teljes\u00edt\u00e9s\u00e9nek keret\u00e9ben a megrendelt term\u00e9k kisz\u00e1ll\u00edt\u00e1s\u00e1nak v\u00e9grehajt\u00e1sa\u00a0a Felhaszn\u00e1l\u00f3 \u00e1ltal megjel\u00f6lt c\u00edmre t\u00f6rt\u00e9n\u0151 k\u00e9zbes\u00edt\u00e9ssel, sz\u00fcks\u00e9g eset\u00e9n a k\u00e9zbes\u00edt\u00e9s hely\u00e9nek \u00e9s idej\u00e9nek t\u00e1rgy\u00e1ban telefonon t\u00f6rt\u00e9n\u0151 egyeztet\u00e9ssel.<\/p>\n<p>10.4.5. Az adatfeldolgoz\u00e1s id\u0151tartama: a kisz\u00e1ll\u00edt\u00e1s \u00e9s k\u00e9zbes\u00edt\u00e9s teljes\u00edt\u00e9s\u00e9hez sz\u00fcks\u00e9ges ideig tart.<\/p>\n<p>10.4.6. Az adatok feldolgoz\u00e1sa kiz\u00e1r\u00f3lag a kisz\u00e1ll\u00edt\u00e1s \u00e9s k\u00e9zbes\u00edt\u00e9s teljes\u00edt\u00e9s\u00e9hez sz\u00fcks\u00e9ges adatkezel\u00e9si m\u0171veleteket jelenti.<\/p>\n<p>\u00a0<\/p>\n<p>10.5. Sz\u00e1ml\u00e1k el\u0151\u00e1ll\u00edt\u00e1s\u00e1val\u00a0kapcsolatos adatfeldolgoz\u00e1s.<\/p>\n<p>10.5.1. Az adatfeldolgoz\u00e1ssal \u00e9rintettek k\u00f6re: a webhelyen megrendel\u00e9st lead\u00f3 Felhaszn\u00e1l\u00f3k a webhely \u00e1ltal biztos\u00edtott egy\u00e9b szolg\u00e1ltat\u00e1sok ig\u00e9nybev\u00e9tel\u00e9t\u0151l f\u00fcggetlen\u00fcl.<\/p>\n<p>\u00a010.5.2. Adatkezel\u0151 adatfeldolgoz\u00f3k\u00e9nt veszi ig\u00e9nybe a(z)<\/p>\n<p>Provimax Kft.<\/p>\n<p>C\u00e9gjegyz\u00e9ksz\u00e1m:\u00a001-09-404803<\/p>\n<p>Ad\u00f3sz\u00e1m:\u00a012159778-2-42<\/p>\n<p>Sz\u00e9khely:\u00a01149 Budapest, T\u00e1bornok u. 11\/A f\u00f6ldszint.<\/p>\n<p>Telephely:\u00a0\u00a01149 Budapest, T\u00e1bornok u. 11\/A f\u00f6ldszint.<\/p>\n<p>\u00dczleti tev\u00e9kenys\u00e9g helye:\u00a0\u00a01149 Budapest, T\u00e1bornok u. 11\/A f\u00f6ldszint.<\/p>\n<p>Telefon:\u00a0\u00a0\u00a0(+36) 1 470-0051<\/p>\n<p>E-mail c\u00edm:\u00a0\u00a0provimax@provimax.hu<\/p>\n<p>\u00a0<\/p>\n<p>mint az Adatkezel\u0151 \u00e1ltal haszn\u00e1lt\u00a0sz\u00e1ml\u00e1z\u00f3 szoftver fejleszt\u0151j\u00e9t\u00a0\u00e9s karbantart\u00f3j\u00e1t (a tov\u00e1bbiakban:\u00a0<b>Adatfeldolgoz\u00f3<\/b>).<\/p>\n<p>\u00a0<\/p>\n<p>10.5.3. Az adatfeldolgoz\u00e1ssal \u00e9rintett adatok k\u00f6r\u00e9nek meghat\u00e1roz\u00e1sa: az adatfeldolgoz\u00e1s a megrendel\u00e9st lead\u00f3 felhaszn\u00e1l\u00f3 nev\u00e9t \u00e9s c\u00edm\u00e9t, valamint a megrendelt \u00e1rucikk(ek) \u00e9s\/vagy szolg\u00e1ltat\u00e1s(ok) megjel\u00f6l\u00e9s\u00e9t, a v\u00e1s\u00e1rl\u00e1s id\u0151pontj\u00e1t \u00e9s\u00a0a v\u00e9tel\u00e1rat, sz\u00e1ll\u00edt\u00e1si d\u00edjat \u00e9s esetleges egy\u00e9b d\u00edjakat\u00a0tartalmaz\u00f3 bizonylatokat \u00e9rinti.<\/p>\n<p>10.5.4. Az adatfeldolgoz\u00e1s c\u00e9lja: az Adatkezel\u0151 \u00e1ltal a sz\u00e1ml\u00e1k ki\u00e1ll\u00edt\u00e1s\u00e1hoz haszn\u00e1lt szoftver inform\u00e1ci\u00f3technol\u00f3giai \u00e9rtelemben vett m\u0171k\u00f6d\u00e9s\u00e9nek biztos\u00edt\u00e1sa, a szoftver biztons\u00e1gos m\u0171k\u00f6dtet\u00e9s\u00e9hez\u00a0sz\u00fcks\u00e9ges technikai m\u0171veletekben megnyilv\u00e1nul\u00f3 adatkezel\u00e9s \u00fatj\u00e1n.<\/p>\n<p>10.5.5. Az adatfeldolgoz\u00e1s id\u0151tartama: a sz\u00e1mviteli t\u00f6rv\u00e9nyb\u0151l fakad\u00f3 bizonylatmeg\u0151rz\u00e9si k\u00f6telezetts\u00e9g\u00a0teljes\u00edt\u00e9s\u00e9hez sz\u00fcks\u00e9ges ideig &#8211; a sz\u00e1mla ki\u00e1ll\u00edt\u00e1s\u00e1t\u00f3l sz\u00e1m\u00edtott 8 \u00e9vig &#8211; tart.<\/p>\n<p>10.5.6. Az adatok feldolgoz\u00e1sa kiz\u00e1r\u00f3lag a sz\u00e1mla ki\u00e1ll\u00edt\u00e1s\u00e1hoz haszn\u00e1lt szoftver informatikai \u00e9rtelemben vett \u00fczemeltet\u00e9s\u00e9hez sz\u00fcks\u00e9ges technikai m\u0171veleteket jelenti.<\/p>\n<p>\u00a0<\/p>\n<p>10.6. K\u00f6nyvel\u00e9si szolg\u00e1ltat\u00e1ssal\u00a0kapcsolatos adatfeldolgoz\u00e1s.<\/p>\n<p>10.6.1. Az adatfeldolgoz\u00e1ssal \u00e9rintettek k\u00f6re: a megrendel\u00e9st lead\u00f3 Felhaszn\u00e1l\u00f3k.<\/p>\n<p>10.6.2. Adatkezel\u0151 adatfeldolgoz\u00f3k\u00e9nt veszi ig\u00e9nybe<\/p>\n<p>AS\u00d3KA AUDIT Korl\u00e1tolt Felel\u0151ss\u00e9g\u0171 T\u00e1rsas\u00e1g<\/p>\n<p>C\u00e9gjegyz\u00e9ksz\u00e1m: 02 09 074581<\/p>\n<p>Ad\u00f3sz\u00e1m: 14880410202<\/p>\n<p>Sz\u00e9khely: 7900 Szigetv\u00e1r, Sz\u00e9chenyi u. 98.<\/p>\n<p>Telephely:\u00a07900 Szigetv\u00e1r, Sz\u00e9chenyi u. 98.<\/p>\n<p>Telefon: +36 73 510-414<\/p>\n<p>\u00a0<\/p>\n<p>mint az Adatkezel\u0151 gazdas\u00e1gi tev\u00e9kenys\u00e9g\u00e9nek\u00a0k\u00f6nyvel\u0151j\u00e9t\u00a0(a tov\u00e1bbiakban:\u00a0<b>Adatfeldolgoz\u00f3<\/b>).<\/p>\n<p>10.6.3. Az adatfeldolgoz\u00e1ssal \u00e9rintett adatok k\u00f6r\u00e9nek meghat\u00e1roz\u00e1sa: az adatfeldolgoz\u00e1s a megrendel\u00e9st lead\u00f3 Felhaszn\u00e1l\u00f3 nev\u00e9t \u00e9s c\u00edm\u00e9t, valamint a megrendelt \u00e1rucikk(ek) megjel\u00f6l\u00e9s\u00e9t, a v\u00e1s\u00e1rl\u00e1s id\u0151pontj\u00e1t \u00e9s\u00a0a v\u00e9tel\u00e1rat, sz\u00e1ll\u00edt\u00e1si d\u00edjat \u00e9s esetleges egy\u00e9b d\u00edjakat\u00a0tartalmaz\u00f3 bizonylatokon szerepl\u0151 adatokat \u00e9rinti.<\/p>\n<p>10.6.4. Az adatfeldolgoz\u00e1s c\u00e9lja: az Adatkezel\u0151 \u00e1ltal v\u00e9gzett gazdas\u00e1gi tev\u00e9kenys\u00e9gre vonatkoz\u00f3an jogszab\u00e1ly \u00e1ltal el\u0151\u00edrt sz\u00e1mviteli k\u00f6telezetts\u00e9gek teljes\u00edt\u00e9se a fenti Adatfeldolgoz\u00f3 szolg\u00e1ltat\u00e1s\u00e1nak ig\u00e9nybev\u00e9tele \u00fatj\u00e1n.<\/p>\n<p>10.6.5. Az adatfeldolgoz\u00e1s id\u0151tartama: legfeljebb a sz\u00e1mviteli t\u00f6rv\u00e9nyb\u0151l fakad\u00f3 bizonylat-meg\u0151rz\u00e9si k\u00f6telezetts\u00e9g\u00a0teljes\u00edt\u00e9s\u00e9hez sz\u00fcks\u00e9ges ideig \u2013 a sz\u00e1mla ki\u00e1ll\u00edt\u00e1s\u00e1t\u00f3l sz\u00e1m\u00edtott 8. \u00e9v eltelt\u00e9t k\u00f6vet\u0151 \u00e9vben bek\u00f6vetkez\u0151 t\u00f6rl\u00e9sig \u2013 tart.<\/p>\n<p>10.6.6. Az adatok feldolgoz\u00e1sa kiz\u00e1r\u00f3lag a sz\u00e1mviteli k\u00f6telezetts\u00e9gek teljes\u00edt\u00e9s\u00e9hez \u00e9s ellen\u0151rz\u00e9s\u00e9hez sz\u00fcks\u00e9ges m\u0171veleteket jelenti.<\/p>\n<p>\u00a0<\/p>\n<p>10.7. Adatfeldolgoz\u00e1s m\u00e1s c\u00e9lra nem t\u00f6rt\u00e9nik.<\/p>\n<p>\u00a0<\/p>\n<p>10.8. Adatkezel\u0151 a fent megjel\u00f6lt Adatfeldolgoz\u00f3kon k\u00edv\u00fcl m\u00e1s adatfeldolgoz\u00f3t nem vesz ig\u00e9nybe.<\/p>\n<p>\u00a0<\/p>\n<p><b>11. Felhaszn\u00e1l\u00f3 adatkezel\u00e9ssel kapcsolatos jogai<\/b><\/p>\n<p>\u00a0<\/p>\n<p>11.1.<b>\u00a0Hozz\u00e1f\u00e9r\u00e9si jog:\u00a0<\/b>Felhaszn\u00e1l\u00f3 k\u00e9relm\u00e9re az Adatkezel\u0151 t\u00e1j\u00e9koztat\u00e1st ad a Felhaszn\u00e1l\u00f3 \u00e1ltala kezelt, illetve az \u00e1ltala vagy rendelkez\u00e9se szerint megb\u00edzott Adatfeldolgoz\u00f3 \u00e1ltal feldolgozott adatair\u00f3l, azok forr\u00e1s\u00e1r\u00f3l, az adatkezel\u00e9s c\u00e9lj\u00e1r\u00f3l, jogalapj\u00e1r\u00f3l, id\u0151tartam\u00e1r\u00f3l, az Adatfeldolgoz\u00f3 nev\u00e9r\u0151l, c\u00edm\u00e9r\u0151l \u00e9s az adatkezel\u00e9ssel \u00f6sszef\u00fcgg\u0151 tev\u00e9kenys\u00e9g\u00e9r\u0151l, az esetlegesen bek\u00f6vetkezett adatv\u00e9delmi incidens k\u00f6r\u00fclm\u00e9nyeir\u0151l, hat\u00e1sair\u00f3l \u00e9s az elh\u00e1r\u00edt\u00e1s\u00e1ra megtett int\u00e9zked\u00e9sekr\u0151l, tov\u00e1bb\u00e1 &#8211; az \u00e9rintett szem\u00e9lyes adatainak tov\u00e1bb\u00edt\u00e1sa eset\u00e9n &#8211; az adattov\u00e1bb\u00edt\u00e1s jogalapj\u00e1r\u00f3l \u00e9s c\u00edmzettj\u00e9r\u0151l. A t\u00e1j\u00e9koztat\u00e1st Adatkezel\u0151 indokolatlan k\u00e9sedelem n\u00e9lk\u00fcl, de legk\u00e9s\u0151bb a k\u00e9relem be\u00e9rkez\u00e9s\u00e9t\u0151l sz\u00e1m\u00edtott egy h\u00f3napon bel\u00fcl megadja.<\/p>\n<p>A hozz\u00e1f\u00e9r\u00e9si jog keret\u00e9ben Adatkezel\u0151 az adatkezel\u00e9s t\u00e1rgy\u00e1t k\u00e9pez\u0151 szem\u00e9lyes adatok\u00a0<b>m\u00e1solat\u00e1t\u00a0<\/b>a Felhaszn\u00e1l\u00f3\u00a0rendelkez\u00e9s\u00e9re bocs\u00e1tja, legk\u00e9s\u0151bb a k\u00e9relem be\u00e9rkez\u00e9s\u00e9t\u0151l sz\u00e1m\u00edtott egy h\u00f3napon bel\u00fcl. A\u00a0Felhaszn\u00e1l\u00f3\u00a0\u00e1ltal k\u00e9rt tov\u00e1bbi m\u00e1solatok\u00e9rt az Adatkezel\u0151 az adminisztrat\u00edv k\u00f6lts\u00e9geken alapul\u00f3, \u00e9szszer\u0171 m\u00e9rt\u00e9k\u0171 d\u00edjat sz\u00e1m\u00edthat fel.<\/p>\n<p>\u00a0<\/p>\n<p>11.2.<b>\u00a0Adatok hordozhat\u00f3s\u00e1g\u00e1hoz val\u00f3 jog:\u00a0<\/b>Felhaszn\u00e1l\u00f3 jogosult arra, hogy a r\u00e1 vonatkoz\u00f3, \u00e1ltala az Adatkezel\u0151 rendelkez\u00e9s\u00e9re bocs\u00e1tott szem\u00e9lyes adatokat tagolt, sz\u00e9les k\u00f6rben haszn\u00e1lt, g\u00e9ppel olvashat\u00f3 form\u00e1tumban megkapja, tov\u00e1bb\u00e1 jogosult arra, hogy ezeket az adatokat egy m\u00e1sik adatkezel\u0151nek tov\u00e1bb\u00edtsa an\u00e9lk\u00fcl, hogy ezt akad\u00e1lyozn\u00e1 az az adatkezel\u0151, melynek a szem\u00e9lyes adatokat a rendelkez\u00e9s\u00e9re bocs\u00e1totta, ha:<\/p>\n<ol>\n<li>az adatkezel\u00e9s a Felhaszn\u00e1l\u00f3\u00a0hozz\u00e1j\u00e1rul\u00e1s\u00e1n\u00a0vagy szerz\u0151d\u00e9sen alapul; \u00e9s<\/li>\n<li>az adatkezel\u00e9s automatiz\u00e1lt m\u00f3don t\u00f6rt\u00e9nik.<\/li>\n<\/ol>\n<p>Az adatok hordozhat\u00f3s\u00e1g\u00e1hoz val\u00f3 jog fentiek szerinti gyakorl\u00e1sa sor\u00e1n a Felhaszn\u00e1l\u00f3 jogosult arra, hogy \u2013 ha ez technikailag megval\u00f3s\u00edthat\u00f3 \u2013 k\u00e9rje a szem\u00e9lyes adatok adatkezel\u0151k k\u00f6z\u00f6tti k\u00f6zvetlen tov\u00e1bb\u00edt\u00e1s\u00e1t.<\/p>\n<p>\u00a0<\/p>\n<p>11.3.<b>\u00a0A helyesb\u00edt\u00e9shez val\u00f3 jog:\u00a0<\/b>Felhaszn\u00e1l\u00f3 k\u00e9rheti kezelt adatainak helyesb\u00edt\u00e9s\u00e9t, melyet Adatkezel\u0151 indokolatlan k\u00e9sedelem n\u00e9lk\u00fcl,\u00a0de legk\u00e9s\u0151bb a k\u00e9relem be\u00e9rkez\u00e9s\u00e9t\u0151l sz\u00e1m\u00edtott egy h\u00f3napon bel\u00fcl teljes\u00edt.\u00a0Figyelembe v\u00e9ve az adatkezel\u00e9s c\u00e9lj\u00e1t, Felhaszn\u00e1l\u00f3\u00a0jogosult arra, hogy k\u00e9rje a hi\u00e1nyos szem\u00e9lyes adatok \u2013 egyebek mellett kieg\u00e9sz\u00edt\u0151 nyilatkozat \u00fatj\u00e1n t\u00f6rt\u00e9n\u0151 \u2013 kieg\u00e9sz\u00edt\u00e9s\u00e9t.<\/p>\n<p>\u00a0<\/p>\n<p>11.4.<b>\u00a0Az adatkezel\u00e9s korl\u00e1toz\u00e1s\u00e1hoz val\u00f3 jog:\u00a0<\/b>Adatkezel\u0151 megjel\u00f6li az \u00e1ltala kezelt szem\u00e9lyes adatot az adatkezel\u00e9s korl\u00e1toz\u00e1sa c\u00e9lj\u00e1b\u00f3l. Felhaszn\u00e1l\u00f3 jogosult arra, hogy k\u00e9r\u00e9s\u00e9re az Adatkezel\u0151 korl\u00e1tozza az adatkezel\u00e9st, ha az al\u00e1bbiak valamelyike teljes\u00fcl:<\/p>\n<ol>\n<li>a Felhaszn\u00e1l\u00f3 vitatja a szem\u00e9lyes adatok pontoss\u00e1g\u00e1t, ez esetben a korl\u00e1toz\u00e1s arra az id\u0151tartamra vonatkozik, amely lehet\u0151v\u00e9 teszi, hogy az Adatkezel\u0151 ellen\u0151rizze a szem\u00e9lyes adatok pontoss\u00e1g\u00e1t;<\/li>\n<li>az adatkezel\u00e9s jogellenes, \u00e9s a Felhaszn\u00e1l\u00f3 ellenzi az adatok t\u00f6rl\u00e9s\u00e9t, \u00e9s ehelyett k\u00e9ri azok felhaszn\u00e1l\u00e1s\u00e1nak korl\u00e1toz\u00e1s\u00e1t;<\/li>\n<li>az Adatkezel\u0151nek m\u00e1r nincs sz\u00fcks\u00e9ge a szem\u00e9lyes adatokra adatkezel\u00e9s c\u00e9lj\u00e1b\u00f3l, de az \u00e9rintett ig\u00e9nyli azokat jogi ig\u00e9nyek el\u0151terjeszt\u00e9s\u00e9hez, \u00e9rv\u00e9nyes\u00edt\u00e9s\u00e9hez vagy v\u00e9delm\u00e9hez; vagy<\/li>\n<li>a\u00a0Felhaszn\u00e1l\u00f3 tiltakozott az Adatkezel\u0151 jogos \u00e9rdeke alapj\u00e1n v\u00e9gzett\u00a0adatkezel\u00e9s ellen; ez esetben a korl\u00e1toz\u00e1s arra az id\u0151tartamra vonatkozik, am\u00edg meg\u00e1llap\u00edt\u00e1sra nem ker\u00fcl, hogy az Adatkezel\u0151 jogos indokai els\u0151bbs\u00e9get \u00e9lveznek-e az \u00e9rintett jogos indokaival szemben.<\/li>\n<\/ol>\n<p>\u00a0<\/p>\n<p>11.5.<b>\u00a0A t\u00f6rl\u00e9shez val\u00f3 jog:\u00a0<\/b>Adatkezel\u0151 a szem\u00e9lyes adatot t\u00f6rli, ha:<\/p>\n<ol>\n<li>a szem\u00e9lyes adatokra m\u00e1r nincs sz\u00fcks\u00e9g abb\u00f3l a c\u00e9lb\u00f3l, amelyb\u0151l azokat gy\u0171jt\u00f6tt\u00e9k vagy m\u00e1s m\u00f3don kezelt\u00e9k;<\/li>\n<li>a\u00a0Felhaszn\u00e1l\u00f3 visszavonja az adatkezel\u00e9s alapj\u00e1t k\u00e9pez\u0151 hozz\u00e1j\u00e1rul\u00e1s\u00e1t, \u00e9s az adatkezel\u00e9snek nincs m\u00e1s jogalapja;<\/li>\n<li>a\u00a0Felhaszn\u00e1l\u00f3\u00a0tiltakozik az adatkezel\u00e9s\u00a0ellen, \u00e9s nincs els\u0151bbs\u00e9get \u00e9lvez\u0151 jogszer\u0171 ok az adatkezel\u00e9sre, vagy a\u00a0Felhaszn\u00e1l\u00f3 a tiltakozik a k\u00f6zvetlen \u00fczletszerz\u00e9s \u00e9rdek\u00e9ben t\u00f6rt\u00e9n\u0151 adatkezel\u00e9s ellen;<\/li>\n<li>a szem\u00e9lyes adatokat jogellenesen kezelt\u00e9k;<\/li>\n<li>a szem\u00e9lyes adatokat az adatkezel\u0151re alkalmazand\u00f3 uni\u00f3s vagy tag\u00e1llami jogban el\u0151\u00edrt jogi k\u00f6telezetts\u00e9g teljes\u00edt\u00e9s\u00e9hez t\u00f6r\u00f6lni kell;<\/li>\n<li>a Felhaszn\u00e1l\u00f3 a t\u00f6rl\u00e9st k\u00e9ri, vagy tiltakozik az adatkezel\u00e9s ellen, \u00e9s a szem\u00e9lyes adatok gy\u0171jt\u00e9s\u00e9re\u00a0a k\u00f6zvetlen\u00fcl gyermekeknek k\u00edn\u00e1lt\u00a0inform\u00e1ci\u00f3s t\u00e1rsadalommal \u00f6sszef\u00fcgg\u0151 szolg\u00e1ltat\u00e1sok k\u00edn\u00e1l\u00e1s\u00e1val kapcsolatosan ker\u00fclt sor.<\/li>\n<\/ol>\n<p>Adatkezel\u0151 a helyesb\u00edt\u00e9sr\u0151l, a korl\u00e1toz\u00e1sr\u00f3l\u00a0\u00e9s a t\u00f6rl\u00e9sr\u0151l az \u00e9rintett Felhaszn\u00e1l\u00f3t, tov\u00e1bb\u00e1 mindazokat az adatkezel\u0151ket \u00e9rtes\u00edti, akiknek kor\u00e1bban az adatot\u00a0tov\u00e1bb\u00edtott\u00e1k. Az \u00e9rtes\u00edt\u00e9s mell\u0151zhet\u0151, ha lehetetlennek bizonyul, vagy ar\u00e1nytalanul nagy er\u0151fesz\u00edt\u00e9st ig\u00e9nyel. A Felhaszn\u00e1l\u00f3t\u00a0k\u00e9r\u00e9s\u00e9re az Adatkezel\u0151 t\u00e1j\u00e9koztatja e c\u00edmzettekr\u0151l.<\/p>\n<p>\u00a0<\/p>\n<p>11.6.<b>\u00a0Tiltakoz\u00e1shoz val\u00f3 jog:\u00a0<\/b>A Felhaszn\u00e1l\u00f3 jogosult arra, hogy a saj\u00e1t helyzet\u00e9vel kapcsolatos okokb\u00f3l b\u00e1rmikor tiltakozzon szem\u00e9lyes adatainak Adatkezel\u0151 jogos \u00e9rdek\u00e9n alapul\u00f3\u00a0kezel\u00e9se ellen. Ebben az esetben az adatkezel\u0151 a szem\u00e9lyes adatokat nem kezelheti tov\u00e1bb, kiv\u00e9ve, ha az adatkezel\u0151 bizony\u00edtja, hogy az adatkezel\u00e9st olyan k\u00e9nyszer\u00edt\u0151 erej\u0171 jogos okok indokolj\u00e1k, amelyek els\u0151bbs\u00e9get \u00e9lveznek az \u00e9rintett \u00e9rdekeivel, jogaival \u00e9s szabads\u00e1gaival szemben, vagy amelyek jogi ig\u00e9nyek el\u0151terjeszt\u00e9s\u00e9hez, \u00e9rv\u00e9nyes\u00edt\u00e9s\u00e9hez vagy v\u00e9delm\u00e9hez kapcsol\u00f3dnak.<\/p>\n<p>\u00a0<\/p>\n<p><b>12. Felhaszn\u00e1l\u00f3 k\u00e9relmeinek teljes\u00edt\u00e9se<\/b><\/p>\n<p>\u00a0<\/p>\n<p>12.1. A fentiek szerinti t\u00e1j\u00e9koztat\u00e1st \u00e9s int\u00e9zked\u00e9st d\u00edjmentesen biztos\u00edtja Adatkezel\u0151. Ha az \u00e9rintett Felhaszn\u00e1l\u00f3\u00a0k\u00e9relme egy\u00e9rtelm\u0171en megalapozatlan vagy \u2013 k\u00fcl\u00f6n\u00f6sen ism\u00e9tl\u0151d\u0151 jellege miatt \u2013 t\u00falz\u00f3, az Adatkezel\u0151, figyelemmel a k\u00e9rt inform\u00e1ci\u00f3 vagy t\u00e1j\u00e9koztat\u00e1s ny\u00fajt\u00e1s\u00e1val vagy a k\u00e9rt int\u00e9zked\u00e9s meghozatal\u00e1val j\u00e1r\u00f3 adminisztrat\u00edv k\u00f6lts\u00e9gekre:<\/p>\n<ol>\n<li>\u00e9szszer\u0171 \u00f6sszeg\u0171 d\u00edjat sz\u00e1m\u00edthat fel, vagy<\/li>\n<li>megtagadhatja a k\u00e9relem alapj\u00e1n t\u00f6rt\u00e9n\u0151 int\u00e9zked\u00e9st.<\/li>\n<\/ol>\n<p>\u00a0<\/p>\n<p>12.2. Adatkezel\u0151 indokolatlan k\u00e9sedelem n\u00e9lk\u00fcl, de legk\u00e9s\u0151bb\u00a0a k\u00e9relem be\u00e9rkez\u00e9s\u00e9t\u0151l sz\u00e1m\u00edtott egy h\u00f3napon bel\u00fcl t\u00e1j\u00e9koztatja a Felhaszn\u00e1l\u00f3t a\u00a0k\u00e9relem nyom\u00e1n hozott int\u00e9zked\u00e9sekr\u0151l, ide\u00e9rtve az adatm\u00e1solatok kiad\u00e1s\u00e1t is. Sz\u00fcks\u00e9g eset\u00e9n, figyelembe v\u00e9ve a k\u00e9relem \u00f6sszetetts\u00e9g\u00e9t \u00e9s a k\u00e9relmek sz\u00e1m\u00e1t, ez a hat\u00e1rid\u0151 tov\u00e1bbi k\u00e9t h\u00f3nappal meghosszabb\u00edthat\u00f3. A hat\u00e1rid\u0151 meghosszabb\u00edt\u00e1s\u00e1r\u00f3l az Adatkezel\u0151 a k\u00e9sedelem okainak megjel\u00f6l\u00e9s\u00e9vel a k\u00e9relem k\u00e9zhezv\u00e9tel\u00e9t\u0151l sz\u00e1m\u00edtott egy h\u00f3napon bel\u00fcl t\u00e1j\u00e9koztatja a Felhaszn\u00e1l\u00f3t.\u00a0Ha az \u00e9rintett Felhaszn\u00e1l\u00f3 elektronikus \u00faton ny\u00fajtotta be a k\u00e9relm\u00e9t, a t\u00e1j\u00e9koztat\u00e1st elektronikus \u00faton adja meg Adatkezel\u0151, kiv\u00e9ve, ha az \u00e9rintett Felhaszn\u00e1l\u00f3\u00a0azt m\u00e1sk\u00e9nt k\u00e9ri.<\/p>\n<p>\u00a0<\/p>\n<p>12.3. Ha az Adatkezel\u0151 nem tesz int\u00e9zked\u00e9seket az \u00e9rintett Felhaszn\u00e1l\u00f3 k\u00e9relme nyom\u00e1n, k\u00e9sedelem n\u00e9lk\u00fcl, de legk\u00e9s\u0151bb a k\u00e9relem be\u00e9rkez\u00e9s\u00e9t\u0151l sz\u00e1m\u00edtott egy h\u00f3napon bel\u00fcl t\u00e1j\u00e9koztatja az \u00e9rintettet az int\u00e9zked\u00e9s elmarad\u00e1s\u00e1nak okair\u00f3l, valamint arr\u00f3l, hogy az \u00e9rintett Felhaszn\u00e1l\u00f3\u00a0panaszt ny\u00fajthat be a lentebb megjel\u00f6lt adatv\u00e9delmi hat\u00f3s\u00e1gn\u00e1l, \u00e9s az ugyanott \u00edrtak szerint \u00e9lhet b\u00edr\u00f3s\u00e1gi jogorvoslati jog\u00e1val.<\/p>\n<p>\u00a0<\/p>\n<p>12.4. Felhaszn\u00e1l\u00f3 b\u00e1rmilyen, a szem\u00e9ly\u00e9nek azonos\u00edt\u00e1s\u00e1t lehet\u0151v\u00e9 tev\u0151 m\u00f3don\u00a0beterjesztheti k\u00e9relmeit Adatkezel\u0151h\u00f6z.\u00a0A k\u00e9relmet beterjeszt\u0151 Felhaszn\u00e1l\u00f3 azonos\u00edt\u00e1sa az\u00e9rt sz\u00fcks\u00e9ges, mert a k\u00e9relmeket Adatkezel\u0151 csak az arra jogosultaknak teljes\u00edtheti.\u00a0Ha az Adatkezel\u0151nek megalapozott k\u00e9ts\u00e9gei vannak a k\u00e9relmet beny\u00fajt\u00f3 term\u00e9szetes szem\u00e9ly kil\u00e9t\u00e9vel kapcsolatban, tov\u00e1bbi, az \u00e9rintett Felhaszn\u00e1l\u00f3 szem\u00e9lyazonoss\u00e1g\u00e1nak meger\u0151s\u00edt\u00e9s\u00e9hez sz\u00fcks\u00e9ges inform\u00e1ci\u00f3k ny\u00fajt\u00e1s\u00e1t k\u00e9rheti.<\/p>\n<p>\u00a0<\/p>\n<p>12.5. Felhaszn\u00e1l\u00f3 k\u00e9relmeit postai \u00faton Adatkezel\u0151 *<i>web\u00e1ruh\u00e1z levelez\u00e9si c\u00edme<\/i>\u00a0alatti c\u00edm\u00e9re, e-mailben az *<i>web\u00e1ruh\u00e1z e-mail c\u00edme<\/i>\u00a0e-mail c\u00edmre juttathatja el. E-mailben k\u00fcld\u00f6tt k\u00e9relmet Adatkezel\u0151 csak akkor tekint hitelesnek, ha azt a Felhaszn\u00e1l\u00f3 Adatkezel\u0151nek megadott \u00e9s ott nyilv\u00e1ntartott e-mail c\u00edm\u00e9r\u0151l k\u00fcldik,\u00a0ugyanakkor a m\u00e1sik e-mail c\u00edm haszn\u00e1lata nem jelenti a k\u00e9relem figyelmen k\u00edv\u00fcl hagy\u00e1s\u00e1t. E-mail eset\u00e9ben a k\u00e9zhezv\u00e9tel id\u0151pontj\u00e1nak az elk\u00fcld\u00e9st k\u00f6vet\u0151 els\u0151 munkanapot kell tekinteni.<\/p>\n<p>\u00a0<\/p>\n<p><b>13. Adatv\u00e9delem, adatbiztons\u00e1g<\/b><\/p>\n<p>\u00a0<\/p>\n<p>13.1. Adatkezel\u0151 az adatkezel\u00e9si \u00e9s adatfeldolgoz\u00e1si tev\u00e9kenys\u00e9gei k\u00f6r\u00e9ben gondoskodik az adatok biztons\u00e1g\u00e1r\u00f3l, technikai \u00e9s szervez\u00e9si int\u00e9zked\u00e9sekkel valamint bels\u0151\u00a0elj\u00e1r\u00e1si szab\u00e1lyokkal gondoskodik a\u00a0jogszab\u00e1lyok, valamint az egy\u00e9b adat- \u00e9s titokv\u00e9delmi szab\u00e1lyok \u00e9rv\u00e9nyre juttat\u00e1s\u00e1r\u00f3l. Megfelel\u0151 int\u00e9zked\u00e9sekkel v\u00e9di k\u00fcl\u00f6n\u00f6sen a jogosulatlan hozz\u00e1f\u00e9r\u00e9s, megv\u00e1ltoztat\u00e1s, tov\u00e1bb\u00edt\u00e1s, nyilv\u00e1noss\u00e1gra hozatal, t\u00f6rl\u00e9s vagy megsemmis\u00edt\u00e9s, valamint a v\u00e9letlen megsemmis\u00fcl\u00e9s \u00e9s s\u00e9r\u00fcl\u00e9s, tov\u00e1bb\u00e1 az alkalmazott technika megv\u00e1ltoz\u00e1s\u00e1b\u00f3l fakad\u00f3 hozz\u00e1f\u00e9rhetetlenn\u00e9 v\u00e1l\u00e1s ellen a kezelt adatokat.<\/p>\n<p>\u00a0<\/p>\n<p>13.2. A l\u00e1togatotts\u00e1g m\u00e9r\u00e9s\u00e9nek \u00e9s a webhely haszn\u00e1lat\u00e1ra vonatkoz\u00f3 szok\u00e1sok felt\u00e9rk\u00e9pez\u00e9s\u00e9nek alapj\u00e1ul szolg\u00e1l\u00f3 adatokat Adatkezel\u0151 informatikai rendszere kezdett\u0151l fogva oly m\u00f3don r\u00f6gz\u00edti, hogy\u00a0azok k\u00f6zvetlen\u00fcl nem kapcsolhat\u00f3k egy szem\u00e9lyhez sem.<\/p>\n<p>\u00a0<\/p>\n<p>13.3. Az adatok kezel\u00e9se csak a jelen t\u00e1j\u00e9koztat\u00f3ban meghat\u00e1rozott \u00e9s t\u00f6rv\u00e9nyes c\u00e9l el\u00e9r\u00e9se \u00e9rdek\u00e9ben, ahhoz sz\u00fcks\u00e9ges \u00e9s ar\u00e1nyos m\u00e9rt\u00e9kben t\u00f6rt\u00e9nik, a vonatkoz\u00f3 jogszab\u00e1lyok \u00e9s aj\u00e1nl\u00e1sok alapj\u00e1n, megfelel\u0151 biztons\u00e1gi int\u00e9zked\u00e9sek mellett.<\/p>\n<p>\u00a0<\/p>\n<p>13.4. Ennek \u00e9rdek\u00e9ben Adatkezel\u0151 a webhely el\u00e9r\u00e9s\u00e9hez \u201ehttps\u201d s\u00e9m\u00e1j\u00fa http protokollt haszn\u00e1l, mellyel a webes kommunik\u00e1ci\u00f3 titkos\u00edthat\u00f3 \u00e9s egyedileg azonos\u00edthat\u00f3. Ezen fel\u00fcl a fentieknek megfelel\u0151en Adatkezel\u0151 titkos\u00edtott adat\u00e1llom\u00e1nyok form\u00e1j\u00e1ban r\u00f6gz\u00edtett, adatkezel\u00e9si c\u00e9lonk\u00e9nt elk\u00fcl\u00f6n\u00edtett adatkezel\u00e9si list\u00e1kban t\u00e1rolja a kezelt adatokat, melyekhez Adatkezel\u0151 meghat\u00e1rozott \u2013 jelen t\u00e1j\u00e9koztat\u00f3ban megjel\u00f6lt tev\u00e9kenys\u00e9gekkel kapcsolatos feladatokat ell\u00e1t\u00f3 \u2013 alkalmazottai f\u00e9rhetnek hozz\u00e1, akiknek munkak\u00f6ri felel\u0151ss\u00e9ge\u00a0az adatok v\u00e9delme \u00e9s e t\u00e1j\u00e9koztat\u00f3nak \u00e9s a vonatkoz\u00f3 jogszab\u00e1lyoknak megfelel\u0151 felel\u0151ss\u00e9gteljes kezel\u00e9se.<\/p>\n<p><b>\u00a0<\/b><\/p>\n<p><b>14. Jog\u00e9rv\u00e9nyes\u00edt\u00e9s<\/b><\/p>\n<p>Az \u00e9rintettek jog\u00e9rv\u00e9nyes\u00edt\u00e9si lehet\u0151s\u00e9geiket b\u00edr\u00f3s\u00e1g el\u0151tt gyakorolhatj\u00e1k, valamint a Nemzeti Adatv\u00e9delmi \u00e9s Inform\u00e1ci\u00f3szabads\u00e1g Hat\u00f3s\u00e1ghoz fordulhatnak:<\/p>\n<p><b>Nemzeti Adatv\u00e9delmi \u00e9s Inform\u00e1ci\u00f3szabads\u00e1g Hat\u00f3s\u00e1g<\/b><br \/>C\u00edm: 1125 Budapest, Szil\u00e1gyi Erzs\u00e9bet fasor 22\/c.<br \/>Postac\u00edm: 1530 Budapest, Pf.: 5.<br \/>Telefon: +36 1 391 1400<br \/>Fax: +36 1 391 1410<br \/>E-mail: ugyfelszolgalat@naih.hu<br \/>Webhely:\u00a0<a href=\"http:\/\/www.naih.hu\/\">http:\/\/www.naih.hu\/<\/a><\/p>\n<p>A b\u00edr\u00f3s\u00e1gi \u00fat v\u00e1laszt\u00e1sa eset\u00e9n\u00a0a\u00a0per \u2013 az \u00e9rintett Felhaszn\u00e1l\u00f3 v\u00e1laszt\u00e1sa szerint \u2013 az \u00e9rintett lak\u00f3helye vagy tart\u00f3zkod\u00e1si helye szerinti t\u00f6rv\u00e9nysz\u00e9k el\u0151tt is megind\u00edthat\u00f3, mivel a\u00a0per elb\u00edr\u00e1l\u00e1sa a t\u00f6rv\u00e9nysz\u00e9k hat\u00e1sk\u00f6r\u00e9be tartozik.<\/p>\n<p>Hat\u00e1lyos: 2024.09.15. napt\u00f3l<\/p>\n<p><b>S\u00fctik alkalmaz\u00e1s\u00e1r\u00f3l sz\u00f3l\u00f3 t\u00e1j\u00e9koztat\u00f3<\/b><\/p>\n<p>\u00a0<\/p>\n<p><b>1. Adatkezel\u0151<\/b><\/p>\n<p>A <i>https:\/\/arura.hu<\/i>\u00a0internet c\u00edmen el\u00e9rhet\u0151 webhelyet a(z)<\/p>\n<p>C\u00e9gn\u00e9v: ARURA Ill\u00f3olaj Manufakt\u00fara Kft.<span class=\"Apple-converted-space\">\u00a0<\/span><\/p>\n<p>Sz\u00e9khely: 7900 Szigetv\u00e1r, Sz\u00e9chenyi utca 98-104.<span class=\"Apple-converted-space\">\u00a0<\/span><\/p>\n<p>Ad\u00f3sz\u00e1m: 25489738-1-02<span class=\"Apple-converted-space\">\u00a0<\/span><\/p>\n<p>C\u00e9gjegyz\u00e9k sz\u00e1m: 02 09 082053<span class=\"Apple-converted-space\">\u00a0<\/span><\/p>\n<p>Nyilv\u00e1ntart\u00f3 c\u00e9gb\u00edr\u00f3s\u00e1g: Baranya Megyei B\u00edr\u00f3s\u00e1g, mint C\u00e9gb\u00edr\u00f3s\u00e1g<span class=\"Apple-converted-space\">\u00a0<\/span><\/p>\n<p>Elektronikus el\u00e9rhet\u0151s\u00e9g: <a href=\"mailto:info@arura.hu\">info@arura.hu<\/a><span class=\"Apple-converted-space\">\u00a0<\/span><\/p>\n<p>Telefon: +36 70 882 7805 (nem emeltd\u00edjas sz\u00e1m; munkanapokon 9-16 \u00f3r\u00e1ig h\u00edvhat\u00f3)<span class=\"Apple-converted-space\">\u00a0<\/span><\/p>\n<p><span class=\"Apple-converted-space\">\u00a0<\/span>(a tov\u00e1bbiakban: Adatkezel\u0151) \u00fczemelteti.<\/p>\n<p>T\u00e1j\u00e9koztatjuk, hogy a <i>https:\/\/arura.hu\u00a0<\/i>webhely (a tov\u00e1bbiakban: webhely) szolg\u00e1ltat\u00e1sai sz\u00ednvonal\u00e1nak emel\u00e9se, a webhely haszn\u00e1lat\u00e1nak megk\u00f6nny\u00edt\u00e9se, illetve a biztons\u00e1gi \u00e9s adatv\u00e9delmi kock\u00e1zatok megfelel\u0151 kezel\u00e9se \u00e9rdek\u00e9ben, valamint az \u00d6n hozz\u00e1j\u00e1rul\u00e1sa eset\u00e9n online rekl\u00e1mok megjelen\u00edt\u00e9se c\u00e9lj\u00e1b\u00f3l \u00fan. \u201es\u00fcti\u201d-ket, idegen sz\u00f3val \u201ecookie\u201d-kat haszn\u00e1lunk. Lentebb olvashat \u00e1ltal\u00e1noss\u00e1gban a s\u00fctikr\u0151l, illetve azt k\u00f6vet\u0151en a webhely\u00fcnk\u00f6n m\u0171k\u00f6d\u0151 s\u00fctik \u00e1ltal megval\u00f3s\u00edtott adatkezel\u00e9sr\u0151l.<\/p>\n<p>\u00a0<\/p>\n<p><b>2. A s\u00fctikr\u0151l \u00e1ltal\u00e1ban<\/b><\/p>\n<p>\u00a0<\/p>\n<p>2.1. Mik azok a s\u00fctik?<\/p>\n<p>A s\u00fcti egy olyan kis adategy\u00fcttes (v\u00e1ltoz\u00f3 tartalm\u00fa, alfanumerikus inform\u00e1ci\u00f3 csomag), amelyet az \u00d6n \u00e1ltal b\u00f6ng\u00e9szett webhely szervere k\u00fcld az \u00d6n eszk\u00f6z\u00e9re. A s\u00fcti az \u00d6n sz\u00e1m\u00edt\u00f3g\u00e9p\u00e9nek, telefonj\u00e1nak vagy t\u00e1blag\u00e9p\u00e9nek b\u00f6ng\u00e9sz\u0151programj\u00e1ban elt\u00e1rol\u00f3dik, majd ezt k\u00e9s\u0151bb a k\u00fcld\u0151 szerver onnan kiolvashatja. A s\u00fctit m\u00e1s webhely nem k\u00e9pes elolvasni, csak amely azt elhelyezte. A s\u00fctik t\u00e1j\u00e9koztatnak benn\u00fcnket a l\u00e1togat\u00f3k webhely haszn\u00e1lat\u00e1val kapcsolatos szok\u00e1sair\u00f3l. A s\u00fctiket k\u00fcl\u00f6nb\u00f6z\u0151 c\u00e9lokra lehet felhaszn\u00e1lni; \u00edgy pl. a webhely l\u00e1togatotts\u00e1g\u00e1nak m\u00e9r\u00e9s\u00e9re, illetve a b\u00f6ng\u00e9sz\u00e9s megk\u00f6nny\u00edt\u00e9s\u00e9re a webhelyen bel\u00fcl kor\u00e1bban megnyitott oldalak megjegyz\u00e9s\u00e9vel. Egy s\u00fcti sem tartalmaz olyan szem\u00e9lyes adatot, amely k\u00f6zvetlen\u00fcl lehet\u0151v\u00e9 tenn\u00e9 b\u00e1rki sz\u00e1m\u00e1ra az \u00d6n e-mailen, telefonon, vagy hagyom\u00e1nyos postai \u00faton t\u00f6rt\u00e9n\u0151 el\u00e9r\u00e9s\u00e9t. A s\u00fctik \u00f6nmagukban a felhaszn\u00e1l\u00f3 azonos\u00edt\u00e1s\u00e1ra nem k\u00e9pesek, kiz\u00e1r\u00f3lag a l\u00e1togat\u00f3 eszk\u00f6z\u00e9nek felismer\u00e9s\u00e9re alkalmasak.\u00a0Ha nem k\u00edv\u00e1nja elfogadni a webhelyen a s\u00fctik haszn\u00e1lat\u00e1t, akkor az \u00d6n \u00e1ltal haszn\u00e1lt webb\u00f6ng\u00e9sz\u0151t oly m\u00f3don is be\u00e1ll\u00edthatja, hogy a program \u00fczenettel t\u00e1j\u00e9koztassa \u00d6nt a s\u00fctik elhelyez\u00e9s\u00e9r\u0151l, illetve, hogy megakad\u00e1lyozza azok elhelyez\u00e9s\u00e9t.<\/p>\n<p>\u00a0<\/p>\n<p>2.2. Hogyan szab\u00e1lyozhatja a s\u00fctik m\u0171k\u00f6d\u00e9s\u00e9t?<\/p>\n<p>A webhely\u00fcnk l\u00e1togat\u00e1s\u00e1ra haszn\u00e1lt eszk\u00f6z\u00e9n (sz\u00e1m\u00edt\u00f3g\u00e9p\u00e9n, telefonj\u00e1n vagy t\u00e1blag\u00e9p\u00e9n) s\u00fctiket helyez\u00fcnk el. Webhely\u00fcnk b\u00f6ng\u00e9sz\u00e9s\u00e9nek megkezd\u00e9sekor, a f\u0151oldal bet\u00f6lt\u0151d\u00e9sekor felugr\u00f3 ablakban t\u00e1j\u00e9koztatjuk \u00d6nt err\u0151l.<\/p>\n<p>A webhely\u00fcnk funkci\u00f3inak \u00e9s k\u00e9nyelmes haszn\u00e1lat\u00e1nak biztos\u00edt\u00e1s\u00e1hoz sz\u00fcks\u00e9ges s\u00fctik elhelyez\u00e9s\u00e9hez nem kell beszerezn\u00fcnk az \u00d6n hozz\u00e1j\u00e1rul\u00e1s\u00e1t. A tov\u00e1bbi c\u00e9lokra, \u00fagy mint az \u00d6n eszk\u00f6z\u00e9nek azonos\u00edt\u00e1sa mellett t\u00f6rt\u00e9n\u0151 l\u00e1togat\u00e1selemz\u00e9sre vagy marketing c\u00e9lra folytatott adatgy\u0171jt\u00e9sre alkalmazott s\u00fctik m\u0171k\u00f6d\u00e9s\u00e9nek megkezd\u00e9s\u00e9hez az \u00d6n hozz\u00e1j\u00e1rul\u00e1s\u00e1ra van sz\u00fcks\u00e9g\u00fcnk. A hozz\u00e1j\u00e1rul\u00e1s\u00e1t a fentebb eml\u00edtett felugr\u00f3 ablakban k\u00e9rj\u00fck. Ezt az ablakot az oldal alj\u00e1n elhelyezett \u201eS\u00fcti be\u00e1ll\u00edt\u00e1sok\u201d feliratra kattintva b\u00e1rmikor el\u0151h\u00edvhatja, \u00e9s a k\u00e9s\u0151bbiekben is megv\u00e1ltoztathatja az egyes adatgy\u0171jt\u00e9sekhez val\u00f3 hozz\u00e1j\u00e1rul\u00e1s\u00e1t.<\/p>\n<p>Az \u00e1ltalunk biztos\u00edtott fenti be\u00e1ll\u00edt\u00e1si lehet\u0151s\u00e9gt\u0151l f\u00fcggetlen\u00fcl is b\u00e1rmikor d\u00f6nthet \u00fagy, hogy letiltja \u00e9s t\u00f6rli a s\u00fctiket\u00a0az internetes b\u00f6ng\u00e9sz\u0151je be\u00e1ll\u00edt\u00e1saiban. Azonban felh\u00edvjuk a figyelm\u00e9t, hogy a s\u00fctik haszn\u00e1lata n\u00e9lk\u00fcl nem fog tudni hozz\u00e1f\u00e9rni sok olyan funkci\u00f3hoz, amely megk\u00f6nny\u00edti a b\u00f6ng\u00e9sz\u00e9st, illetve el\u0151fordulhat, hogy bizonyos szolg\u00e1ltat\u00e1saink nem m\u0171k\u00f6dnek megfelel\u0151en.<\/p>\n<p>\u00a0<\/p>\n<p>2.3. A s\u00fctik be\u00e1ll\u00edt\u00e1sainak kezel\u00e9se a b\u00f6ng\u00e9sz\u0151kben<\/p>\n<p>A s\u00fctikre vonatkoz\u00f3 be\u00e1ll\u00edt\u00e1sait m\u00f3dos\u00edthatja a felugr\u00f3 ablakban, illetve a b\u00f6ng\u00e9sz\u0151j\u00e9n kereszt\u00fcl. Letilthatja a s\u00fctik haszn\u00e1lat\u00e1t \u00fagy, hogy b\u00f6ng\u00e9sz\u0151j\u00e9ben aktiv\u00e1lja azt a be\u00e1ll\u00edt\u00e1st, amely lehet\u0151v\u00e9 teszi, hogy visszautas\u00edtsa az \u00f6sszes, vagy bizonyos s\u00fctik elhelyez\u00e9s\u00e9t. Ezek a be\u00e1ll\u00edt\u00e1sok rendszerint a b\u00f6ng\u00e9sz\u0151je \u201ebe\u00e1ll\u00edt\u00e1sok\u201d vagy \u201epreferenci\u00e1k\u201d men\u00fcj\u00e9ben \u00e9rhet\u0151k el. A k\u00f6vetkez\u0151 hivatkoz\u00e1sok haszn\u00e1lat\u00e1val t\u00e1j\u00e9koz\u00f3dhat err\u0151l b\u0151vebben:<\/p>\n<p>Chrome:\u00a0<a href=\"https:\/\/support.google.com\/chrome\/answer\/95647?hl=hu\">https:\/\/support.google.com\/chrome\/answer\/95647?hl=hu<\/a><\/p>\n<p>Firefox:\u00a0<a href=\"https:\/\/support.mozilla.org\/hu\/kb\/sutik-informacio-amelyet-weboldalak-tarolnak-szami?redirectlocale=en-US&amp;redirectslug=Cookies\">https:\/\/support.mozilla.org\/hu\/kb\/sutik-informacio-amelyet-weboldalak-tarolnak-szami?redirectlocale=en-US&amp;redirectslug=Cookies<\/a><\/p>\n<p>Internet Explorer: l\u00e1togassa meg a\u00a0<a href=\"https:\/\/support.microsoft.com\">https:\/\/support.microsoft.com<\/a>\u00a0oldalt, \u00e9s a keres\u0151be \u00edrja be a \u201es\u00fctik\u201d sz\u00f3t.<\/p>\n<p>Safari:\u00a0l\u00e1togassa meg a\u00a0<a href=\"https:\/\/support.apple.com\/hu-hu\">https:\/\/support.apple.com\/hu-hu<\/a>\u00a0oldalt, \u00e9s a keres\u0151be \u00edrja be a \u201ecookies\u201d sz\u00f3t.<\/p>\n<p>Opera:\u00a0<a href=\"http:\/\/help.opera.com\/Windows\/10.50\/hu\/cookies.html\">http:\/\/help.opera.com\/Windows\/10.50\/hu\/cookies.html<\/a><\/p>\n<p>\u00a0<\/p>\n<p>2.4. A s\u00fctik t\u00edpusai<\/p>\n<p>A s\u00fctik lehetnek a munkafolyamat idej\u00e9n \u00e9rv\u00e9nyes \u2013 \u00fan. ideiglenes vagy munkamenet s\u00fctik (session cookie) \u2013, vagy \u00e1lland\u00f3 \u2013 mentett (persistent cookie) \u2013 s\u00fctik \u00e9s megk\u00fcl\u00f6nb\u00f6ztetj\u00fck az els\u0151 f\u00e9lt\u0151l (bels\u0151), illetve a harmadik f\u00e9lt\u0151l sz\u00e1rmaz\u00f3 (k\u00fcls\u0151) s\u00fctiket. Az al\u00e1bbiakban olvashatja mit jelentenek ezek a kifejez\u00e9sek, hogy jobban meg\u00e9rthesse az \u00e1ltalunk haszn\u00e1lt s\u00fctiket, illetve azt, hogy mi\u00e9rt haszn\u00e1ljuk \u0151ket.<\/p>\n<p>\u00a0<\/p>\n<p>2.5. A b\u00f6ng\u00e9sz\u00e9s ideje alatt \u00e9rv\u00e9nyes s\u00fctik<\/p>\n<p>A b\u00f6ng\u00e9sz\u00e9si munkamenet idej\u00e9n \u00e9rv\u00e9nyes s\u00fctik lehet\u0151v\u00e9 teszik, hogy a webhely\u00fcnkre tett l\u00e1togat\u00e1sa sor\u00e1n \u00d6n felismerhet\u0151 legyen, \u00e9s \u00edgy b\u00e1rmely oldalv\u00e1ltoztat\u00e1st, vagy kiv\u00e1laszt\u00e1st a b\u00f6ng\u00e9sz\u0151 megjegyezhessen a webhelyen bel\u00fcl v\u00e9grehajtott b\u00f6ng\u00e9sz\u00e9se sor\u00e1n oldalr\u00f3l oldalra. Ezek a s\u00fctik lehet\u0151v\u00e9 teszik, hogy egy webhely sz\u00e1mos oldal\u00e1n gyorsan \u00e9s k\u00f6nnyed\u00e9n haladhasson v\u00e9gig \u00e9s l\u00e9phessen visszafel\u00e9 an\u00e9lk\u00fcl, hogy minden egyes megl\u00e1togatott oldalon azonos\u00edtania kellene mag\u00e1t, vagy folyamatokat kellene ism\u00e9telnie (pl. egy \u0171rlap kit\u00f6lt\u00e9se). Az oldal b\u00f6ng\u00e9sz\u00e9s\u00e9nek v\u00e9gezt\u00e9vel, illetve a b\u00f6ng\u00e9sz\u0151 bez\u00e1r\u00e1s\u00e1val az ilyen s\u00fctik automatikusan t\u00f6rl\u0151dnek az eszk\u00f6z\u00e9r\u0151l.<\/p>\n<p>\u00a0<\/p>\n<p>2.6. \u00c1lland\u00f3 s\u00fctik<\/p>\n<p>Az \u00e1lland\u00f3 s\u00fctik olyan s\u00fctik, amelyek egy adott ideig (\u00e9rv\u00e9nyess\u00e9gi idej\u00fck napokban, hetekben, h\u00f3napokban vagy \u00e9vekben ker\u00fcl meghat\u00e1roz\u00e1sra) \u201e\u00e1lland\u00f3ak\u201d maradnak a sz\u00e1m\u00edt\u00f3g\u00e9p\u00e9n, miut\u00e1n lej\u00e1rt a b\u00f6ng\u00e9sz\u00e9si folyamat, ez\u00e9rt lehet\u0151v\u00e9 teszik a felhaszn\u00e1l\u00f3k preferenci\u00e1inak vagy m\u0171veleteinek a felid\u00e9z\u00e9s\u00e9t a webhelyre tett k\u00e9s\u0151bbi l\u00e1togat\u00e1s sor\u00e1n is (pl. alkalmaz\u00e1sukkal az adott oldalon \u00e9rv\u00e9nyes felhaszn\u00e1l\u00f3n\u00e9v, jelsz\u00f3 is t\u00e1rolhat\u00f3). Az \u00e9rv\u00e9nyess\u00e9gi id\u0151 lej\u00e1rt\u00e1ig a mentett s\u00fctik az \u00d6n eszk\u00f6z\u00e9n t\u00e1rol\u00f3dnak, azonban az el\u0151re meghat\u00e1rozott hat\u00e1rid\u0151k lej\u00e1rta el\u0151tt \u00d6n t\u00f6r\u00f6lheti ezeket.<\/p>\n<p>\u00a0<\/p>\n<p>2.7. A webhely \u00fczemeltet\u0151j\u00e9t\u0151l\u00a0sz\u00e1rmaz\u00f3 s\u00fctik<\/p>\n<p>A b\u00f6ng\u00e9szett webhely szerver\u00e9r\u0151l \u00e9rkez\u0151 s\u00fctik. Jelen esetben Adatkezel\u0151 \u00e1ltal \u00fczemeltetett webhelyet t\u00e1rol\u00f3 szerverr\u0151l \u00e9rkez\u0151 funkcion\u00e1lis \u00e9s k\u00e9nyelmes haszn\u00e1latot biztos\u00edt\u00f3 s\u00fctikr\u0151l van sz\u00f3, melyek \u00e1ltal\u00e1nos tulajdons\u00e1gait, m\u0171k\u00f6d\u00e9s\u00e9t fentebb r\u00e9szletezt\u00fck. Ezek az \u00d6n eszk\u00f6z\u00e9nek IP-c\u00edm\u00e9t, a webhely haszn\u00e1lata sor\u00e1n megl\u00e1togatott oldalakat, esetlegesen (az \u00d6n d\u00f6nt\u00e9se szerint) a felhaszn\u00e1l\u00f3 nev\u00e9t \u00e9s jelszav\u00e1t jegyzik meg. Ezzel tessz\u00fck lehet\u0151v\u00e9, hogy \u00d6nnek a webhely haszn\u00e1lata sor\u00e1n ne kelljen rendszeresen \u2013 egy-egy \u00fajabb oldal megnyit\u00e1sakor, vagy a webhely elhagy\u00e1s\u00e1t k\u00f6vet\u0151 visszat\u00e9r\u00e9skor \u2013 \u00fajra folyamatokat ism\u00e9telnie, ugyanazon lapok megnyit\u00e1s\u00e1val, illetve \u2013 az \u00d6n d\u00f6nt\u00e9se szerint \u2013 ne kelljen \u00fajra azonos\u00edtania mag\u00e1t, illetve \u00fajra bejelentkeznie. A webhely\u00fcnk regisztr\u00e1lt felhaszn\u00e1l\u00f3i sz\u00e1m\u00e1ra a megfelel\u0151 jogosults\u00e1gok biztos\u00edt\u00e1sa \u00e9rdek\u00e9ben alkalmazzuk a s\u00fctiket; ha a felhaszn\u00e1l\u00f3 bel\u00e9pett a webhelyre, megkapja a sz\u00fcks\u00e9ges jogosults\u00e1gokat. Ezzel kapcsolatban egy\u00e9b inform\u00e1ci\u00f3t nem t\u00e1rolnak ezek a s\u00fctik, azt sem, hogy mikor l\u00e9pett be, ki l\u00e9pett be, egyszer\u0171en a bel\u00e9p\u00e9si jogosults\u00e1got ellen\u0151rizz\u00fck haszn\u00e1latukkal.<\/p>\n<p>Ezek a s\u00fctik \u00fagynevezett munkamenet s\u00fctik, teh\u00e1t a b\u00f6ng\u00e9sz\u00e9s ideje alatt \u00e9rv\u00e9nyesek. Ez azt jelenti, hogy ha valaki b\u00f6ng\u00e9szni kezdi a webhelyet, akkor a s\u00fcti aktiv\u00e1l\u00f3dik, majd a felhaszn\u00e1l\u00f3 utols\u00f3 aktivit\u00e1s\u00e1t k\u00f6vet\u0151en legfeljebb 15 percig \u00e9l, illetve kil\u00e9p\u00e9sekor sz\u0171nik meg.<\/p>\n<p>Kiv\u00e9tel ez al\u00f3l a bel\u00e9p\u00e9si adatokat az \u00d6n d\u00f6nt\u00e9se alapj\u00e1n megjegyz\u0151 s\u00fcti, mely az \u00d6n b\u00f6ng\u00e9sz\u00e9shez haszn\u00e1lt eszk\u00f6z\u00e9n elt\u00e1rol\u00f3dik 365 napig.<\/p>\n<p>\u00a0<\/p>\n<p>2.8. A harmadik f\u00e9lt\u0151l sz\u00e1rmaz\u00f3 s\u00fctik<\/p>\n<p>A harmadik f\u00e9lt\u0151l sz\u00e1rmaz\u00f3 s\u00fctik nem az Adatkezel\u0151t\u0151l illetve a webhelyet t\u00e1rol\u00f3 szerverr\u0151l \u00e9rkeznek. Ezeket a s\u00fctiket a sz\u00e1m\u00edt\u00f3g\u00e9pe, telefonja, t\u00e1blag\u00e9pe is elmenti az oldal l\u00e1togat\u00e1sa sor\u00e1n, az al\u00e1bbiak szerint.<\/p>\n<p>\u00a0<\/p>\n<p>2.8.1. Google s\u00fctik<\/p>\n<p>A Google Analytics\u00a9 f\u00e1jljai az oldal monitoroz\u00e1s\u00e1hoz ny\u00fajtanak seg\u00edts\u00e9get, valamint inform\u00e1ci\u00f3szerz\u00e9sre szolg\u00e1lnak az oldal felhaszn\u00e1l\u00e1s\u00e1nak m\u00f3dj\u00e1r\u00f3l (mint a webhelyet l\u00e1togat\u00f3k sz\u00e1ma, a megtekintett oldalak, a l\u00e1togat\u00f3k telep\u00fcl\u00e9se \u2013 honnan b\u00f6ng\u00e9szik a felhaszn\u00e1l\u00f3 \u2013, honnan \u2013 mely m\u00e1s webhelyr\u0151l \u2013 \u201e\u00e9rkezik\u201d a felhaszn\u00e1l\u00f3, a haszn\u00e1lt b\u00f6ng\u00e9sz\u0151je, oper\u00e1ci\u00f3s rendszere, internet szolg\u00e1ltat\u00f3ja \u00e9s az \u00e1ltala \u00e9ppen haszn\u00e1lt monitor felbont\u00e1sa, az oldal b\u00f6ng\u00e9sz\u00e9s\u00e9nek ideje, mikor hagyta el az oldalt). Ezeket az inform\u00e1ci\u00f3kat statisztik\u00e1k k\u00e9sz\u00edt\u00e9s\u00e9re \u00e9s a webhely tov\u00e1bbi fejleszt\u00e9s\u00e9re haszn\u00e1ljuk.<\/p>\n<p>Az adatokat az \u00d6n hozz\u00e1j\u00e1rul\u00e1sa eset\u00e9n gy\u0171jtj\u00fck olyan m\u00f3don, hogy az lehet\u0151v\u00e9 teszi az \u00d6n b\u00f6ng\u00e9sz\u00e9shez haszn\u00e1lt eszk\u00f6z\u00e9nek azonos\u00edt\u00e1s\u00e1t is. Ez esetben felhaszn\u00e1ljuk az adatokat arra, hogy \u00d6nnek c\u00e9lzott rekl\u00e1mokat jelen\u00edts\u00fcnk meg szolg\u00e1ltat\u00e1sainkra vonatkoz\u00f3an.<\/p>\n<p>Az \u00edgy gy\u0171jt\u00f6tt adatokhoz a Google Ireland Ltd. (Gordon House, Barrow Street, Dublin 4, Ireland) is hozz\u00e1f\u00e9r, a Google Analytics eszk\u00f6zeinek tulajdonosa \u00e9s \u00fczemeltet\u0151je. A Google Ireland Ltd. a fenti adatokat saj\u00e1t c\u00e9lj\u00e1ra is felhaszn\u00e1lja a b\u00f6ng\u00e9sz\u0151 felhaszn\u00e1l\u00f3 sz\u00e1m\u00e1ra c\u00e9lzott rekl\u00e1mok eljuttat\u00e1s\u00e1hoz. Ennek sor\u00e1n a Google Ireland Ltd. a s\u00fctik \u00e1ltal gy\u0171jt\u00f6tt adatok \u00e9s a b\u00f6ng\u00e9sz\u00e9shez haszn\u00e1lt eszk\u00f6z IP c\u00edm\u00e9nek \u00f6sszekapcsol\u00e1s\u00e1val \u00e1llap\u00edtja meg az adott eszk\u00f6zr\u0151l v\u00e9grehajtott b\u00f6ng\u00e9sz\u00e9si szok\u00e1sok alapj\u00e1n felt\u00e1rhat\u00f3 \u00e9rdekl\u0151d\u00e9si k\u00f6rt, majd \u00edgy juttatja el a c\u00e9lzott rekl\u00e1mokat az adott eszk\u00f6zre. Tov\u00e1bbi inform\u00e1ci\u00f3\u00e9rt l\u00e1togassa meg a k\u00f6vetkez\u0151 oldalakat:<\/p>\n<p><a href=\"https:\/\/www.google.com\/analytics\">https:\/\/www.google.com\/analytics<\/a><\/p>\n<p><a href=\"https:\/\/support.google.com\/analytics\/answer\/2838718?hl=hu\">https:\/\/support.google.com\/analytics\/answer\/2838718?hl=hu<\/a><\/p>\n<p>A Google Analytics\u00a9 s\u00fctik \u00fagynevezett \u00e1lland\u00f3 s\u00fctik, t\u00e1rol\u00e1suk maxim\u00e1lisan k\u00e9t \u00e9vig tart, de ez a gyakorlatban \u2013 s\u00fctik t\u00edpus\u00e1t\u00f3l f\u00fcgg\u0151en \u2013 k\u00e9t \u00f3ra \u00e9s hat h\u00f3nap k\u00f6z\u00f6tti id\u0151tartam.<\/p>\n<p>B\u0151vebb inform\u00e1ci\u00f3k\u00e9rt a s\u00fctikr\u0151l, bele\u00e9rtve az elhelyezett s\u00fctik megtekint\u00e9s\u00e9t, kezel\u00e9s\u00e9t \u00e9s t\u00f6rl\u00e9s\u00e9t, l\u00e1togassa meg a\u00a0<a href=\"http:\/\/www.allaboutcookies.org\">http:\/\/www.allaboutcookies.org<\/a>\u00a0oldalt. A Google Analytics \u00e1ltal v\u00e9gzett k\u00f6vet\u00e9s minden oldalon t\u00f6rt\u00e9n\u0151 letilt\u00e1s\u00e1hoz l\u00e1togassa meg a\u00a0<a href=\"https:\/\/tools.google.com\/dlpage\/gaoptout\">https:\/\/tools.google.com\/dlpage\/gaoptout<\/a>\u00a0oldalt.<\/p>\n<p>Az ilyen s\u00fctik csak az \u00d6n hozz\u00e1j\u00e1rul\u00e1sa eset\u00e9n m\u0171k\u00f6dnek \u00fagy, hogy az \u00d6n eszk\u00f6z\u00e9t is azonos\u00edtj\u00e1k az adatok gy\u0171jt\u00e9se sor\u00e1n.<\/p>\n<p>\u00a0<\/p>\n<p>2.8.2. Facebook s\u00fctik \u00e9s pixel<\/p>\n<p>A fenti Google-s\u00fctikhez hasonl\u00f3an a Facebook Ireland Ltd. (4 Grand Canal Square, Grand Canal Harbour, Dublin 2, Ireland) is ny\u00fajt online marketing szolg\u00e1ltat\u00e1sokat s\u00fctik \u00e9s \u00fan. pixel (k\u00e9ppont) seg\u00edts\u00e9g\u00e9vel. Ezek l\u00e9nyege ugyan az, mint a fentebb ismertetett Google szolg\u00e1ltat\u00e1sok\u00e9, csak ez esetben els\u0151sorban a Facebook k\u00f6z\u00f6ss\u00e9gi oldal felhaszn\u00e1l\u00f3inak jelennek meg a c\u00e9lzott rekl\u00e1mok. A szolg\u00e1ltat\u00e1s haszn\u00e1lata sor\u00e1n megval\u00f3sul\u00f3 adatkezel\u00e9st a Facebook Ireland Ltd. v\u00e9gzi.\u00a0A Facebook Ireland Ltd. ezen szolg\u00e1ltat\u00e1sa r\u00e9v\u00e9n hozz\u00e1f\u00e9r a fentebb is \u00edrt, webhely l\u00e1togatotts\u00e1g\u00e1nak m\u00e9r\u00e9s\u00e9hez \u00e9s b\u00f6ng\u00e9sz\u00e9si szok\u00e1sok felt\u00e9rk\u00e9pez\u00e9s\u00e9hez kezelt adatok k\u00f6r\u00e9hez. Ezen adatok a Facebook Ireland Ltd. eszk\u00f6zeivel tart\u00f3san ker\u00fclnek elt\u00e1rol\u00e1sra, de legfeljebb h\u00e1rom h\u00f3napig m\u0171k\u00f6d\u0151 s\u00fctik seg\u00edts\u00e9g\u00e9vel, mely s\u00fctik a Felhaszn\u00e1l\u00f3 b\u00f6ng\u00e9sz\u00e9shez haszn\u00e1lt eszk\u00f6z\u00e9n r\u00f6gz\u00fclnek. Ezen s\u00fctik t\u00f6rl\u00e9s\u00e9r\u0151l Felhaszn\u00e1l\u00f3 gondoskodhat b\u00f6ng\u00e9sz\u0151je be\u00e1ll\u00edt\u00e1saiban. A pixel \u00e1ltal folytatott adatgy\u0171jt\u00e9s sor\u00e1n nem t\u00e1rol\u00f3dik el semmi az \u00d6n b\u00f6ng\u00e9sz\u0151j\u00e9ben. A Facebook Ireland Ltd. a fenti adatokat a b\u00f6ng\u00e9sz\u0151 felhaszn\u00e1l\u00f3 sz\u00e1m\u00e1ra c\u00e9lzott rekl\u00e1mok eljuttat\u00e1sa c\u00e9lj\u00e1b\u00f3l is felhaszn\u00e1lja. Ennek sor\u00e1n a Facebook Ireland Ltd. a s\u00fctik \u00e1ltal \u00e9s a pixel seg\u00edts\u00e9g\u00e9vel gy\u0171jt\u00f6tt adatok \u00e9s a b\u00f6ng\u00e9sz\u00e9shez haszn\u00e1lt eszk\u00f6z IP c\u00edm\u00e9nek \u00f6sszekapcsol\u00e1s\u00e1val \u00e1llap\u00edtja meg az adott eszk\u00f6zr\u0151l v\u00e9grehajtott b\u00f6ng\u00e9sz\u00e9si szok\u00e1sok alapj\u00e1n felt\u00e1rhat\u00f3 \u00e9rdekl\u0151d\u00e9si k\u00f6rt, majd \u00edgy juttatja el a c\u00e9lzott rekl\u00e1mokat az adott eszk\u00f6zre.<\/p>\n<p>Fentiekr\u0151l b\u0151vebben t\u00e1j\u00e9koz\u00f3dhat a Facebook al\u00e1bbi oldal\u00e1n: <a href=\"https:\/\/developers.facebook.com\/products\">https:\/\/developers.facebook.com\/products<\/a><\/p>\n<p>Az ilyen s\u00fctik csak az \u00d6n hozz\u00e1j\u00e1rul\u00e1sa eset\u00e9n m\u0171k\u00f6dnek az oldalon.<\/p>\n<p>\u00a0<\/p>\n<p><b>3. A webhely\u00fcnk\u00f6n alkalmazott s\u00fctik \u00e9s a napl\u00f3f\u00e1jlok \u00e1ltal megval\u00f3s\u00edtott adatkezel\u00e9s<\/b><\/p>\n<p>\u00a0<\/p>\n<p>3.1. Az adatkezel\u00e9ssel \u00e9rintettek k\u00f6re: a webhelyet megl\u00e1togat\u00f3 minden Felhaszn\u00e1l\u00f3, a webhelyen el\u00e9rhet\u0151 szolg\u00e1ltat\u00e1sok ig\u00e9nybev\u00e9tel\u00e9t\u0151l f\u00fcggetlen\u00fcl.<\/p>\n<p>\u00a0<\/p>\n<p>3.2. Az adatkezel\u00e9s jogalapja: a\u00a0szolg\u00e1ltat\u00e1s ny\u00fajt\u00e1s\u00e1hoz technikailag elengedhetetlen\u00fcl sz\u00fcks\u00e9ges adatkezel\u00e9s tekintet\u00e9ben az elektronikus kereskedelmi szolg\u00e1ltat\u00e1sok, valamint az inform\u00e1ci\u00f3s t\u00e1rsadalommal \u00f6sszef\u00fcgg\u0151 szolg\u00e1ltat\u00e1sok egyes k\u00e9rd\u00e9seir\u0151l sz\u00f3l\u00f3 2001. \u00e9vi CVIII. t\u00f6rv\u00e9ny (a tov\u00e1bbiakban: Ekertv.)13\/A. \u00a7 (3) bekezd\u00e9se felhatalmazza az Adatkezel\u0151t a webhely rendeltet\u00e9sszer\u0171 m\u0171k\u00f6dtet\u00e9s\u00e9hez sz\u00fcks\u00e9ges adatok kezel\u00e9s\u00e9re. Az ilyen adatok kezel\u00e9s\u00e9t val\u00f3s\u00edtj\u00e1k meg a napl\u00f3f\u00e1jlok, illetve bizonyos s\u00fctik. A napl\u00f3f\u00e1jlokr\u00f3l a 4. fejezetben olvashat r\u00e9szletesebben, az ide tartoz\u00f3 s\u00fctikr\u0151l az al\u00e1bbiakban t\u00e1j\u00e9koztatjuk.<\/p>\n<p>A fentiek \u00e9rtelm\u00e9ben az ilyen adatok kezel\u00e9s\u00e9nek jogalapja a\u00a0GDPR 6. cikk\u00a0(1) bekezd\u00e9s\u00e9nek f) pontja alapj\u00e1n az Adatkezel\u0151 jogos \u00e9rdeke.<\/p>\n<p>E jogalappal kiz\u00e1r\u00f3lag olyan adatokat kezel\u00fcnk, amelyek a webhely felhaszn\u00e1l\u00f3bar\u00e1t m\u0171k\u00f6d\u00e9s\u00e9hez sz\u00fcks\u00e9gesek, \u00e9s ezen adatokat csak az ehhez sz\u00fcks\u00e9ges ideig kezelj\u00fck. Olyan technikai adatokr\u00f3l van sz\u00f3 (pl. IP-c\u00edm, haszn\u00e1lt b\u00f6ng\u00e9sz\u0151 t\u00edpusa \u00e9s k\u00e9perny\u0151felbont\u00e1s), melyek a webhely oldalainak \u00e9lvezhet\u0151 megjelen\u00edt\u00e9s\u00e9hez, funkci\u00f3inak rendeltet\u00e9sszer\u0171\u00a0\u00e9s az \u00d6n sz\u00e1m\u00e1ra k\u00e9nyelmes haszn\u00e1lat\u00e1hoz sz\u00fcks\u00e9gesek. Az adatokat harmadik f\u00e9lnek nem tov\u00e1bb\u00edtjuk, valamint m\u00e1s c\u00e9lra nem kezelj\u00fck. Minderre tekintettel ezen adatok kezel\u00e9se nem j\u00e1r kock\u00e1zattal \u00d6nre, ugyanakkor a fenti c\u00e9l &#8211; a webhely rendeltet\u00e9sszer\u0171 haszn\u00e1lata &#8211; az adatok kezel\u00e9se\u00a0n\u00e9lk\u00fcl nem val\u00f3s\u00edthat\u00f3 meg. Jogos \u00e9rdek\u00fcnk a webhely haszn\u00e1lhat\u00f3s\u00e1g\u00e1nak biztos\u00edt\u00e1sa, mivel szolg\u00e1ltat\u00e1saink elektronikus \u00faton t\u00f6rt\u00e9n\u0151 el\u00e9rhet\u0151s\u00e9g\u00e9t csak \u00edgy tudjuk lehet\u0151v\u00e9 tenni. A webhely\u00fcnk el\u00e9rhet\u0151s\u00e9g\u00e9nek biztos\u00edt\u00e1sa hat\u00e9kony m\u0171k\u00f6d\u00e9s\u00fcnkh\u00f6z elengedhetetlen felt\u00e9tel.\u00a0Ez\u00e9rt a fenti adatokat az itt meghat\u00e1rozott c\u00e9l el\u00e9r\u00e9se \u00e9rdek\u00e9ben a jogos \u00e9rdek\u00fcnk alapj\u00e1n kezelj\u00fck, mely jogos \u00e9rdek &#8211; mivel az adatkezel\u00e9s nem j\u00e1r kock\u00e1zattal \u00d6nre n\u00e9zve\u00a0&#8211; ar\u00e1nyosan korl\u00e1tozza az \u00d6n \u00f6nrendelkez\u00e9si jog\u00e1t.<\/p>\n<p>A l\u00e1togat\u00e1selemz\u00e9st \u00e9s marketing tev\u00e9kenys\u00e9geket lehet\u0151v\u00e9 tev\u0151 adatkezel\u00e9s tekintet\u00e9ben az adatkezel\u00e9s jogalapja a GDPR 6. cikk\u00a0(1) bekezd\u00e9s\u00e9nek a) pontja alapj\u00e1n az \u00d6n hozz\u00e1j\u00e1rul\u00e1sa. \u00d6n a webhely b\u00f6ng\u00e9sz\u00e9s\u00e9nek megkezd\u00e9sekor felugr\u00f3 t\u00e1j\u00e9koztat\u00f3 ablakban elhelyezett jel\u00f6l\u0151n\u00e9gyzetek bejel\u00f6l\u00e9s\u00e9vel j\u00e1rulhat hozz\u00e1 a l\u00e1togat\u00e1selemz\u0151 \u00e9s a marketing c\u00e9lokat szolg\u00e1l\u00f3 adatok gy\u0171jt\u00e9s\u00e9hez.<\/p>\n<p>\u00a0<\/p>\n<p>3.3. Kezelt adatok k\u00f6r\u00e9nek meghat\u00e1roz\u00e1sa:<\/p>\n<p>A felhaszn\u00e1l\u00f3bar\u00e1t b\u00f6ng\u00e9sz\u00e9s lehet\u0151v\u00e9 t\u00e9tele \u00e9rdek\u00e9ben kezelt adatok:<\/p>\n<ul>\n<li>a webhely l\u00e1togat\u00e1sa sor\u00e1n megl\u00e1togatott weboldalak \u00e9s azok megnyit\u00e1si sorrendje,<\/li>\n<li>az \u00d6n \u00e1ltal haszn\u00e1lt eszk\u00f6z IP c\u00edme.<\/li>\n<\/ul>\n<p>A webhely l\u00e1togatotts\u00e1g\u00e1nak m\u00e9r\u00e9s\u00e9hez kezelt adatok k\u00f6re:<\/p>\n<ul>\n<li>a webhely l\u00e1togat\u00e1sa sor\u00e1n megl\u00e1togatott weboldalak \u00e9s azok megnyit\u00e1si sorrendje,<\/li>\n<li>a webhely egyes weboldalainak megtekint\u00e9si gyakoris\u00e1ga,<\/li>\n<li>mely m\u00e1sik webhelyr\u0151l \u00e9rkezett jelen webhelyre (csak olyan webhely eset\u00e9n, melyen a jelen webhelyre mutat\u00f3 link van elhelyezve),<\/li>\n<li>az \u00d6n b\u00f6ng\u00e9sz\u00e9shez haszn\u00e1lt eszk\u00f6ze f\u00f6ldrajzi hely\u00e9nek meghat\u00e1roz\u00e1sa (az internet-szolg\u00e1ltat\u00f3 adatai alapj\u00e1n, csak k\u00f6zel\u00edt\u0151 adatok a b\u00f6ng\u00e9sz\u00e9shez haszn\u00e1lt eszk\u00f6z hely\u00e9re vonatkoz\u00f3an),<\/li>\n<li>webhely b\u00f6ng\u00e9sz\u00e9se kezd\u00e9s\u00e9nek id\u0151pontja,<\/li>\n<li>a webhely elhagy\u00e1s\u00e1nak (b\u00f6ng\u00e9sz\u00e9se befejez\u00e9s\u00e9nek) id\u0151pontja,<\/li>\n<li>a webhely b\u00f6ng\u00e9sz\u00e9s\u00e9nek id\u0151tartama.<\/li>\n<\/ul>\n<p>A webhelyre t\u00f6rt\u00e9n\u0151 bel\u00e9p\u00e9si jogosults\u00e1g ellen\u0151rz\u00e9se \u00e9rdek\u00e9ben kezelt adatok elt\u00e1rol\u00e1sa eset\u00e9n (az \u00d6n d\u00f6nt\u00e9se szerint ker\u00fclhet elt\u00e1rol\u00e1sra):<\/p>\n<ul>\n<li>az \u00d6n e-mail c\u00edme (mint felhaszn\u00e1l\u00f3n\u00e9v) vagy felhaszn\u00e1l\u00f3neve,<\/li>\n<li>jelsz\u00f3,<\/li>\n<li>az \u00d6n \u00e1ltal haszn\u00e1lt eszk\u00f6z IP c\u00edme.<\/li>\n<\/ul>\n<p>\u00a0<\/p>\n<p>3.4. Az adatkezel\u00e9s c\u00e9lja: A webhely felhaszn\u00e1l\u00f3bar\u00e1t \u00e9s biztons\u00e1gos m\u0171k\u00f6d\u00e9s\u00e9nek biztos\u00edt\u00e1sa, valamint online marketing tev\u00e9kenys\u00e9gek v\u00e9gz\u00e9se.<\/p>\n<p>Ezen bel\u00fcl:<\/p>\n<p>A) Sz\u00fcks\u00e9ges \u00e9s funkcion\u00e1lis adatkezel\u00e9s (\u201eElengedhetetlen\u201d \u00e9s \u201eFunkcion\u00e1lis\u201d kateg\u00f3ri\u00e1k a felugr\u00f3 ablakban):<\/p>\n<ul>\n<li>Az \u00d6n b\u00f6ng\u00e9sz\u00e9shez haszn\u00e1lt eszk\u00f6z\u00e9nek azonos\u00edt\u00e1sa, az azonos\u00edt\u00f3 adatok \u2013 b\u00f6ng\u00e9sz\u00e9s idej\u00e9ig t\u00f6rt\u00e9n\u0151 \u2013 megjegyz\u00e9se: az IP-c\u00edm alapj\u00e1n. Ez \u00e1ltal v\u00e1lik g\u00f6rd\u00fcl\u00e9kenyebb\u00e9 a b\u00f6ng\u00e9sz\u00e9s, e n\u00e9lk\u00fcl ugyanis \u00d6nnek minden egyes megl\u00e1togatott oldalon azonos\u00edtania kellene mag\u00e1t, vagy folyamatokat kellene ism\u00e9telnie.<\/li>\n<\/ul>\n<p>B) B\u00f6ng\u00e9sz\u00e9si szok\u00e1sokra vonatkoz\u00f3 adatkezel\u00e9s (\u201eAnalitika\u201d kateg\u00f3ria a felugr\u00f3 ablakban):<\/p>\n<p>Az al\u00e1bbi c\u00e9lokhoz sz\u00fcks\u00e9ges al\u00e1bbi adatok az \u00d6n hozz\u00e1j\u00e1rul\u00e1sa n\u00e9lk\u00fcl (\u201eAnalitika\u201d nincs bejel\u00f6lve) anonim m\u00f3don ker\u00fclnek r\u00f6gz\u00edt\u00e9sre, azok nem kapcsolhat\u00f3k szem\u00e9lyhez. Ez esetben nem t\u00f6rt\u00e9nik meg az \u00d6n szem\u00e9lyes adatainak kezel\u00e9se.<\/p>\n<p>Az \u00d6n hozz\u00e1j\u00e1rul\u00e1sa (\u201eAnalitika\u201d bejel\u00f6l\u00e9se) eset\u00e9n a b\u00f6ng\u00e9sz\u00e9shez haszn\u00e1lt eszk\u00f6z azonos\u00edt\u00f3 adataihoz (IP c\u00edm) kapcsolva ker\u00fclnek r\u00f6gz\u00edt\u00e9sre az al\u00e1bbi adatok.<\/p>\n<ul>\n<li>A webhely l\u00e1togatotts\u00e1g\u00e1nak m\u00e9r\u00e9se, a webhely egyes oldalainak megtekint\u00e9si gyakoris\u00e1g\u00e1nak m\u00e9r\u00e9se \u00e9s a webhely egyes oldalainak b\u00f6ng\u00e9sz\u00e9si id\u0151tartam\u00e1nak m\u00e9r\u00e9se az\u00e9rt, hogy a webhelyet a felhaszn\u00e1l\u00f3k ig\u00e9nyeihez alak\u00edthassuk, \u00e9s \u00e9rdekl\u0151d\u00e9si k\u00f6r\u00fcket megismerhess\u00fck,<\/li>\n<li>az \u00d6n b\u00f6ng\u00e9sz\u00e9shez haszn\u00e1lt eszk\u00f6ze hely\u00e9nek meghat\u00e1roz\u00e1sa, a szolg\u00e1ltat\u00e1sunk ut\u00e1ni \u00e9rdekl\u0151d\u00e9s\u00a0ter\u00fcleti megoszl\u00e1s\u00e1nak felt\u00e9rk\u00e9pez\u00e9se c\u00e9lj\u00e1b\u00f3l,<\/li>\n<li>a webhely azonos\u00edt\u00e1sa, amelyr\u0151l \u00e9rkezett jelen webhelyre annak \u00e9rdek\u00e9ben, hogy szolg\u00e1ltat\u00e1sunk ir\u00e1nt \u00e9rdekl\u0151d\u0151k egy\u00e9b \u00e9rdekl\u0151d\u00e9si k\u00f6r\u00e9be tartoz\u00f3 t\u00e9m\u00e1kat megismerj\u00fck.<\/li>\n<\/ul>\n<p>A fenti adatok gy\u0171jt\u00e9s\u00e9vel szolg\u00e1ltat\u00e1sunkat n\u00e9pszer\u0171s\u00edt\u0151 marketing tev\u00e9kenys\u00e9g\u00fcnk hat\u00e9konys\u00e1g\u00e1t tudjuk m\u00e9rni, illetve eredm\u00e9nyesebb\u00e9 tenni.<\/p>\n<p>Ezen adatok gy\u0171jt\u00e9s\u00e9hez a Google Analytics (Google Ireland Ltd.) eszk\u00f6zeit haszn\u00e1ljuk. A Google Analytics eszk\u00f6zeit alkalmaz\u00f3\u00a0oldalak megtekint\u00e9se sor\u00e1n a Google s\u00fctik megjegyzik az \u00d6n \u00e1ltal megjel\u00f6lt preferenci\u00e1kat \u00e9s inform\u00e1ci\u00f3kat, ami szint\u00e9n a webhely l\u00e1togatotts\u00e1g\u00e1nak m\u00e9r\u00e9s\u00e9hez \u00e9s b\u00f6ng\u00e9sz\u00e9si szok\u00e1sok felt\u00e9rk\u00e9pez\u00e9s\u00e9hez kezelt adatok megismer\u00e9s\u00e9t jelenti.<\/p>\n<p>C) Marketing c\u00e9llal t\u00f6rt\u00e9n\u0151 adatkezel\u00e9s (\u201eMarketing\u201d kateg\u00f3ria a felugr\u00f3 ablakban):<\/p>\n<p>Amennyiben \u00d6n hozz\u00e1j\u00e1rult a b\u00f6ng\u00e9sz\u00e9si adatok nem anonim m\u00f3don t\u00f6rt\u00e9n\u0151 gy\u0171jt\u00e9s\u00e9hez (\u201eAnalitika\u201d bejel\u00f6l\u00e9se) \u00e9s marketing c\u00e9lra t\u00f6rt\u00e9n\u0151 felhaszn\u00e1l\u00e1s\u00e1hoz (\u201eMarketing\u201d bejel\u00f6l\u00e9se), abban az esetben \u00d6nnek c\u00e9lzott rekl\u00e1mokat tudunk megjelen\u00edteni internetes b\u00f6ng\u00e9sz\u00e9sei sor\u00e1n.<\/p>\n<p>A c\u00e9lzott rekl\u00e1mok megjelen\u00edt\u00e9se sor\u00e1n a Google \u00e9s a Facebook eszk\u00f6zeivel a saj\u00e1t rekl\u00e1mjainkat tudjuk megjelen\u00edteni az \u00d6n eszk\u00f6z\u00e9n, ugyanakkor az ehhez sz\u00fcks\u00e9ges adatokat a Google \u00e9s a Facebook saj\u00e1t c\u00e9lra, harmadik szem\u00e9lyek rekl\u00e1mjainak megjelen\u00edt\u00e9s\u00e9hez is felhaszn\u00e1lja. Az ilyen rekl\u00e1mok megjelen\u00edt\u00e9se az \u00d6n b\u00f6ng\u00e9sz\u00e9si szok\u00e1saib\u00f3l k\u00f6vetkeztetett \u00e9rdekl\u0151d\u00e9si k\u00f6re alapj\u00e1n t\u00f6rt\u00e9nik.<\/p>\n<p>Ennek sor\u00e1n a Google Ireland Ltd. \u00e9s a Facebook Ireland Ltd. (4 Grand Canal Square, Grand Canal Harbour, Dublin 2, Ireland) a b\u00f6ng\u00e9sz\u00e9si szok\u00e1sokra vonatkoz\u00f3 adatok \u00e9s a b\u00f6ng\u00e9sz\u00e9shez haszn\u00e1lt eszk\u00f6z IP c\u00edm\u00e9nek \u00f6sszekapcsol\u00e1s\u00e1val \u00e1llap\u00edtja meg az adott eszk\u00f6zr\u0151l v\u00e9grehajtott b\u00f6ng\u00e9sz\u00e9si szok\u00e1sok alapj\u00e1n a felt\u00e1rhat\u00f3 \u00e9rdekl\u0151d\u00e9si k\u00f6rt, majd \u00edgy juttatja el a c\u00e9lzott rekl\u00e1mokat az adott eszk\u00f6zre. Teh\u00e1t nem k\u00f6zvetlen\u00fcl az \u00d6n szem\u00e9ly\u00e9hez, hanem a b\u00f6ng\u00e9sz\u00e9shez haszn\u00e1lt eszk\u00f6z\u00e9hez kapcsolva ker\u00fclnek r\u00f6gz\u00edt\u00e9sre az adatok.<\/p>\n<p>A Google Ireland Ltd. \u00e9s a Facebook Ireland Ltd. az e pontban \u00edrt adatokon k\u00edv\u00fcl a jelen t\u00e1j\u00e9koztat\u00f3ban eml\u00edtett tov\u00e1bbi adatokhoz nem f\u00e9r hozz\u00e1.<\/p>\n<p>D) Az al\u00e1bbi c\u00e9lokhoz rendelt adatok az \u00d6n szem\u00e9ly\u00e9hez kapcsolhat\u00f3 m\u00f3don ker\u00fclnek kezel\u00e9sre, de azokhoz mi csak ilyen, technikai c\u00e9l\u00fa felhaszn\u00e1l\u00e1s sor\u00e1n a bel\u00e9p\u00e9sekor f\u00e9r\u00fcnk hozz\u00e1, egy\u00e9bk\u00e9nt az \u00d6n eszk\u00f6z\u00e9n ker\u00fclhetnek elt\u00e1rol\u00e1sra:<\/p>\n<ul>\n<li>az \u00d6n e-mail c\u00edme vagy felhaszn\u00e1l\u00f3neve \u00e9s jelszava, ezek esetleges elt\u00e1rol\u00e1sa a k\u00f6nnyebb bel\u00e9p\u00e9shez (az \u00d6n d\u00f6nt\u00e9se szerint, az \u00d6n eszk\u00f6z\u00e9n ker\u00fclnek r\u00f6gz\u00edt\u00e9sre),<\/li>\n<li>az \u00d6n bel\u00e9p\u00e9si jogosults\u00e1g\u00e1nak ellen\u0151rz\u00e9se sor\u00e1n e-mail c\u00edme (felhaszn\u00e1l\u00f3n\u00e9vk\u00e9nt) vagy felhaszn\u00e1l\u00f3neve \u00e9s jelszava (k\u00f3dolt form\u00e1ban, a jelsz\u00f3t nem ismerhetj\u00fck meg), b\u00f6ng\u00e9sz\u00e9shez haszn\u00e1lt eszk\u00f6z\u00e9nek IP c\u00edme.<\/li>\n<\/ul>\n<p>\u00a0<\/p>\n<p>3.5. Az adatkezel\u00e9s id\u0151tartama: Az adatok egy r\u00e9sz\u00e9t a b\u00f6ng\u00e9sz\u00e9s idej\u00e9ig kezelj\u00fck, bizonyos adatokat \u2013 v\u00e1ltoz\u00f3 id\u0151tartamra, de legfeljebb k\u00e9t \u00e9vre \u2013 elt\u00e1rolnak a s\u00fctik.<\/p>\n<p>A webhely felhaszn\u00e1l\u00f3bar\u00e1t m\u0171k\u00f6d\u00e9s\u00e9nek biztos\u00edt\u00e1s\u00e1hoz sz\u00fcks\u00e9ges adatok (IP-c\u00edm, a b\u00f6ng\u00e9sz\u00e9s sor\u00e1n a webhelyen megl\u00e1togatott oldalak sorrendje), valamint a bel\u00e9p\u00e9si jogosults\u00e1g ellen\u0151rz\u00e9s\u00e9hez \u00e9s a haszn\u00e1lati jogosults\u00e1gok biztos\u00edt\u00e1s\u00e1hoz sz\u00fcks\u00e9ges adatok a b\u00f6ng\u00e9sz\u00e9si munkamenet idej\u00e9ig (teh\u00e1t a webhely b\u00f6ng\u00e9sz\u00e9s\u00e9nek id\u0151tartam\u00e1ig) ker\u00fclnek r\u00f6gz\u00edt\u00e9sre, annak befejezt\u00e9vel t\u00f6rl\u0151dnek. Az ilyen adatok kezel\u00e9s\u00e9t informatikai rendszer\u00fcnk saj\u00e1t eszk\u00f6zeivel v\u00e9gezz\u00fck, azokhoz harmadik szem\u00e9ly nem f\u00e9r hozz\u00e1.\u00a0<\/p>\n<p>A felhaszn\u00e1l\u00f3n\u00e9v \u00e9s jelsz\u00f3 az \u00d6n d\u00f6nt\u00e9se szerint tart\u00f3san elt\u00e1rol\u00e1sra ker\u00fclhet, ezt az \u00d6n eszk\u00f6z\u00e9n r\u00f6gz\u00fcl\u0151 s\u00fctik t\u00e1rolj\u00e1k el. Ezek t\u00f6rl\u00e9s\u00e9r\u0151l \u00d6n gondoskodhat b\u00f6ng\u00e9sz\u0151je be\u00e1ll\u00edt\u00e1saiban, \u00edgy szab\u00e1lyozva az adatt\u00e1rol\u00e1s idej\u00e9t.<\/p>\n<p>A l\u00e1togatotts\u00e1g m\u00e9r\u00e9s\u00e9nek \u00e9s a webhely haszn\u00e1lat\u00e1ra vonatkoz\u00f3 szok\u00e1sok felt\u00e9rk\u00e9pez\u00e9s\u00e9nek alapj\u00e1ul szolg\u00e1l\u00f3 adatok legfeljebb k\u00e9t \u00e9vig ker\u00fclnek elt\u00e1rol\u00e1sra. Az ezt lehet\u0151v\u00e9 tev\u0151 s\u00fctik az \u00d6n b\u00f6ng\u00e9sz\u00e9shez haszn\u00e1lt eszk\u00f6z\u00e9n r\u00f6gz\u00fclnek. Ezen s\u00fctik t\u00f6rl\u00e9s\u00e9r\u0151l, illetve m\u0171k\u00f6d\u00e9s\u00fck megakad\u00e1lyoz\u00e1s\u00e1r\u00f3l \u00d6n b\u00e1rmikor gondoskodhat b\u00f6ng\u00e9sz\u0151je be\u00e1ll\u00edt\u00e1saiban, valamint a webhely alj\u00e1n a \u201eCookie be\u00e1ll\u00edt\u00e1sok\u201d feliratra kattintva el\u0151h\u00edvhat\u00f3 ablakban az \u201eAnalitika\u201d \u00e9s \u201eMarketing\u201d kateg\u00f3ri\u00e1k kikapcsol\u00e1s\u00e1val.<\/p>\n<p>\u00a0<\/p>\n<p>3.6. Az adatok t\u00e1rol\u00e1s\u00e1nak m\u00f3dja: informatikai rendszer\u00fcnkben elk\u00fcl\u00f6n\u00edtett adatkezel\u00e9si list\u00e1kon. A webhely felhaszn\u00e1l\u00f3bar\u00e1t m\u0171k\u00f6d\u00e9s\u00e9nek biztos\u00edt\u00e1s\u00e1hoz sz\u00fcks\u00e9ges adatok (IP-c\u00edm, a b\u00f6ng\u00e9sz\u00e9s sor\u00e1n a webhelyen megl\u00e1togatott oldalak sorrendje) nem ker\u00fclnek t\u00e1rol\u00e1sra. Az adatokat szolg\u00e1ltat\u00f3 s\u00fctik helyileg az \u00d6n eszk\u00f6z\u00e9n t\u00e1rol\u00f3dnak. A bel\u00e9p\u00e9s megk\u00f6nny\u00edt\u00e9se \u00e9rdek\u00e9ben az \u00d6n \u00e1ltal elt\u00e1rolt bel\u00e9p\u00e9si adatok e c\u00e9lb\u00f3l t\u00f6rt\u00e9n\u0151 t\u00e1rol\u00e1sa az \u00d6n eszk\u00f6z\u00e9n t\u00f6rt\u00e9nik.<\/p>\n<p>\u00a0<\/p>\n<p>3.7. A Google Analytics \u00e9s a Facebook eszk\u00f6zeinek alkalmaz\u00e1s\u00e1val megval\u00f3sul\u00f3 inform\u00e1ci\u00f3technol\u00f3giai adatkezel\u00e9sr\u0151l b\u0151vebben t\u00e1j\u00e9koz\u00f3dhat a Google Analytics <a href=\"https:\/\/www.google.com\/intl\/hu_ALL\/analytics\/support\">https:\/\/www.google.com\/intl\/hu_ALL\/analytics\/support<\/a>\u00e9s a Facebook <a href=\"https:\/\/developers.facebook.com\/products\">https:\/\/developers.facebook.com\/products<\/a>\u00a0oldal\u00e1n. A Google Analytics \u00e9s a Facebook \u00e1ltal aj\u00e1nlott funkci\u00f3k k\u00f6z\u00fcl csak a fentebb \u00edrtakat vessz\u00fck ig\u00e9nybe.<\/p>\n<p>\u00a0<\/p>\n<p><b>4. Napl\u00f3f\u00e1jl\u00a0bejegyz\u00e9sek<\/b><\/p>\n<p>A webhely\u00fcnk \u00fczemeltet\u00e9s\u00e9hez haszn\u00e1lt t\u00e1rhely\u00fcnkh\u00f6z kapcsol\u00f3d\u00f3 informatikai rendszer\u00fcnk elektronikus napl\u00f3bejegyz\u00e9seket haszn\u00e1l. A napl\u00f3bejegyz\u00e9sekben elt\u00e1rol\u00e1sra ker\u00fcl az IP c\u00edm, a l\u00e1togat\u00f3 \u00e1ltal haszn\u00e1lt b\u00f6ng\u00e9sz\u0151 t\u00edpusa, az internet szolg\u00e1ltat\u00f3, d\u00e1tum\/id\u0151b\u00e9lyegz\u0151, hivatkoz\u00f3 \u00e9s kil\u00e9p\u0151 oldalak c\u00edme, a kattint\u00e1sok sz\u00e1ma a l\u00e1togat\u00e1s alatt. Erre az\u00e9rt ker\u00fcl sor, hogy megfelel\u0151en meg tudjuk jelen\u00edteni a weboldalunkat az \u00d6n eszk\u00f6z\u00e9n, \u00e9s hogy m\u0171k\u00f6d\u00e9si hiba eset\u00e9n vissza tudjuk keresni a hiba k\u00f6r\u00fclm\u00e9nyeit, ezzel stabilabb\u00e1, biztons\u00e1gosabb\u00e1 tehess\u00fck a b\u00f6ng\u00e9sz\u00e9st sz\u00fcks\u00e9g eset\u00e9n. Lehet\u0151v\u00e9 teszi sz\u00e1munkra a webhely kezel\u00e9s\u00e9t \u00e9s adminisztr\u00e1ci\u00f3j\u00e1t. Az adatok k\u00f6zvetlen\u00fcl szem\u00e9lyazonoss\u00e1g meg\u00e1llap\u00edt\u00e1s\u00e1ra nem alkalmasak, \u00e9s 30 napig ker\u00fclnek elt\u00e1rol\u00e1sra.<\/p>\n<p>A napl\u00f3f\u00e1jlok \u00e1ltal megval\u00f3s\u00edtott adatkezel\u00e9s egyebekben a 3. fejezetben ismertetett k\u00f6r\u00fclm\u00e9nyek szerint t\u00f6rt\u00e9nik azzal, hogy l\u00e1togat\u00e1selemz\u00e9s \u00e9s marketing c\u00e9l\u00fa adatr\u00f6gz\u00edt\u00e9sre \u00e9s felhaszn\u00e1l\u00e1sra a napl\u00f3f\u00e1jlok vonatkoz\u00e1s\u00e1ban nem ker\u00fcl sor.<\/p>\n<p>\u00a0<\/p>\n<p><b>5. Adatfeldolgoz\u00f3 ig\u00e9nybev\u00e9tele<\/b><\/p>\n<p>\u00a0<\/p>\n<p>5.1. Az adatfeldolgoz\u00e1ssal \u00e9rintettek k\u00f6re: a webhelyet megl\u00e1togat\u00f3 Felhaszn\u00e1l\u00f3k.<\/p>\n<p>\u00a0<\/p>\n<p>5.2. Adatfeldolgoz\u00f3k\u00e9nt vessz\u00fck ig\u00e9nybe a webhely l\u00e1togat\u00e1selemz\u00e9si adatainak gy\u0171jt\u00e9s\u00e9hez \u00e9s a c\u00e9lzott rekl\u00e1mok megjelen\u00edt\u00e9s\u00e9hez:<\/p>\n<p><b>Google Ireland Ltd.<\/b><\/p>\n<p>C\u00e9gjegyz\u00e9ksz\u00e1m: 11603307<\/p>\n<p>Ad\u00f3sz\u00e1m: IE 6388047V<\/p>\n<p>Sz\u00e9khely: Gordon House, Barrow Street, Dublin 4, Ireland<\/p>\n<p>Postac\u00edm: Gordon House, Barrow Street, Dublin 4, Ireland<\/p>\n<p>Telefon: +353 1 436 1000<\/p>\n<p>Webhely: <a href=\"https:\/\/www.google.ie\/\">https:\/\/www.google.ie\/<\/a><\/p>\n<p><b>\u00a0<\/b><\/p>\n<p><b>Facebook Ireland Ltd.<\/b><\/p>\n<p>C\u00e9gjegyz\u00e9ksz\u00e1m: 462932<\/p>\n<p>Ad\u00f3sz\u00e1m: IE 9692928F<\/p>\n<p>Sz\u00e9khely: 4 Grand Canal Square, Grand Canal Harbour, Dublin 2, Ireland<\/p>\n<p>Telephely: 4 Grand Canal Square, Grand Canal Harbour, Dublin 2, Ireland<\/p>\n<p>Postac\u00edm: 4 Grand Canal Square, Grand Canal Harbour, Dublin 2, Ireland<\/p>\n<p>Telefon: +001\u00a0650\u00a0543 4800<\/p>\n<p>\u00dczenet: <a href=\"https:\/\/facebook.com\/help\/contact\/540977946302970\">https:\/\/facebook.com\/help\/contact\/540977946302970<\/a><\/p>\n<p>Webhely: <a href=\"https:\/\/www.facebook.com\/privacy\/explanation\">https:\/\/www.facebook.com\/privacy\/explanation<\/a><\/p>\n<p>\u00a0<\/p>\n<p>(a tov\u00e1bbiakban egy\u00fctt: Adatfeldolgoz\u00f3k).<\/p>\n<p>\u00a0<\/p>\n<p>5.3. Az adatfeldolgoz\u00e1ssal \u00e9rintett adatok k\u00f6r\u00e9nek meghat\u00e1roz\u00e1sa: a jelen t\u00e1j\u00e9koztat\u00f3ban fentebb k\u00f6r\u00fcl\u00edrt b\u00f6ng\u00e9sz\u00e9si adatok, preferenci\u00e1k, \u00e9s az azokb\u00f3l az \u00d6n \u00e9rdekl\u0151d\u00e9si k\u00f6r\u00e9re levonhat\u00f3 k\u00f6vetkeztet\u00e9sek.<\/p>\n<p>\u00a0<\/p>\n<p>5.4. Az adatfeldolgoz\u00f3 ig\u00e9nybev\u00e9tel\u00e9nek c\u00e9lja: a webhely\u00fcnk l\u00e1togat\u00e1selemz\u00e9s\u00e9hez, illetve az \u00d6nnek c\u00e9lzott rekl\u00e1mok megjelen\u00edt\u00e9s\u00e9hez ig\u00e9nybe vett inform\u00e1ci\u00f3technikai megold\u00e1sok biztos\u00edt\u00e1sa.<\/p>\n<p>\u00a0<\/p>\n<p>5.5. Az adatfeldolgoz\u00e1s id\u0151tartama: a k\u00fcl\u00f6nb\u00f6z\u0151 c\u00e9llal kezelt adatokn\u00e1l fentebb ismertetett id\u0151tartamokig f\u00e9rnek hozz\u00e1 az Adatfeldolgoz\u00f3k az adatokhoz.<\/p>\n<p>\u00a0<\/p>\n<p>5.6. Az adatfeldolgoz\u00e1s jellege: online informatikai megold\u00e1sokkal t\u00f6rt\u00e9n\u0151 inform\u00e1ci\u00f3technikai adatgy\u0171jt\u00e9s.<\/p>\n<p>\u00a0<\/p>\n<p>5.7. Adatfeldolgoz\u00e1s m\u00e1s c\u00e9lra nem t\u00f6rt\u00e9nik.<\/p>\n<p>\u00a0<\/p>\n<p>5.8. Az Adatfeldolgoz\u00f3k az \u00fczleti tev\u00e9kenys\u00e9g\u00fcnkben nem \u00e9rdekeltek.<\/p>\n<p>\u00a0<\/p>\n<p>5.9. A fent megjel\u00f6lt Adatfeldolgoz\u00f3kon k\u00edv\u00fcl m\u00e1s adatfeldolgoz\u00f3t nem vesz\u00fcnk ig\u00e9nybe.<\/p>\n<p>\u00a0<\/p>\n<p>A jelen t\u00e1j\u00e9koztat\u00f3 az inform\u00e1ci\u00f3technol\u00f3giai adatkezel\u00e9sre vonatkoz\u00f3an tartalmaz inform\u00e1ci\u00f3kat. A jelen t\u00e1j\u00e9koztat\u00f3ban bemutatott adatkezel\u00e9sekkel kapcsolatban fenn\u00e1ll\u00f3 jogosults\u00e1gaira, valamint a webhelyen megval\u00f3sul\u00f3, m\u00e1s szem\u00e9lyes adatokat \u00e9rint\u0151 adatkezel\u00e9sre vonatkoz\u00f3 tov\u00e1bbi konkr\u00e9t inform\u00e1ci\u00f3k\u00e9rt k\u00e9rj\u00fck, olvassa el az \u201eAdatkezel\u00e9si t\u00e1j\u00e9koztat\u00f3\u201d\u00a0c\u00edm\u0171\u00a0dokumentumot.<\/p>\n<p>Hat\u00e1lyos: 2024.09.15. napt\u00f3l<\/p>\t\t\t\t\t\t\t\t<\/div>\n\t\t\t\t<\/div>\n\t\t\t\t\t<\/div>\n\t\t\t\t<\/div>\n\t\t\t\t<\/div>\n\t\t","protected":false},"excerpt":{"rendered":"<p>adatkezel\u00e9si t\u00e1j\u00e9koztat\u00f3 \u00c1LTAL\u00c1NOS SZERZ\u0150D\u00c9SI FELT\u00c9TELEK Hat\u00e1lyos: 2024.09.15. napt\u00f3l K\u00e9rj\u00fck, amennyiben az ARURA Ill\u00f3olaj Manufakt\u00fara Kft. term\u00e9keit meg k\u00edv\u00e1nja v\u00e1s\u00e1rolni, figyelmesen olvassa el az \u00c1ltal\u00e1nos Szerz\u0151d\u00e9si Felt\u00e9teleinket \u00e9s kiz\u00e1r\u00f3lag abban az esetben vegye ig\u00e9nybe szolg\u00e1ltat\u00e1sainkat, amennyiben minden pontj\u00e1val egyet\u00e9rt, \u00e9s k\u00f6telez\u0151 \u00e9rv\u00e9ny\u0171nek tekinti mag\u00e1ra n\u00e9zve. Jelen dokumentum kiz\u00e1r\u00f3lag elektronikus form\u00e1ban ker\u00fcl megk\u00f6t\u00e9sre, magatart\u00e1si k\u00f3dexre nem utal.\u00a0 [&hellip;]<\/p>\n","protected":false},"author":1,"featured_media":0,"parent":0,"menu_order":0,"comment_status":"closed","ping_status":"closed","template":"","meta":{"site-sidebar-layout":"default","site-content-layout":"","ast-site-content-layout":"default","site-content-style":"default","site-sidebar-style":"default","ast-global-header-display":"","ast-banner-title-visibility":"","ast-main-header-display":"","ast-hfb-above-header-display":"","ast-hfb-below-header-display":"","ast-hfb-mobile-header-display":"","site-post-title":"","ast-breadcrumbs-content":"disabled","ast-featured-img":"","footer-sml-layout":"","ast-disable-related-posts":"","theme-transparent-header-meta":"","adv-header-id-meta":"","stick-header-meta":"","header-above-stick-meta":"","header-main-stick-meta":"","header-below-stick-meta":"","astra-migrate-meta-layouts":"default","ast-page-background-enabled":"default","ast-page-background-meta":{"desktop":{"background-color":"var(--ast-global-color-4)","background-image":"","background-repeat":"repeat","background-position":"center center","background-size":"auto","background-attachment":"scroll","background-type":"","background-media":"","overlay-type":"","overlay-color":"","overlay-opacity":"","overlay-gradient":""},"tablet":{"background-color":"","background-image":"","background-repeat":"repeat","background-position":"center center","background-size":"auto","background-attachment":"scroll","background-type":"","background-media":"","overlay-type":"","overlay-color":"","overlay-opacity":"","overlay-gradient":""},"mobile":{"background-color":"","background-image":"","background-repeat":"repeat","background-position":"center center","background-size":"auto","background-attachment":"scroll","background-type":"","background-media":"","overlay-type":"","overlay-color":"","overlay-opacity":"","overlay-gradient":""}},"ast-content-background-meta":{"desktop":{"background-color":"var(--ast-global-color-5)","background-image":"","background-repeat":"repeat","background-position":"center center","background-size":"auto","background-attachment":"scroll","background-type":"","background-media":"","overlay-type":"","overlay-color":"","overlay-opacity":"","overlay-gradient":""},"tablet":{"background-color":"var(--ast-global-color-5)","background-image":"","background-repeat":"repeat","background-position":"center center","background-size":"auto","background-attachment":"scroll","background-type":"","background-media":"","overlay-type":"","overlay-color":"","overlay-opacity":"","overlay-gradient":""},"mobile":{"background-color":"var(--ast-global-color-5)","background-image":"","background-repeat":"repeat","background-position":"center center","background-size":"auto","background-attachment":"scroll","background-type":"","background-media":"","overlay-type":"","overlay-color":"","overlay-opacity":"","overlay-gradient":""}},"footnotes":""},"class_list":["post-19","page","type-page","status-publish","hentry"],"lang":"hu","translations":{"hu":19,"en":5560,"de":5571},"pll_sync_post":[],"rttpg_featured_image_url":null,"rttpg_author":{"display_name":"Bela","author_link":"https:\/\/arura.hu\/website2\/author\/bela\/"},"rttpg_comment":0,"rttpg_category":" <a href=\"https:\/\/arura.hu\/website2\/\" rel=\"tag\">Magyar<\/a>","rttpg_excerpt":"adatkezel\u00e9si t\u00e1j\u00e9koztat\u00f3 \u00c1LTAL\u00c1NOS SZERZ\u0150D\u00c9SI FELT\u00c9TELEK Hat\u00e1lyos: 2024.09.15. napt\u00f3l K\u00e9rj\u00fck, amennyiben az ARURA Ill\u00f3olaj Manufakt\u00fara Kft. term\u00e9keit meg k\u00edv\u00e1nja v\u00e1s\u00e1rolni, figyelmesen olvassa el az \u00c1ltal\u00e1nos Szerz\u0151d\u00e9si Felt\u00e9teleinket \u00e9s kiz\u00e1r\u00f3lag abban az esetben vegye ig\u00e9nybe szolg\u00e1ltat\u00e1sainkat, amennyiben minden pontj\u00e1val egyet\u00e9rt, \u00e9s k\u00f6telez\u0151 \u00e9rv\u00e9ny\u0171nek tekinti mag\u00e1ra n\u00e9zve. Jelen dokumentum kiz\u00e1r\u00f3lag elektronikus form\u00e1ban ker\u00fcl megk\u00f6t\u00e9sre, magatart\u00e1si k\u00f3dexre nem utal.\u00a0&hellip;","_links":{"self":[{"href":"https:\/\/arura.hu\/website2\/wp-json\/wp\/v2\/pages\/19","targetHints":{"allow":["GET"]}}],"collection":[{"href":"https:\/\/arura.hu\/website2\/wp-json\/wp\/v2\/pages"}],"about":[{"href":"https:\/\/arura.hu\/website2\/wp-json\/wp\/v2\/types\/page"}],"author":[{"embeddable":true,"href":"https:\/\/arura.hu\/website2\/wp-json\/wp\/v2\/users\/1"}],"replies":[{"embeddable":true,"href":"https:\/\/arura.hu\/website2\/wp-json\/wp\/v2\/comments?post=19"}],"version-history":[{"count":68,"href":"https:\/\/arura.hu\/website2\/wp-json\/wp\/v2\/pages\/19\/revisions"}],"predecessor-version":[{"id":5667,"href":"https:\/\/arura.hu\/website2\/wp-json\/wp\/v2\/pages\/19\/revisions\/5667"}],"wp:attachment":[{"href":"https:\/\/arura.hu\/website2\/wp-json\/wp\/v2\/media?parent=19"}],"curies":[{"name":"wp","href":"https:\/\/api.w.org\/{rel}","templated":true}]}}